{"id":22,"date":"2021-03-04T11:29:38","date_gmt":"2021-03-04T10:29:38","guid":{"rendered":"https:\/\/innovitaskolan.se\/visby\/?page_id=22"},"modified":"2025-11-13T09:53:50","modified_gmt":"2025-11-13T08:53:50","slug":"forskola","status":"publish","type":"page","link":"https:\/\/innovitaskolan.se\/visby\/om\/forskola\/","title":{"rendered":"F\u00f6rskola"},"content":{"rendered":"\n\t\n\t\n\t\n\n\t\n\t\n\t\t\n<section  class=\"c-block l-stacked  \" data-color-scheme=\"\">\n\t<div class=\"ams-fifty ams-fifty--container ams-fifty--right ams-fifty--bottom l-container u-pt-fluid-2xl-4xl u-pb-fluid-md-xl\">\n\t\t<div class=\"ams-fifty__content l-stack l-stack-xl is-left is-left@lg\">\n\t\t\t<div class=\"ams-fifty__text l-stack l-stack-lg\">\n\t\t\t\t\t\n\t<h1\n\tclass=\"c-heading u-font-title-1 \"\n\tstyle=\"\">\n\t\t\n\t\t\t\t\t\t\t\t\tF\u00f6rskola p\u00e5 Innovitaskolan Visby\n\t\t\t\t<span class=\"c-heading__sub is-below u-font-title-3\">\n\t\t\t\t\tP\u00e5 v\u00e5r f\u00f6rskola skapar vi trygghet och v\u00e4cker nyfikenhet som grund f\u00f6r barnets utveckling.\n\t\t\t\t<\/span>\n\t\t\t\t\t\t\t\n\t<\/h1>\n\n\t\t\t\t\t\t\t\t\t<div class=\"text l-stack u-font-body\">\n\t\t\t\t\t\t<h2 class=\"wp-block-heading\">N\u00e4rhet till grundskolan<\/h2>\n<p class=\"wp-block-heading\">V\u00e5r f\u00f6rskola har funnits sedan 2010 och har idag plats f\u00f6r 60 barn, \u00f6ver tre avdelningar. Vi har tv\u00e5 uteg\u00e5rdar, och ett skogs-och idrottsomr\u00e5de precis utanf\u00f6r staketet. F\u00f6rskolan ligger n\u00e4ra v\u00e5r grundskola och de \u00e4ldsta barnen g\u00e5r till skolan f\u00f6r att t.ex. bes\u00f6ka biblioteket och idrottssalen.<\/p>\n<p class=\"wp-block-heading\">Vi utg\u00e5r fr\u00e5n l\u00e4roplanen och formar verksamheten efter barnets \u00e5lder, intresse och personliga f\u00f6ruts\u00e4ttningar. Detta f\u00f6r att varje barn ska f\u00e5 m\u00f6jlighet att utvecklas efter egen f\u00f6rm\u00e5ga och n\u00e5 sin fulla potential.<\/p>\n\n\t\t\t\t\t<\/div>\n\t\t\t\t\t\t\t<\/div>\n\n\t\t\t\t\t<\/div>\n\n\t\t <div class=\"ams-fifty__media u-ratio-square\">\n\t\t \t\t\t\t\t<img decoding=\"async\" width=\"600\" height=\"600\" src=\"https:\/\/innovitaskolan.se\/wp-content\/uploads\/sites\/32\/2025\/09\/innovitaskolan-forskola-segeltorp-202204-1-600x600.png\" class=\"attachment-md size-md\" alt=\"Elev och barn som leker utomhus.\" sizes=\"(min-width: 64em) 600px, calc(100vw - 160px)\" srcset=\"https:\/\/innovitaskolan.se\/wp-content\/uploads\/sites\/32\/2025\/09\/innovitaskolan-forskola-segeltorp-202204-1-600x600.png 600w, https:\/\/innovitaskolan.se\/wp-content\/uploads\/sites\/32\/2025\/09\/innovitaskolan-forskola-segeltorp-202204-1-150x150.png 150w, https:\/\/innovitaskolan.se\/wp-content\/uploads\/sites\/32\/2025\/09\/innovitaskolan-forskola-segeltorp-202204-1-300x300.png 300w, https:\/\/innovitaskolan.se\/wp-content\/uploads\/sites\/32\/2025\/09\/innovitaskolan-forskola-segeltorp-202204-1-400x400.png 400w, https:\/\/innovitaskolan.se\/wp-content\/uploads\/sites\/32\/2025\/09\/innovitaskolan-forskola-segeltorp-202204-1.png 667w\" \/>\n\t\t\t\n\t\t\t\n\t\t\t\t\t<\/div>\n\t<\/div>\n\n\t\t\n\n<\/section>\n\n\n\n\t\n\t\n\t\n\n\t\n\t\n\t\t\n<section  class=\"c-block l-stacked  \" data-color-scheme=\"nyans3_av_p2\">\n\t<div class=\"ams-fifty ams-fifty--container ams-fifty--left ams-fifty--bottom l-container u-pt-fluid-md-xl u-pb-fluid-md-xl\">\n\t\t<div class=\"ams-fifty__content l-stack l-stack-xl is-left is-left@lg\">\n\t\t\t<div class=\"ams-fifty__text l-stack l-stack-lg\">\n\t\t\t\t\t\n\t<h2\n\tclass=\"c-heading u-font-title-1 \"\n\tstyle=\"\">\n\t\t\n\t\t\t\t\tEn dag p\u00e5 v\u00e5r f\u00f6rskola\n\t\t\t\t\n\t<\/h2>\n\n\t\t\t\t\t\t\t\t\t<div class=\"text l-stack u-font-body\">\n\t\t\t\t\t\t<h3 data-start=\"400\" data-end=\"879\">Trygg start och n\u00e4rhet till b\u00e5de skola och natur<\/h3>\n<p data-start=\"400\" data-end=\"879\">P\u00e5 Innovitaskolan Visby f\u00f6rskola g\u00e5r cirka 60 barn, uppdelade p\u00e5 tre avdelningar med 11 engagerade pedagoger. F\u00f6rskolan \u00f6ppnar tidigt och de barn som kommer f\u00f6re klockan 7 erbjuds frukost tillsammans med fritidsbarnen.<\/p>\n<p data-start=\"400\" data-end=\"879\">N\u00e4r skoldagen b\u00f6rjar 7.15 f\u00f6rbereder sig f\u00f6rskolebarnen f\u00f6r utelek. Vi har tillg\u00e5ng till tv\u00e5 egna g\u00e5rdar, skolans skolg\u00e5rd och n\u00e4rliggande gr\u00f6nomr\u00e5den d\u00e4r barnen f\u00e5r leka, r\u00f6ra sig och uppt\u00e4cka naturen.<\/p>\n<h3 data-start=\"881\" data-end=\"1331\">L\u00e4rande och utforskande varje dag<\/h3>\n<p data-start=\"881\" data-end=\"1331\">Vid klockan 9 samlas barnen f\u00f6r fruktstund innan dagens aktiviteter startar. Vi arbetar i mindre grupper d\u00e4r varje barn f\u00e5r m\u00f6jlighet att l\u00e4ra, utforska och utvecklas utifr\u00e5n sina f\u00f6rm\u00e5gor. Aktiviteterna planeras utifr\u00e5n l\u00e4roplanens m\u00e5l men ocks\u00e5 barnens egna intressen och id\u00e9er.<\/p>\n<p data-start=\"881\" data-end=\"1331\">Ibland tr\u00e4nar vi r\u00f6relse i skolans dans- och f\u00e4ktsal eller bes\u00f6ker biblioteket f\u00f6r att l\u00e5na b\u00f6cker och lyssna till sagostunder.<\/p>\n\n\t\t\t\t\t<\/div>\n\t\t\t\t\t\t\t<\/div>\n\n\t\t\t\t\t<\/div>\n\n\t\t <div class=\"ams-fifty__media u-ratio-square\">\n\t\t \t\t\t\t\t<img decoding=\"async\" width=\"600\" height=\"600\" src=\"https:\/\/innovitaskolan.se\/wp-content\/uploads\/sites\/32\/2025\/10\/innovitaskolan-forskola-molndal-202405-1-600x600.png\" class=\"attachment-md size-md\" alt=\"Barn som tittar i f\u00f6rstoringsglas.\" sizes=\"(min-width: 64em) 600px, calc(100vw - 160px)\" srcset=\"https:\/\/innovitaskolan.se\/wp-content\/uploads\/sites\/32\/2025\/10\/innovitaskolan-forskola-molndal-202405-1-600x600.png 600w, https:\/\/innovitaskolan.se\/wp-content\/uploads\/sites\/32\/2025\/10\/innovitaskolan-forskola-molndal-202405-1-150x150.png 150w, https:\/\/innovitaskolan.se\/wp-content\/uploads\/sites\/32\/2025\/10\/innovitaskolan-forskola-molndal-202405-1-300x300.png 300w, https:\/\/innovitaskolan.se\/wp-content\/uploads\/sites\/32\/2025\/10\/innovitaskolan-forskola-molndal-202405-1-400x400.png 400w, https:\/\/innovitaskolan.se\/wp-content\/uploads\/sites\/32\/2025\/10\/innovitaskolan-forskola-molndal-202405-1.png 667w\" \/>\n\t\t\t\n\t\t\t\n\t\t\t\t\t<\/div>\n\t<\/div>\n\n\t\t\n\n<\/section>\n\n\n\n\t\n\t\n\t\n\n\t\n\t\n\t\t\n<section  class=\"c-block l-stacked  \" data-color-scheme=\"nyans3_av_p2\">\n\t<div class=\"ams-fifty ams-fifty--container ams-fifty--right ams-fifty--bottom l-container u-pt-fluid-md-xl u-pb-fluid-md-xl\">\n\t\t<div class=\"ams-fifty__content l-stack l-stack-xl is-left is-left@lg\">\n\t\t\t<div class=\"ams-fifty__text l-stack l-stack-lg\">\n\t\t\t\t\n\t\t\t\t\t\t\t\t\t<div class=\"text l-stack u-font-body\">\n\t\t\t\t\t\t<h3 data-start=\"1333\" data-end=\"1681\">Gemenskap, vila och \u00e5terh\u00e4mtning<\/h3>\n<p data-start=\"1333\" data-end=\"1681\">Lunchen serveras strax f\u00f6re klockan 11 och lagas av v\u00e5ra kockar p\u00e5 plats. De \u00e4ldre barnen \u00e4ter i skolans matsal tillsammans med de yngsta skolklasserna, medan de yngre \u00e4ter p\u00e5 sina avdelningar.<\/p>\n<p data-start=\"1333\" data-end=\"1681\">Efter lunch v\u00e4ntar vila. De yngre barnen sover medan de \u00e4ldre lyssnar p\u00e5 bok eller sagostund f\u00f6r att varva ner.<\/p>\n<h3 data-start=\"1683\" data-end=\"2159\">Eftermiddagens lek och l\u00e4rgl\u00e4dje<\/h3>\n<p data-start=\"1683\" data-end=\"2159\">Efter vilan erbjuds lek och olika aktiviteter inomhus. Klockan 14 serveras mellanm\u00e5l och d\u00e4refter leker alla avdelningar tillsammans p\u00e5 g\u00e5rden tills det \u00e4r dags f\u00f6r h\u00e4mtning. Vid 16.45 kommer fritidsbarnen till f\u00f6rskolan och vi avslutar dagen gemensamt innan verksamheten st\u00e4nger 17.30.<\/p>\n<p data-start=\"1683\" data-end=\"2159\">Barnen uppskattar s\u00e4rskilt v\u00e5ra undervisningsstunder d\u00e4r de f\u00e5r utforska, skapa och l\u00e4ra p\u00e5 m\u00e5nga olika s\u00e4tt.<\/p>\n\n\t\t\t\t\t<\/div>\n\t\t\t\t\t\t\t<\/div>\n\n\t\t\t\t\t<\/div>\n\n\t\t <div class=\"ams-fifty__media u-ratio-square\">\n\t\t \t\t\t\t\t<img decoding=\"async\" width=\"600\" height=\"600\" src=\"https:\/\/innovitaskolan.se\/wp-content\/uploads\/sites\/32\/2025\/10\/innovitaskolan-forskola-innovate-rudan-202204-1-600x600.png\" class=\"attachment-md size-md\" alt=\"Barn som pysslar.\" sizes=\"(min-width: 64em) 600px, calc(100vw - 160px)\" srcset=\"https:\/\/innovitaskolan.se\/wp-content\/uploads\/sites\/32\/2025\/10\/innovitaskolan-forskola-innovate-rudan-202204-1-600x600.png 600w, https:\/\/innovitaskolan.se\/wp-content\/uploads\/sites\/32\/2025\/10\/innovitaskolan-forskola-innovate-rudan-202204-1-150x150.png 150w, https:\/\/innovitaskolan.se\/wp-content\/uploads\/sites\/32\/2025\/10\/innovitaskolan-forskola-innovate-rudan-202204-1-300x300.png 300w, https:\/\/innovitaskolan.se\/wp-content\/uploads\/sites\/32\/2025\/10\/innovitaskolan-forskola-innovate-rudan-202204-1-400x400.png 400w, https:\/\/innovitaskolan.se\/wp-content\/uploads\/sites\/32\/2025\/10\/innovitaskolan-forskola-innovate-rudan-202204-1.png 667w\" \/>\n\t\t\t\n\t\t\t\n\t\t\t\t\t<\/div>\n\t<\/div>\n\n\t\t\n\n<\/section>\n\n\n\n\t<div class=\"module_wrapper ams_remote_pages_module \">\n\t\t\n\n<section  class=\"ams-info-card c-block l-stacked\" data-color-scheme=\"vit-artikelkort\">\n\t<div class=\"l-container l-stack l-stack-fluid-2xl u-pt-fluid-md-xl u-pb-fluid-md-xl is-center is-center@md\">\n\t\t\t\t\t<div class=\"ams-info-card__intro l-stack l-stack-lg\">\n\t\t\t\t\t\n\t<h2\n\tclass=\"c-heading u-font-title-1 \"\n\tstyle=\"\">\n\t\t\n\t\t\t\t\tIntervju om f\u00f6rskolan\n\t\t\t\t\n\t<\/h2>\n\n\t\t\t\t\t\t\t<\/div>\n\t\t\n\t\t\t\t\t\n<ul class=\"ams-info-card__list l-grid u-gap-2xl\">\n\t\t\t<li class=\"l-col-12\">\n\t\t\t<article\n\t\t\t\tclass=\"\n\t\t\t\tc-card\n\t\t\t\t\n\t\t\t\thas-media-zoom\n\t\t\t\t\n\t\t\t\t\"\n\t\t\t\tdata-variant=\"fifty\"\n\t\t\t\tdata-style=\"square\"\n\t\t\t\tdata-click-area\n\t\t\t\t\n\t\t\t\t\n\t\t\t\t>\n\t\t\t\t<div class=\"c-card__content l-stack l-stack-sm is-left is-left@md\">\n\t\t\t\t\t\t\t\t\t\t\t<h3 class=\"c-card__title u-font-title-3\">\n\t\t\t\t\t\t\t\t\t\t\t\t\t\t\t<a class=\"c-card__link\" href=\"https:\/\/innovitaskolan.se\/intervju-forskola\/\" target=\"_self\">\n\t\t\t\t\t\t\t\t\tVad inneb\u00e4r det f\u00f6r barnen att g\u00e5 p\u00e5 en f\u00f6rskola inom Innovitaskolan?\n\t\t\t\t\t\t\t\t<\/a>\n\t\t\t\t\t\t\t\t\t\t\t\t\t<\/h3>\n\t\t\t\t\t\n\t\t\t\t\t\t\t\t\t\t\t<div class=\"c-card__text l-stack-xs u-font-body\">\n\t\t\t\t\t\t\t<p>\u00c5sa Broander arbetar som kvalitetsutvecklare inom Innovitaskolans f\u00f6rskolor och ber\u00e4ttar mer om hur\u00a0l\u00e4randet ser ut i f\u00f6rskolan. Hon ger ocks\u00e5 sina\u00a0b\u00e4sta tips kring hur man som v\u00e5rdnadshavare b\u00f6r t\u00e4nka d\u00e5 man s\u00f6ker f\u00f6rskola. Klicka p\u00e5 pilen f\u00f6r att l\u00e4sa intervjun med \u00c5sa!<\/p>\n\n\t\t\t\t\t\t<\/div>\n\t\t\t\t\t\n\t\t\t\t\t<div class=\"c-card__icon c-card__icon--nl\">\n\t\t\t\t\t\t\t\t\t\t\t\t<svg class=\"ams-icon ams-icon--arrow-right\" width=\"32\" height=\"32\" viewbox=\"0 0 32 32\" fill=\"currentColor\" aria-hidden=\"true\" xmlns=\"http:\/\/www.w3.org\/2000\/svg\">\n\t\t\t\t\t\t\t\t\t\t\t\t\t\t<path d=\"M15.4617 0.252159L14.9567 0.75931C14.6219 1.09545 14.6219 1.64048 14.9567 1.97669L27.7062 14.7806H0.857144C0.383786 14.7806 0 15.166 0 15.6414V16.3587C0 16.8341 0.383786 17.2195 0.857144 17.2195H27.7062L14.9567 30.0234C14.6219 30.3595 14.6219 30.9045 14.9567 31.2407L15.4617 31.7479C15.7964 32.084 16.3392 32.084 16.6739 31.7479L31.749 16.6087C32.0837 16.2725 32.0837 15.7275 31.749 15.3913L16.6739 0.252159C16.3392 -0.084053 15.7964 -0.084053 15.4617 0.252159Z\"\/>\n\t\t\t\t\t\t\n\t\t\t\t\t\t<\/svg>\n\t\t\t\t\t<\/div>\n\t\t\t\t<\/div>\n\n\t\t\t\t\t\t\t\t\t<div class=\"c-card__media\" style=\" \">\n\t\t\t\t\t\t<img decoding=\"async\" width=\"420\" height=\"420\" src=\"https:\/\/innovitaskolan.se\/wp-content\/uploads\/2023\/03\/asa-broander-1.jpg\" class=\"card-image-mask-shape1\" alt=\"\u00c5sa Broander, Kvalitetsutvecklare inom f\u00f6rskola.\" sizes=\"(min-width: 80em) 600px, (min-width: 64em) calc(.50 * (100vw - 160px)), calc(100vw - 160px)\" \/>\n\t\t\t\t\t<\/div>\n\t\t\t\t\t\t\t<\/article>\n\t\t<\/li>\n\t<\/ul>\n\t\n\t\t\t<\/div>\n\n\t\t\n\n<\/section>\n\n<div class=\"module_wrapper ams_background_module  site__secondary-bg--8   site__text-color--dark  cp-120\" >\n<div class=\"container_width--full_width_conIcon\">\n\t\n\n<div class=\"wp-block-columns is-layout-flex wp-container-core-columns-layout-1 wp-block-columns-is-layout-flex\">\n<div class=\"wp-block-column is-layout-flow wp-block-column-is-layout-flow\" style=\"flex-basis:25%\"><\/div>\n\n\n\n<div class=\"wp-block-column is-layout-flow wp-block-column-is-layout-flow\" style=\"flex-basis:50%\">\n\n<section  class=\"ams-timeline c-block l-stacked\" data-color-scheme=\"timeline-beige\">\n\t<div class=\"l-container l-stack l-stack-fluid-2xl u-pt-fluid-Ingen u-pb-fluid-Ingen is-center is-center@md\">\n\t\t\t\t\t<div class=\"ams-timeline__intro l-stack l-stack-lg\">\n\t\t\t\t\t\n\t<h2\n\tclass=\"c-heading u-font-title-1 \"\n\tstyle=\"\">\n\t\t\n\t\t\t\t\t3 saker att ha i \u00e5tanke i val av f\u00f6rskola\n\t\t\t\t\n\t<\/h2>\n\n\t\t\t\t\t\t\t<\/div>\n\t\t\n\t\t\t\t\t\n<ol class=\"c-steps\" data-variant=\"vertical\" data-size=\"md\" data-columns=\"1\">\n\t\t\t<li class=\"c-steps__item\"\n\t\t\t\n\t\t>\n\t\t\t<div class=\"c-steps__circle u-radius-round\">\n\t\t\t\t\t\t\t\t\t<img decoding=\"async\" src=\"https:\/\/innovitaskolan.se\/wp-content\/uploads\/2021\/05\/innovitaskolanikonsiffra1beige.svg\" class=\"\" alt=\"Siffran 1.\" height=\"176\" width=\"77\" \/>\n\t\t\t\t\t\t\t<\/div>\n\n\t\t\t\t\t\t\t<div class=\"c-steps__content l-stack-xs\">\n\t\t\t\t\t\t\t\t\t\t\t<h3 class=\"c-steps__title u-font-title-3\">\n\t\t\t\t\t\t\t\t\t\t\t\t\t\t\tBem\u00f6tande\n\t\t\t\t\t\t\t\t\t\t\t\t\t<\/h3>\n\t\t\t\t\t\n\t\t\t\t\t\t\t\t\t\t\t<div class=\"c-steps__text l-stack-sm u-font-body\">\n\t\t\t\t\t\t\t<p>V\u00e4lj f\u00f6rskola utifr\u00e5n det bem\u00f6tande du f\u00e5r n\u00e4r du kliver in genom d\u00f6rren, b\u00e5de i m\u00f6tet med personalen och det visuella. Det \u00e4r viktigt att bli sedd och k\u00e4nna sig v\u00e4lkomnad av personalen och att det \u00e4r st\u00e4dat, rent och strukturerat.<\/p>\n\n\t\t\t\t\t\t<\/div>\n\t\t\t\t\t\t\t\t\t<\/div>\n\t\t\t\t\t<\/li>\n\t\t\t<li class=\"c-steps__item\"\n\t\t\t\n\t\t>\n\t\t\t<div class=\"c-steps__circle u-radius-round\">\n\t\t\t\t\t\t\t\t\t<img decoding=\"async\" src=\"https:\/\/innovitaskolan.se\/wp-content\/uploads\/2021\/05\/innovitaskolanikonsiffra2beige.svg\" class=\"\" alt=\"Siffran 2.\" height=\"176\" width=\"128\" \/>\n\t\t\t\t\t\t\t<\/div>\n\n\t\t\t\t\t\t\t<div class=\"c-steps__content l-stack-xs\">\n\t\t\t\t\t\t\t\t\t\t\t<h3 class=\"c-steps__title u-font-title-3\">\n\t\t\t\t\t\t\t\t\t\t\t\t\t\t\tL\u00e4rmilj\u00f6 och material\n\t\t\t\t\t\t\t\t\t\t\t\t\t<\/h3>\n\t\t\t\t\t\n\t\t\t\t\t\t\t\t\t\t\t<div class=\"c-steps__text l-stack-sm u-font-body\">\n\t\t\t\t\t\t\t<p>Det \u00e4r ocks\u00e5 viktigt att l\u00e4rmilj\u00f6n \u00e4r tydlig, inspirerande och tillg\u00e4nglig. Att materialet \u00e4r l\u00e4tt\u00e5tkomligt f\u00f6r barnen, att det finns mycket material f\u00f6r kreativitet och att milj\u00f6n skapar lust till l\u00e4rande.<\/p>\n\n\t\t\t\t\t\t<\/div>\n\t\t\t\t\t\t\t\t\t<\/div>\n\t\t\t\t\t<\/li>\n\t\t\t<li class=\"c-steps__item\"\n\t\t\t\n\t\t>\n\t\t\t<div class=\"c-steps__circle u-radius-round\">\n\t\t\t\t\t\t\t\t\t<img decoding=\"async\" src=\"https:\/\/innovitaskolan.se\/wp-content\/uploads\/2021\/05\/innovitaskolanikonsiffra3beige.svg\" class=\"\" alt=\"Siffran 3.\" height=\"176\" width=\"114\" \/>\n\t\t\t\t\t\t\t<\/div>\n\n\t\t\t\t\t\t\t<div class=\"c-steps__content l-stack-xs\">\n\t\t\t\t\t\t\t\t\t\t\t<h3 class=\"c-steps__title u-font-title-3\">\n\t\t\t\t\t\t\t\t\t\t\t\t\t\t\tKommunikation\n\t\t\t\t\t\t\t\t\t\t\t\t\t<\/h3>\n\t\t\t\t\t\n\t\t\t\t\t\t\t\t\t\t\t<div class=\"c-steps__text l-stack-sm u-font-body\">\n\t\t\t\t\t\t\t<p>Det \u00e4r viktigt att v\u00e5rdnadshavare f\u00e5r information om hur ens barn har haft det under dagarna p\u00e5 f\u00f6rskolan. D\u00e4rf\u00f6r beh\u00f6ver det finnas en rutin f\u00f6r hur f\u00f6rskolan kommunicerar med v\u00e5rdnadshavare b\u00e5de dagligen och vid andra tillf\u00e4llen.<\/p>\n\n\t\t\t\t\t\t<\/div>\n\t\t\t\t\t\t\t\t\t<\/div>\n\t\t\t\t\t<\/li>\n\t<\/ol>\n\t\n\t\t\t<\/div>\n\n\t\t\n\n<\/section>\n<\/div>\n\n\n\n<div class=\"wp-block-column is-layout-flow wp-block-column-is-layout-flow\" style=\"flex-basis:25%\"><\/div>\n<\/div>\n\n\n\n\t\t\t\t\t\t\t\t\t\t\t\t\t<\/div>\n<\/div>\n\n\t\n\t\n\t\n\n\t\n\t\n\t\t\n<section  class=\"c-block l-stacked  \" data-color-scheme=\"\">\n\t<div class=\"ams-fifty ams-fifty--container ams-fifty--left ams-fifty--bottom l-container u-pt-fluid-md-xl u-pb-fluid-md-xl\">\n\t\t<div class=\"ams-fifty__content l-stack l-stack-xl is-left is-left@lg\">\n\t\t\t<div class=\"ams-fifty__text l-stack l-stack-lg\">\n\t\t\t\t\n\t\t\t\t\t\t\t\t\t<div class=\"text l-stack u-font-body\">\n\t\t\t\t\t\t<p><!-- wp:heading --><\/p>\n<h2 class=\"wp-block-heading\">Tips inf\u00f6r f\u00f6rsta dagen p\u00e5 f\u00f6rskolan<\/h2>\n<ul>\n<li>F\u00f6rbered genom att namnm\u00e4rka barnets alla tillh\u00f6righeter.<\/li>\n<li>Informera oss om eventuella allergier och specialkost.<\/li>\n<li>Dubbelkolla att vi har r\u00e4tt kontaktuppgifter till samtliga v\u00e5rdnadshavare.<\/li>\n<li>Ta med ombyte och ytterkl\u00e4der efter alla v\u00e4der f\u00f6r lek b\u00e5de inomhus och utomhus.<\/li>\n<li>Det kan \u00e4ven vara bra att ta med n\u00e5got som g\u00f6r att barnet k\u00e4nner sig trygg, kanske \u00e4r det ett gosedjur, filt eller napp.<\/li>\n<li>Kom ih\u00e5g att barnet tittar p\u00e5 vad du g\u00f6r \u2013 om du visar att detta \u00e4r en rolig och trygg plats k\u00e4nner barnet ocks\u00e5 det s\u00e5 sm\u00e5ningom.<\/li>\n<li>Vi ser fram emot att tr\u00e4ffa er!<\/li>\n<\/ul>\n<p><!-- \/wp:paragraph --><\/p>\n\n\t\t\t\t\t<\/div>\n\t\t\t\t\t\t\t<\/div>\n\n\t\t\t\t\t<\/div>\n\n\t\t <div class=\"ams-fifty__media u-ratio-square\">\n\t\t \t\t\t\t\t<img decoding=\"async\" width=\"600\" height=\"600\" src=\"https:\/\/innovitaskolan.se\/wp-content\/uploads\/2021\/04\/innovitaskolanrudan202405forskola10webbform-600x600.png\" class=\"attachment-md size-md\" alt=\"Barn p\u00e5 f\u00f6rskolan sitter med digitalt verktyg.\" sizes=\"(min-width: 64em) 600px, calc(100vw - 160px)\" srcset=\"https:\/\/innovitaskolan.se\/wp-content\/uploads\/2021\/04\/innovitaskolanrudan202405forskola10webbform-600x600.png 600w, https:\/\/innovitaskolan.se\/wp-content\/uploads\/2021\/04\/innovitaskolanrudan202405forskola10webbform-150x150.png 150w, https:\/\/innovitaskolan.se\/wp-content\/uploads\/2021\/04\/innovitaskolanrudan202405forskola10webbform-300x300.png 300w, https:\/\/innovitaskolan.se\/wp-content\/uploads\/2021\/04\/innovitaskolanrudan202405forskola10webbform-400x400.png 400w, https:\/\/innovitaskolan.se\/wp-content\/uploads\/2021\/04\/innovitaskolanrudan202405forskola10webbform.png 667w\" \/>\n\t\t\t\n\t\t\t\n\t\t\t\t\t<\/div>\n\t<\/div>\n\n\t\t\n\n<\/section>\n\t<\/div>\n\n\t\n\n\n\n<section  class=\"ams-cta ams-cta--stacked c-block l-stacked\" data-color-scheme=\"nyans3_av_p2\">\n\t<div class=\"l-container l-stack l-stack-fluid-2xl u-pt-fluid-md-xl u-pb-fluid-md-xl is-center is-center@md\">\n\t\t\t\t\t<div class=\"ams-cta__intro l-stack l-stack-lg\">\n\t\t\t\t\t\n\t<h2\n\tclass=\"c-heading u-font-title-1 \"\n\tstyle=\"\">\n\t\t\n\t\t\t\t\t\u00d6ppettider\n\t\t\t\t\n\t<\/h2>\n\n\t\t\t\t\t\t\t\t\t<div class=\"c-text l-stack u-cs-xl u-font-body\">\n\t\t\t\t\t\t<p>V\u00e5rdnadshavare har r\u00e4tt till omsorg p\u00e5 varje helgfri vardag mellan klockan 06.30-18.30 om behov finns. Barnen p\u00e5 v\u00e5r f\u00f6rskola \u00e4r f\u00f6rs\u00e4krade via Region Gotland.<\/p>\n\n\t\t\t\t\t<\/div>\n\t\t\t\t\t\t\t<\/div>\n\t\t\n\t\t\n\t\t\t<\/div>\n\n\t\t\n\n<\/section>\n\n\n\n\n<section  class=\"ams-cta ams-cta--stacked c-block l-stacked\" data-color-scheme=\"beige\">\n\t<div class=\"l-container-narrow l-stack l-stack-fluid-2xl u-pt-fluid-md-xl u-pb-fluid-md-xl is-center is-center@md\">\n\t\t\t\t\t<div class=\"ams-cta__intro l-stack l-stack-lg\">\n\t\t\t\t\t\n\t<h2\n\tclass=\"c-heading u-font-title-1 \"\n\tstyle=\"\">\n\t\t\n\t\t\t\t\tS\u00f6ka f\u00f6rskola\n\t\t\t\t\n\t<\/h2>\n\n\t\t\t\t\t\t\t\t\t<div class=\"c-text l-stack u-cs-xl u-font-body\">\n\t\t\t\t\t\t<p>Vad roligt att du vill st\u00e4lla ditt barn i k\u00f6 till v\u00e5r f\u00f6rskola. Klicka p\u00e5 knappen nedan f\u00f6r att komma till k\u00f6anm\u00e4lan.<\/p>\n\n\t\t\t\t\t<\/div>\n\t\t\t\t\t\t\t<\/div>\n\t\t\n\t\t\n\t\t\t<div class=\"ams-cta__action u-inline-items\">\n\t\t\t\t\t\t\t\n\n\n<a href=\"https:\/\/innovitaskolan.se\/visby\/koanmalan\/\"\n\t\n\tclass=\"c-btn \"\n\tdata-style=\"round\"\n\tdata-size=\"md\"\n\tdata-width=\"full-mobile\"\n\tdata-variant=\"default\"\n\ttarget=\"_self\">\n\t\t\t<span class=\"label\"> Till k\u00f6anm\u00e4lan<\/span>\n\t\t\t<\/a>\n\t\t\t<\/div>\n\t<\/div>\n\n\t\t\n\n<\/section>\n","protected":false},"excerpt":{"rendered":"","protected":false},"author":1,"featured_media":0,"parent":20,"menu_order":0,"comment_status":"closed","ping_status":"closed","template":"","meta":{"footnotes":""},"yoast_head":"<!-- This site is optimized with the Yoast SEO plugin v22.0 - https:\/\/yoast.com\/wordpress\/plugins\/seo\/ -->\n<title>Om v\u00e5r f\u00f6rskola | Innovitaskolan Visby | Om skolan<\/title>\n<meta name=\"description\" content=\"P\u00e5 Innovitaskolan Visbys f\u00f6rskola vill vi att barnen ska k\u00e4nna sig sedda. V\u00e5r f\u00f6rskola ska vara en k\u00e4lla till lustfyllt l\u00e4rande.\" \/>\n<meta name=\"robots\" content=\"index, follow, max-snippet:-1, max-image-preview:large, max-video-preview:-1\" \/>\n<link rel=\"canonical\" href=\"https:\/\/innovitaskolan.se\/visby\/om\/forskola\/\" \/>\n<meta property=\"og:locale\" content=\"sv_SE\" \/>\n<meta property=\"og:type\" content=\"article\" \/>\n<meta property=\"og:title\" content=\"Om v\u00e5r f\u00f6rskola | Innovitaskolan Visby | Om skolan\" \/>\n<meta property=\"og:description\" content=\"P\u00e5 Innovitaskolan Visbys f\u00f6rskola vill vi att barnen ska k\u00e4nna sig sedda. V\u00e5r f\u00f6rskola ska vara en k\u00e4lla till lustfyllt l\u00e4rande.\" \/>\n<meta property=\"og:url\" content=\"https:\/\/innovitaskolan.se\/visby\/om\/forskola\/\" \/>\n<meta property=\"og:site_name\" content=\"Visby\" \/>\n<meta property=\"article:modified_time\" content=\"2025-11-13T08:53:50+00:00\" \/>\n<meta name=\"twitter:card\" content=\"summary_large_image\" \/>\n<meta name=\"twitter:title\" content=\"Om v\u00e5r f\u00f6rskola | Innovitaskolan Visby | Om skolan\" \/>\n<meta name=\"twitter:description\" content=\"P\u00e5 Innovitaskolan Visbys f\u00f6rskola vill vi att barnen ska k\u00e4nna sig sedda. V\u00e5r f\u00f6rskola ska vara en k\u00e4lla till lustfyllt l\u00e4rande.\" \/>\n<meta name=\"twitter:label1\" content=\"Ber\u00e4knad l\u00e4stid\" \/>\n\t<meta name=\"twitter:data1\" content=\"3 minuter\" \/>\n<script type=\"application\/ld+json\" class=\"yoast-schema-graph\">{\"@context\":\"https:\/\/schema.org\",\"@graph\":[{\"@type\":\"WebPage\",\"@id\":\"https:\/\/innovitaskolan.se\/visby\/om\/forskola\/\",\"url\":\"https:\/\/innovitaskolan.se\/visby\/om\/forskola\/\",\"name\":\"Om v\u00e5r f\u00f6rskola | Innovitaskolan Visby | Om skolan\",\"isPartOf\":{\"@id\":\"https:\/\/innovitaskolan.se\/visby\/#website\"},\"datePublished\":\"2021-03-04T10:29:38+00:00\",\"dateModified\":\"2025-11-13T08:53:50+00:00\",\"description\":\"P\u00e5 Innovitaskolan Visbys f\u00f6rskola vill vi att barnen ska k\u00e4nna sig sedda. V\u00e5r f\u00f6rskola ska vara en k\u00e4lla till lustfyllt l\u00e4rande.\",\"breadcrumb\":{\"@id\":\"https:\/\/innovitaskolan.se\/visby\/om\/forskola\/#breadcrumb\"},\"inLanguage\":\"sv-SE\",\"potentialAction\":[{\"@type\":\"ReadAction\",\"target\":[\"https:\/\/innovitaskolan.se\/visby\/om\/forskola\/\"]}]},{\"@type\":\"BreadcrumbList\",\"@id\":\"https:\/\/innovitaskolan.se\/visby\/om\/forskola\/#breadcrumb\",\"itemListElement\":[{\"@type\":\"ListItem\",\"position\":1,\"name\":\"Start\",\"item\":\"https:\/\/innovitaskolan.se\/visby\/\"},{\"@type\":\"ListItem\",\"position\":2,\"name\":\"Om oss\",\"item\":\"https:\/\/innovitaskolan.se\/visby\/om\/\"},{\"@type\":\"ListItem\",\"position\":3,\"name\":\"F\u00f6rskola\"}]},{\"@type\":\"WebSite\",\"@id\":\"https:\/\/innovitaskolan.se\/visby\/#website\",\"url\":\"https:\/\/innovitaskolan.se\/visby\/\",\"name\":\"Visby\",\"description\":\"En del av AcadeMedia\",\"potentialAction\":[{\"@type\":\"SearchAction\",\"target\":{\"@type\":\"EntryPoint\",\"urlTemplate\":\"https:\/\/innovitaskolan.se\/visby\/?s={search_term_string}\"},\"query-input\":\"required name=search_term_string\"}],\"inLanguage\":\"sv-SE\"}]}<\/script>\n<!-- \/ Yoast SEO plugin. -->","yoast_head_json":{"title":"Om v\u00e5r f\u00f6rskola | Innovitaskolan Visby | Om skolan","description":"P\u00e5 Innovitaskolan Visbys f\u00f6rskola vill vi att barnen ska k\u00e4nna sig sedda. V\u00e5r f\u00f6rskola ska vara en k\u00e4lla till lustfyllt l\u00e4rande.","robots":{"index":"index","follow":"follow","max-snippet":"max-snippet:-1","max-image-preview":"max-image-preview:large","max-video-preview":"max-video-preview:-1"},"canonical":"https:\/\/innovitaskolan.se\/visby\/om\/forskola\/","og_locale":"sv_SE","og_type":"article","og_title":"Om v\u00e5r f\u00f6rskola | Innovitaskolan Visby | Om skolan","og_description":"P\u00e5 Innovitaskolan Visbys f\u00f6rskola vill vi att barnen ska k\u00e4nna sig sedda. V\u00e5r f\u00f6rskola ska vara en k\u00e4lla till lustfyllt l\u00e4rande.","og_url":"https:\/\/innovitaskolan.se\/visby\/om\/forskola\/","og_site_name":"Visby","article_modified_time":"2025-11-13T08:53:50+00:00","twitter_card":"summary_large_image","twitter_title":"Om v\u00e5r f\u00f6rskola | Innovitaskolan Visby | Om skolan","twitter_description":"P\u00e5 Innovitaskolan Visbys f\u00f6rskola vill vi att barnen ska k\u00e4nna sig sedda. V\u00e5r f\u00f6rskola ska vara en k\u00e4lla till lustfyllt l\u00e4rande.","twitter_misc":{"Ber\u00e4knad l\u00e4stid":"3 minuter"},"schema":{"@context":"https:\/\/schema.org","@graph":[{"@type":"WebPage","@id":"https:\/\/innovitaskolan.se\/visby\/om\/forskola\/","url":"https:\/\/innovitaskolan.se\/visby\/om\/forskola\/","name":"Om v\u00e5r f\u00f6rskola | Innovitaskolan Visby | Om skolan","isPartOf":{"@id":"https:\/\/innovitaskolan.se\/visby\/#website"},"datePublished":"2021-03-04T10:29:38+00:00","dateModified":"2025-11-13T08:53:50+00:00","description":"P\u00e5 Innovitaskolan Visbys f\u00f6rskola vill vi att barnen ska k\u00e4nna sig sedda. V\u00e5r f\u00f6rskola ska vara en k\u00e4lla till lustfyllt l\u00e4rande.","breadcrumb":{"@id":"https:\/\/innovitaskolan.se\/visby\/om\/forskola\/#breadcrumb"},"inLanguage":"sv-SE","potentialAction":[{"@type":"ReadAction","target":["https:\/\/innovitaskolan.se\/visby\/om\/forskola\/"]}]},{"@type":"BreadcrumbList","@id":"https:\/\/innovitaskolan.se\/visby\/om\/forskola\/#breadcrumb","itemListElement":[{"@type":"ListItem","position":1,"name":"Start","item":"https:\/\/innovitaskolan.se\/visby\/"},{"@type":"ListItem","position":2,"name":"Om oss","item":"https:\/\/innovitaskolan.se\/visby\/om\/"},{"@type":"ListItem","position":3,"name":"F\u00f6rskola"}]},{"@type":"WebSite","@id":"https:\/\/innovitaskolan.se\/visby\/#website","url":"https:\/\/innovitaskolan.se\/visby\/","name":"Visby","description":"En del av AcadeMedia","potentialAction":[{"@type":"SearchAction","target":{"@type":"EntryPoint","urlTemplate":"https:\/\/innovitaskolan.se\/visby\/?s={search_term_string}"},"query-input":"required name=search_term_string"}],"inLanguage":"sv-SE"}]}},"_links":{"self":[{"href":"https:\/\/innovitaskolan.se\/visby\/wp-json\/wp\/v2\/pages\/22"}],"collection":[{"href":"https:\/\/innovitaskolan.se\/visby\/wp-json\/wp\/v2\/pages"}],"about":[{"href":"https:\/\/innovitaskolan.se\/visby\/wp-json\/wp\/v2\/types\/page"}],"author":[{"embeddable":true,"href":"https:\/\/innovitaskolan.se\/visby\/wp-json\/wp\/v2\/users\/1"}],"replies":[{"embeddable":true,"href":"https:\/\/innovitaskolan.se\/visby\/wp-json\/wp\/v2\/comments?post=22"}],"version-history":[{"count":10,"href":"https:\/\/innovitaskolan.se\/visby\/wp-json\/wp\/v2\/pages\/22\/revisions"}],"predecessor-version":[{"id":2214,"href":"https:\/\/innovitaskolan.se\/visby\/wp-json\/wp\/v2\/pages\/22\/revisions\/2214"}],"up":[{"embeddable":true,"href":"https:\/\/innovitaskolan.se\/visby\/wp-json\/wp\/v2\/pages\/20"}],"wp:attachment":[{"href":"https:\/\/innovitaskolan.se\/visby\/wp-json\/wp\/v2\/media?parent=22"}],"curies":[{"name":"wp","href":"https:\/\/api.w.org\/{rel}","templated":true}]}}