{"id":26,"date":"2021-03-04T11:29:56","date_gmt":"2021-03-04T10:29:56","guid":{"rendered":"https:\/\/innovitaskolan.se\/norrtalje\/?page_id=26"},"modified":"2025-09-30T12:20:48","modified_gmt":"2025-09-30T10:20:48","slug":"fritidshem","status":"publish","type":"page","link":"https:\/\/innovitaskolan.se\/norrtalje\/om\/fritidshem\/","title":{"rendered":"Fritids"},"content":{"rendered":"\n\t\n\t\n\t\n\n\t\n\t\n\t\t\n<section  class=\"c-block l-stacked  \" data-color-scheme=\"\">\n\t<div class=\"ams-fifty ams-fifty--container ams-fifty--right ams-fifty--bottom l-container u-pt-fluid-2xl-4xl u-pb-fluid-md-xl\">\n\t\t<div class=\"ams-fifty__content l-stack l-stack-xl is-left is-left@lg\">\n\t\t\t<div class=\"ams-fifty__text l-stack l-stack-lg\">\n\t\t\t\t\t\n\t<h1\n\tclass=\"c-heading u-font-title-1 \"\n\tstyle=\"\">\n\t\t\n\t\t\t\t\t\t\t\t\tFritids p\u00e5 Innovita\u00adskolan Norrt\u00e4lje\n\t\t\t\t<span class=\"c-heading__sub is-below u-font-title-3\">\n\t\t\t\t\tH\u00e4r f\u00e5r barn och elever utforska och v\u00e4xa genom ett verklighetsbaserat l\u00e4rande.\n\t\t\t\t<\/span>\n\t\t\t\t\t\t\t\n\t<\/h1>\n\n\t\t\t\t\t\t\t\t\t<div class=\"text l-stack u-font-body\">\n\t\t\t\t\t\t<p><!-- wp:heading --><\/p>\n<h2 class=\"wp-block-heading\"><!-- wp:heading --><\/h2>\n<h2 class=\"wp-block-heading\">Ett tryggt klimat<\/h2>\n<p>P\u00e5 v\u00e5rt fritids s\u00e4tter vi den enskilda elevens v\u00e4lbefinnande och utveckling i f\u00f6rsta hand. Vi arbetar aktivt med att st\u00e4rka eleverna i deras sj\u00e4lvk\u00e4nsla och sociala kompetens. Detta g\u00f6r vi bland annat genom att uppmuntra eleverna att testa sin egen f\u00f6rm\u00e5ga att samarbeta och kommunicera med st\u00f6d av pedagogerna.<\/p>\n<p>I detta arbete f\u00f6rebygger vi \u00e4ven alla former av kr\u00e4nkande behandling och utanf\u00f6rskap. Vi skapar ett bra klimat och trygga elever genom samtal och gruppst\u00e4rkande lekar, och \u00f6vningar med n\u00e4rvarande pedagoger.<\/p>\n<h2 class=\"wp-block-heading\">Lekar p\u00e5 fritids som stimulerar<\/h2>\n<p>Vi l\u00e4gger stor vikt vid leken. D\u00e4r l\u00e4r vi oss respektera varandra och att f\u00f6rst\u00e5 och ta h\u00e4nsyn till att vi tycker olika. I leken tr\u00e4nar eleverna \u00e4ven sin kreativitet och fantasi. Genom ett till\u00e5tande klimat i leken bidrar vi till god sj\u00e4lvk\u00e4nnedom och kunskapsbef\u00e4stning. Vi arbetar n\u00e4ra skolans undervisning och hj\u00e4lper eleverna genom lekfull form att bef\u00e4sta de kunskaper de f\u00e5tt under skoldagen.<\/p>\n<h2 class=\"wp-block-heading\"><!-- \/wp:paragraph --><\/h2>\n<p><!-- \/wp:paragraph --><\/p>\n\n\t\t\t\t\t<\/div>\n\t\t\t\t\t\t\t<\/div>\n\n\t\t\t\t\t<\/div>\n\n\t\t <div class=\"ams-fifty__media u-ratio-square\">\n\t\t \t\t\t\t\t<img decoding=\"async\" width=\"600\" height=\"600\" src=\"https:\/\/innovitaskolan.se\/wp-content\/uploads\/sites\/19\/2025\/09\/innovitaskolan-grundskola-segeltorp-202204-5-600x600.png\" class=\"attachment-md size-md\" alt=\"Barn i grupp som skrattar.\" sizes=\"(min-width: 64em) 600px, calc(100vw - 160px)\" srcset=\"https:\/\/innovitaskolan.se\/wp-content\/uploads\/sites\/19\/2025\/09\/innovitaskolan-grundskola-segeltorp-202204-5-600x600.png 600w, https:\/\/innovitaskolan.se\/wp-content\/uploads\/sites\/19\/2025\/09\/innovitaskolan-grundskola-segeltorp-202204-5-150x150.png 150w, https:\/\/innovitaskolan.se\/wp-content\/uploads\/sites\/19\/2025\/09\/innovitaskolan-grundskola-segeltorp-202204-5-300x300.png 300w, https:\/\/innovitaskolan.se\/wp-content\/uploads\/sites\/19\/2025\/09\/innovitaskolan-grundskola-segeltorp-202204-5-400x400.png 400w, https:\/\/innovitaskolan.se\/wp-content\/uploads\/sites\/19\/2025\/09\/innovitaskolan-grundskola-segeltorp-202204-5.png 667w\" \/>\n\t\t\t\n\t\t\t\n\t\t\t\t\t<\/div>\n\t<\/div>\n\n\t\t\n\n<\/section>\n\n\n\n\t\n\t\n\t\n\n\t\n\t\n\t\t\n<section  class=\"c-block l-stacked  \" data-color-scheme=\"\">\n\t<div class=\"ams-fifty ams-fifty--container ams-fifty--left ams-fifty--bottom l-container u-pt-fluid-md-xl u-pb-fluid-md-xl\">\n\t\t<div class=\"ams-fifty__content l-stack l-stack-xl is-left is-left@lg\">\n\t\t\t<div class=\"ams-fifty__text l-stack l-stack-lg\">\n\t\t\t\t\n\t\t\t\t\t\t\t\t\t<div class=\"text l-stack u-font-body\">\n\t\t\t\t\t\t<p><!-- wp:heading --><\/p>\n<h2 class=\"wp-block-heading\"><!-- wp:heading --><\/h2>\n<h2 class=\"wp-block-heading\"><!-- wp:heading --><\/h2>\n<h2 class=\"wp-block-heading\">M\u00e5ngsidigt l\u00e4rande<\/h2>\n<p>V\u00e5r verksamhet utg\u00e5r fr\u00e5n elevernas behov, intressen och initiativ. Pedagogerna utformar tillsammans med eleverna en fritidsverksamhet som \u00e4r anpassad f\u00f6r att stimulera den enskilda individens utveckling och l\u00e4rande, samt f\u00f6r att erbjuda en meningsfull fritid. Detta g\u00f6r vi med avstamp i l\u00e4roplanens centrala inneh\u00e5ll \u2013 spr\u00e5k och kommunikation, skapande och estetiska uttrycksformer, natur och samh\u00e4lle, lekar samt fysisk aktivitet b\u00e5de utom- och inomhus.<\/p>\n<p>P\u00e5 v\u00e5rt fritids har vi n\u00e4ra kontakt med l\u00e4rarna och elevernasF v\u00e5rdnadshavare f\u00f6r att skapa en helhetsbild av individens behov, p\u00e5 s\u00e5 s\u00e4tt n\u00e5r vi m\u00e5ngsidig utveckling och l\u00e4rande.<!-- \/wp:paragraph --><\/p>\n<h2 class=\"wp-block-heading\">Verklighetsbaserat l\u00e4rande<\/h2>\n<p><span style=\"font-size: 1rem;\">V\u00e5rt fritids \u00e4r platsen d\u00e4r ny kunskap kommer till liv genom upplevelsebaserade, lustfyllda och utmanande aktiviteter. Hos oss f\u00e5r eleverna ta del av \u00e4mnes\u00f6vergripande temaarbeten tillsammans med organisationer och f\u00f6reningar.<\/span><\/p>\n<p><span style=\"font-size: 1rem;\">Genom att arbeta praktiskt skapas meningsfulla sammanhang d\u00e4r eleverna har inflytande \u00f6ver sin fritidstid. H\u00e4r uppmuntrar vi v\u00e5ra elever att f\u00f6rverkliga sina id\u00e9er.<\/span><\/p>\n<p><!-- \/wp:paragraph --><\/p>\n\n\t\t\t\t\t<\/div>\n\t\t\t\t\t\t\t<\/div>\n\n\t\t\t\t\t<\/div>\n\n\t\t <div class=\"ams-fifty__media u-ratio-square\">\n\t\t \t\t\t\t\t<img decoding=\"async\" width=\"600\" height=\"600\" src=\"https:\/\/innovitaskolan.se\/wp-content\/uploads\/sites\/19\/2025\/09\/innovitaskolan-mellanstadiet-segeltorp-202303-3-600x600.png\" class=\"attachment-md size-md\" alt=\"Barn och l\u00e4rare som skrattar och g\u00f6r high-five.\" sizes=\"(min-width: 64em) 600px, calc(100vw - 160px)\" srcset=\"https:\/\/innovitaskolan.se\/wp-content\/uploads\/sites\/19\/2025\/09\/innovitaskolan-mellanstadiet-segeltorp-202303-3-600x600.png 600w, https:\/\/innovitaskolan.se\/wp-content\/uploads\/sites\/19\/2025\/09\/innovitaskolan-mellanstadiet-segeltorp-202303-3-150x150.png 150w, https:\/\/innovitaskolan.se\/wp-content\/uploads\/sites\/19\/2025\/09\/innovitaskolan-mellanstadiet-segeltorp-202303-3-300x300.png 300w, https:\/\/innovitaskolan.se\/wp-content\/uploads\/sites\/19\/2025\/09\/innovitaskolan-mellanstadiet-segeltorp-202303-3-400x400.png 400w, https:\/\/innovitaskolan.se\/wp-content\/uploads\/sites\/19\/2025\/09\/innovitaskolan-mellanstadiet-segeltorp-202303-3.png 667w\" \/>\n\t\t\t\n\t\t\t\n\t\t\t\t\t<\/div>\n\t<\/div>\n\n\t\t\n\n<\/section>\n\n\n\n\t<div class=\"module_wrapper ams_remote_pages_module \">\n\t\t\n<div class=\"module_wrapper ams_background_module  site__secondary-bg--8   site__text-color--dark  cp-120\" >\n<div class=\"container_width--full_width_conIcon\">\n\t\n\n<div class=\"wp-block-columns is-layout-flex wp-container-core-columns-layout-1 wp-block-columns-is-layout-flex\">\n<div class=\"wp-block-column is-layout-flow wp-block-column-is-layout-flow\" style=\"flex-basis:25%\"><\/div>\n\n\n\n<div class=\"wp-block-column is-layout-flow wp-block-column-is-layout-flow\" style=\"flex-basis:50%\">\n<section  class=\"ams-timeline c-block l-stacked\" data-color-scheme=\"timeline-beige\">\n\t<div class=\"l-container l-stack l-stack-fluid-2xl u-pt-fluid-Ingen u-pb-fluid-Ingen is-center is-center@md\">\n\t\t\t\t\t<div class=\"ams-timeline__intro l-stack l-stack-lg\">\n\t\t\t\t\t\n\t<h2\n\tclass=\"c-heading u-font-title-1 \"\n\tstyle=\"\">\n\t\t\n\t\t\t\t\t3 tips p\u00e5 hur man b\u00f6r agera kring rast&shy;verksamheten\n\t\t\t\t\n\t<\/h2>\n\n\t\t\t\t\t\t\t<\/div>\n\t\t\n\t\t\t\t\t\n<ol class=\"c-steps\" data-variant=\"vertical\" data-size=\"md\" data-columns=\"1\">\n\t\t\t<li class=\"c-steps__item\"\n\t\t\t\n\t\t>\n\t\t\t<div class=\"c-steps__circle u-radius-round\">\n\t\t\t\t\t\t\t\t\t<img decoding=\"async\" src=\"https:\/\/innovitaskolan.se\/wp-content\/uploads\/2021\/05\/innovitaskolanikonsiffra1beige.svg\" class=\"\" alt=\"Siffran 1.\" height=\"176\" width=\"77\" \/>\n\t\t\t\t\t\t\t<\/div>\n\n\t\t\t\t\t\t\t<div class=\"c-steps__content l-stack-xs\">\n\t\t\t\t\t\t\t\t\t\t\t<h3 class=\"c-steps__title u-font-title-3\">\n\t\t\t\t\t\t\t\t\t\t\t\t\t\t\tVisa intresse och nyfikenhet\n\t\t\t\t\t\t\t\t\t\t\t\t\t<\/h3>\n\t\t\t\t\t\n\t\t\t\t\t\t\t\t\t\t\t<div class=\"c-steps__text l-stack-sm u-font-body\">\n\t\t\t\t\t\t\t<p>Som v\u00e5rdnadshavare kan du st\u00e4lla fr\u00e5gor till ditt barn kring hela skoldagen. Uttryck intresse och nyfikenhet f\u00f6r rast och fritidsverksamheten. Det st\u00e4rker barnets bild av en balanserad skoldag och att fysiska, psykiska och sociala h\u00e4lsan v\u00e4rderas lika.<\/p>\n\n\t\t\t\t\t\t<\/div>\n\t\t\t\t\t\t\t\t\t<\/div>\n\t\t\t\t\t<\/li>\n\t\t\t<li class=\"c-steps__item\"\n\t\t\t\n\t\t>\n\t\t\t<div class=\"c-steps__circle u-radius-round\">\n\t\t\t\t\t\t\t\t\t<img decoding=\"async\" src=\"https:\/\/innovitaskolan.se\/wp-content\/uploads\/2021\/05\/innovitaskolanikonsiffra2beige.svg\" class=\"\" alt=\"Siffran 2.\" height=\"176\" width=\"128\" \/>\n\t\t\t\t\t\t\t<\/div>\n\n\t\t\t\t\t\t\t<div class=\"c-steps__content l-stack-xs\">\n\t\t\t\t\t\t\t\t\t\t\t<h3 class=\"c-steps__title u-font-title-3\">\n\t\t\t\t\t\t\t\t\t\t\t\t\t\t\tKl\u00e4der efter v\u00e4der\n\t\t\t\t\t\t\t\t\t\t\t\t\t<\/h3>\n\t\t\t\t\t\n\t\t\t\t\t\t\t\t\t\t\t<div class=\"c-steps__text l-stack-sm u-font-body\">\n\t\t\t\t\t\t\t<p>Kl\u00e4der som \u00e4r anpassade efter v\u00e4dret och som t\u00e5l att lekas i bidrar till ditt barns v\u00e4lbefinnande och m\u00f6jligg\u00f6r utveckling. Att enkelt kunna f\u00e5 p\u00e5 sig r\u00e4tt kl\u00e4der som t\u00e5l v\u00e4dret bidrar till att barnet kommer ut p\u00e5 rasten. Det skapar mer tid f\u00f6r lek och r\u00f6relse och mindre tid f\u00f6r tr\u00e4ngsel i kapprum.<\/p>\n\n\t\t\t\t\t\t<\/div>\n\t\t\t\t\t\t\t\t\t<\/div>\n\t\t\t\t\t<\/li>\n\t\t\t<li class=\"c-steps__item\"\n\t\t\t\n\t\t>\n\t\t\t<div class=\"c-steps__circle u-radius-round\">\n\t\t\t\t\t\t\t\t\t<img decoding=\"async\" src=\"https:\/\/innovitaskolan.se\/wp-content\/uploads\/2021\/05\/innovitaskolanikonsiffra3beige.svg\" class=\"\" alt=\"Siffran 3.\" height=\"176\" width=\"114\" \/>\n\t\t\t\t\t\t\t<\/div>\n\n\t\t\t\t\t\t\t<div class=\"c-steps__content l-stack-xs\">\n\t\t\t\t\t\t\t\t\t\t\t<h3 class=\"c-steps__title u-font-title-3\">\n\t\t\t\t\t\t\t\t\t\t\t\t\t\t\tSamverka med personalen\n\t\t\t\t\t\t\t\t\t\t\t\t\t<\/h3>\n\t\t\t\t\t\n\t\t\t\t\t\t\t\t\t\t\t<div class=\"c-steps__text l-stack-sm u-font-body\">\n\t\t\t\t\t\t\t<p>Genom att dela med dig av din bild och ditt barns upplevelser av rast- och fritidsverksamheten bidrar du till att pedagogerna f\u00e5r en samlad bild av barnet och dess upplevelser. Det ger de b\u00e4sta f\u00f6ruts\u00e4ttningarna f\u00f6r fortsatt utveckling och l\u00e4rande!<\/p>\n\n\t\t\t\t\t\t<\/div>\n\t\t\t\t\t\t\t\t\t<\/div>\n\t\t\t\t\t<\/li>\n\t<\/ol>\n\t\n\t\t\t<\/div>\n\n\t\t\n\n<\/section>\n<\/div>\n\n\n\n<div class=\"wp-block-column is-layout-flow wp-block-column-is-layout-flow\" style=\"flex-basis:25%\"><\/div>\n<\/div>\n\n\n\n\t\t\t\t\t\t\t\t\t\t\t\t\t<\/div>\n<\/div>\n\t<\/div>\n\n\t\n\n\n<section \n\t\t class=\"\n\t\t ams-contact\n\t\t \n\t\t c-block l-stacked\n\t\t \n\t\t \n\t\t js-load-more\n\t\t \"\n\t\t data-color-scheme=\"nyans2_av_p2-hover-standard\"\n\t\t\t\t\tdata-count=\"3\"\n\t\t\t\t\t\t\tdata-count-mobile=\"2\"\n\t\t\t\t>\n\t<div\n\t\t class=\"\n\t\t l-container\n\t\t l-stack l-stack-fluid-2xl\n\t\t u-pt-fluid-3xl-6xl\n\t\t u-pb-fluid-3xl-6xl\n\t\t is-center\n\t\t is-center@md\n\t\t \">\n\t\t\t\t\t<div class=\"ams-contact__intro l-stack l-stack-lg\">\n\t\t\t\t\t\n\t<h2\n\tclass=\"c-heading u-font-title-1 \"\n\tstyle=\"\">\n\t\t\n\t\t\t\t\t Har du fr\u00e5gor om v\u00e5rt fritids?\n\t\t\t\t\n\t<\/h2>\n\n\t\t\t\t\t\t\t\t\t<div class=\"c-text l-stack u-cs-xl u-font-body\">\n\t\t\t\t\t\t<p>Kontakta g\u00e4rna v\u00e5r fritidsansvarig som kan svara p\u00e5 dina fr\u00e5gor och hj\u00e4lpa dig att s\u00f6ka till v\u00e5rt fritids.<\/p>\n\n\t\t\t\t\t<\/div>\n\t\t\t\t\t\t\t<\/div>\n\t\t\n\t\t\n\t\t    \t\n\t\t\n\t\t<ul\n\t\t\tid=\"contact-grid-6a9d3ea8a652f\"\n\t\t\tclass=\"ams-contact__list l-grid u-gap-fluid-2xl-4xl u-justify-center js-results \"\n\t\t\taria-label=\"Kontakter\"\n\t\t\tdata-filter-animation=\"off\"\n\t\t\t>\n\t\t\t\t\t\t\t\t\t\t\t\n\t\t\t\t\n\t\t\t\t<li class=\"l-col-6@md l-col-4@lg \" data-filter=\"e\">\n\t\t\t\t\t<article class=\"c-card \" data-variant=\"neutral\">\n\t\t\t\t\t\t<div class=\"c-card__content u-text-center\">\n\t\t\t\t\t\t\t\t\t\t\t\t\t\t\t<h3 class=\"c-card__title u-font-title-3\">\n\t\t\t\t\t\t\t\t\tMalin \u00c5kerstr\u00f6m\n\t\t\t\t\t\t\t\t<\/h3>\n\t\t\t\t\t\t\t\n\t\t\t\t\t\t\t\t\t\t\t\t\t\t\t<p class=\"position u-font-body\">Samordnare fritidshem, fritidsl\u00e4rare<\/p>\n\t\t\t\t\t\t\t\n\t\t\t\t\t\t\t\t\t\t\t\t\t\t\t<div class=\"contact-info u-font-body\">\n\t\t\t\t\t\t\t\t\t\n\t\t\t\t\t\t\t\t\t\t\t\t\t\t\t\t\t\t\t\t\t\t\t\t\t\t\t\t\t\t<p class=\"email\"><a\n\t\t\t\t\t\t\t\t\t\t\t\t\thref=\"m&#097;il&#116;o:malin&#046;aker&#115;&#116;&#114;om&#064;&#105;nn&#111;&#118;i&#116;a&#115;&#107;o&#108;an.&#115;e\"\n\t\t\t\t\t\t\t\t\t\t\t\t\tclass=\"u-text-link\">m&#097;li&#110;.akers&#116;rom&#064;i&#110;no&#118;&#105;&#116;&#097;&#115;&#107;o&#108;&#097;&#110;.s&#101;<\/a>\n\t\t\t\t\t\t\t\t\t\t\t<\/p>\n\t\t\t\t\t\t\t\t\t\t\t\t\t\t\t\t\t\t\t\t\t\t\t\t\t\t\t<\/div>\n\t\t\t\t\t\t\t\n\t\t\t\t\t\t\t\t\t\t\t\t\t<\/div>\n\t\t\t\t\t\t<div class=\"c-card__media\">\n\t\t\t\t\t\t\t<img decoding=\"async\" width=\"400\" height=\"548\" src=\"https:\/\/innovitaskolan.se\/wp-content\/uploads\/sites\/19\/2021\/06\/202a7651-scaled-400x548.jpg\" class=\"u-radius-rounded u-ratio-landscape card-image-mask-shape2\" alt=\"Personportr\u00e4tt.\" sizes=\"(max-width: 300px) 100vw, 300px\" srcset=\"https:\/\/innovitaskolan.se\/wp-content\/uploads\/sites\/19\/2021\/06\/202a7651-scaled-400x548.jpg 400w, https:\/\/innovitaskolan.se\/wp-content\/uploads\/sites\/19\/2021\/06\/202a7651-scaled-300x411.jpg 300w, https:\/\/innovitaskolan.se\/wp-content\/uploads\/sites\/19\/2021\/06\/202a7651-scaled-600x821.jpg 600w, https:\/\/innovitaskolan.se\/wp-content\/uploads\/sites\/19\/2021\/06\/202a7651-scaled-800x1095.jpg 800w, https:\/\/innovitaskolan.se\/wp-content\/uploads\/sites\/19\/2021\/06\/202a7651-scaled-1024x1402.jpg 1024w, https:\/\/innovitaskolan.se\/wp-content\/uploads\/sites\/19\/2021\/06\/202a7651-scaled-1200x1643.jpg 1200w, https:\/\/innovitaskolan.se\/wp-content\/uploads\/sites\/19\/2021\/06\/202a7651-scaled.jpg 1870w\" \/>\n\t\t\t\t\t\t<\/div>\n\t\t\t\t\t<\/article>\n\t\t\t\t<\/li>\n\t\t\t\t\t<\/ul>\n\n\t\t\n\t\t    <div class=\"ams-contact__more u-inline-items js-load-more-btn\">\n        <button href=\"#\"\n                class=\"c-btn\"\n                data-style=\"round\"\n                data-size=\"md\"\n                data-width=\"full-mobile\"\n                data-variant=\"outline\">\n        \tVisa mer\n        <\/button>\n    <\/div>\n\n\t\t\t<\/div>\n\n\t\t\n\n<\/section>\n\n\n<div   id=\"page-relative-menu\" class=\"site__font-monospace   container_width--full_width_conIcon   d-lg-none  \">\n\n\t\t\t\n<\/div>\n","protected":false},"excerpt":{"rendered":"","protected":false},"author":1,"featured_media":0,"parent":20,"menu_order":0,"comment_status":"closed","ping_status":"closed","template":"","meta":{"footnotes":""},"yoast_head":"<!-- This site is optimized with the Yoast SEO plugin v22.0 - https:\/\/yoast.com\/wordpress\/plugins\/seo\/ -->\n<title>Om v\u00e5rt fritids | Innovitaskolan Norrt\u00e4lje | Om skolan<\/title>\n<meta name=\"description\" content=\"P\u00e5 Innovitaskolan Norrt\u00e4ljes fritids jobbar vi med olika aktiviteter f\u00f6r att skapa ett lustfyllt heldagsl\u00e4rande. L\u00e4s mer om v\u00e5rt fritids!\" \/>\n<meta name=\"robots\" content=\"index, follow, max-snippet:-1, max-image-preview:large, max-video-preview:-1\" \/>\n<link rel=\"canonical\" href=\"https:\/\/innovitaskolan.se\/norrtalje\/om\/fritidshem\/\" \/>\n<meta property=\"og:locale\" content=\"sv_SE\" \/>\n<meta property=\"og:type\" content=\"article\" \/>\n<meta property=\"og:title\" content=\"Om v\u00e5rt fritids | Innovitaskolan Norrt\u00e4lje | Om skolan\" \/>\n<meta property=\"og:description\" content=\"P\u00e5 Innovitaskolan Norrt\u00e4ljes fritids jobbar vi med olika aktiviteter f\u00f6r att skapa ett lustfyllt heldagsl\u00e4rande. L\u00e4s mer om v\u00e5rt fritids!\" \/>\n<meta property=\"og:url\" content=\"https:\/\/innovitaskolan.se\/norrtalje\/om\/fritidshem\/\" \/>\n<meta property=\"og:site_name\" content=\"Norrt\u00e4lje\" \/>\n<meta property=\"article:modified_time\" content=\"2025-09-30T10:20:48+00:00\" \/>\n<meta name=\"twitter:card\" content=\"summary_large_image\" \/>\n<meta name=\"twitter:title\" content=\"Om v\u00e5rt fritids | Innovitaskolan Norrt\u00e4lje | Om skolan\" \/>\n<meta name=\"twitter:description\" content=\"P\u00e5 Innovitaskolan Norrt\u00e4ljes fritids jobbar vi med olika aktiviteter f\u00f6r att skapa ett lustfyllt heldagsl\u00e4rande. L\u00e4s mer om v\u00e5rt fritids!\" \/>\n<meta name=\"twitter:label1\" content=\"Ber\u00e4knad l\u00e4stid\" \/>\n\t<meta name=\"twitter:data1\" content=\"3 minuter\" \/>\n<script type=\"application\/ld+json\" class=\"yoast-schema-graph\">{\"@context\":\"https:\/\/schema.org\",\"@graph\":[{\"@type\":\"WebPage\",\"@id\":\"https:\/\/innovitaskolan.se\/norrtalje\/om\/fritidshem\/\",\"url\":\"https:\/\/innovitaskolan.se\/norrtalje\/om\/fritidshem\/\",\"name\":\"Om v\u00e5rt fritids | Innovitaskolan Norrt\u00e4lje | Om skolan\",\"isPartOf\":{\"@id\":\"https:\/\/innovitaskolan.se\/norrtalje\/#website\"},\"datePublished\":\"2021-03-04T10:29:56+00:00\",\"dateModified\":\"2025-09-30T10:20:48+00:00\",\"description\":\"P\u00e5 Innovitaskolan Norrt\u00e4ljes fritids jobbar vi med olika aktiviteter f\u00f6r att skapa ett lustfyllt heldagsl\u00e4rande. L\u00e4s mer om v\u00e5rt fritids!\",\"breadcrumb\":{\"@id\":\"https:\/\/innovitaskolan.se\/norrtalje\/om\/fritidshem\/#breadcrumb\"},\"inLanguage\":\"sv-SE\",\"potentialAction\":[{\"@type\":\"ReadAction\",\"target\":[\"https:\/\/innovitaskolan.se\/norrtalje\/om\/fritidshem\/\"]}]},{\"@type\":\"BreadcrumbList\",\"@id\":\"https:\/\/innovitaskolan.se\/norrtalje\/om\/fritidshem\/#breadcrumb\",\"itemListElement\":[{\"@type\":\"ListItem\",\"position\":1,\"name\":\"Start\",\"item\":\"https:\/\/innovitaskolan.se\/norrtalje\/\"},{\"@type\":\"ListItem\",\"position\":2,\"name\":\"Om oss\",\"item\":\"https:\/\/innovitaskolan.se\/norrtalje\/om\/\"},{\"@type\":\"ListItem\",\"position\":3,\"name\":\"Fritids\"}]},{\"@type\":\"WebSite\",\"@id\":\"https:\/\/innovitaskolan.se\/norrtalje\/#website\",\"url\":\"https:\/\/innovitaskolan.se\/norrtalje\/\",\"name\":\"Norrt\u00e4lje\",\"description\":\"En del av AcadeMedia\",\"potentialAction\":[{\"@type\":\"SearchAction\",\"target\":{\"@type\":\"EntryPoint\",\"urlTemplate\":\"https:\/\/innovitaskolan.se\/norrtalje\/?s={search_term_string}\"},\"query-input\":\"required name=search_term_string\"}],\"inLanguage\":\"sv-SE\"}]}<\/script>\n<!-- \/ Yoast SEO plugin. -->","yoast_head_json":{"title":"Om v\u00e5rt fritids | Innovitaskolan Norrt\u00e4lje | Om skolan","description":"P\u00e5 Innovitaskolan Norrt\u00e4ljes fritids jobbar vi med olika aktiviteter f\u00f6r att skapa ett lustfyllt heldagsl\u00e4rande. L\u00e4s mer om v\u00e5rt fritids!","robots":{"index":"index","follow":"follow","max-snippet":"max-snippet:-1","max-image-preview":"max-image-preview:large","max-video-preview":"max-video-preview:-1"},"canonical":"https:\/\/innovitaskolan.se\/norrtalje\/om\/fritidshem\/","og_locale":"sv_SE","og_type":"article","og_title":"Om v\u00e5rt fritids | Innovitaskolan Norrt\u00e4lje | Om skolan","og_description":"P\u00e5 Innovitaskolan Norrt\u00e4ljes fritids jobbar vi med olika aktiviteter f\u00f6r att skapa ett lustfyllt heldagsl\u00e4rande. L\u00e4s mer om v\u00e5rt fritids!","og_url":"https:\/\/innovitaskolan.se\/norrtalje\/om\/fritidshem\/","og_site_name":"Norrt\u00e4lje","article_modified_time":"2025-09-30T10:20:48+00:00","twitter_card":"summary_large_image","twitter_title":"Om v\u00e5rt fritids | Innovitaskolan Norrt\u00e4lje | Om skolan","twitter_description":"P\u00e5 Innovitaskolan Norrt\u00e4ljes fritids jobbar vi med olika aktiviteter f\u00f6r att skapa ett lustfyllt heldagsl\u00e4rande. L\u00e4s mer om v\u00e5rt fritids!","twitter_misc":{"Ber\u00e4knad l\u00e4stid":"3 minuter"},"schema":{"@context":"https:\/\/schema.org","@graph":[{"@type":"WebPage","@id":"https:\/\/innovitaskolan.se\/norrtalje\/om\/fritidshem\/","url":"https:\/\/innovitaskolan.se\/norrtalje\/om\/fritidshem\/","name":"Om v\u00e5rt fritids | Innovitaskolan Norrt\u00e4lje | Om skolan","isPartOf":{"@id":"https:\/\/innovitaskolan.se\/norrtalje\/#website"},"datePublished":"2021-03-04T10:29:56+00:00","dateModified":"2025-09-30T10:20:48+00:00","description":"P\u00e5 Innovitaskolan Norrt\u00e4ljes fritids jobbar vi med olika aktiviteter f\u00f6r att skapa ett lustfyllt heldagsl\u00e4rande. L\u00e4s mer om v\u00e5rt fritids!","breadcrumb":{"@id":"https:\/\/innovitaskolan.se\/norrtalje\/om\/fritidshem\/#breadcrumb"},"inLanguage":"sv-SE","potentialAction":[{"@type":"ReadAction","target":["https:\/\/innovitaskolan.se\/norrtalje\/om\/fritidshem\/"]}]},{"@type":"BreadcrumbList","@id":"https:\/\/innovitaskolan.se\/norrtalje\/om\/fritidshem\/#breadcrumb","itemListElement":[{"@type":"ListItem","position":1,"name":"Start","item":"https:\/\/innovitaskolan.se\/norrtalje\/"},{"@type":"ListItem","position":2,"name":"Om oss","item":"https:\/\/innovitaskolan.se\/norrtalje\/om\/"},{"@type":"ListItem","position":3,"name":"Fritids"}]},{"@type":"WebSite","@id":"https:\/\/innovitaskolan.se\/norrtalje\/#website","url":"https:\/\/innovitaskolan.se\/norrtalje\/","name":"Norrt\u00e4lje","description":"En del av AcadeMedia","potentialAction":[{"@type":"SearchAction","target":{"@type":"EntryPoint","urlTemplate":"https:\/\/innovitaskolan.se\/norrtalje\/?s={search_term_string}"},"query-input":"required name=search_term_string"}],"inLanguage":"sv-SE"}]}},"_links":{"self":[{"href":"https:\/\/innovitaskolan.se\/norrtalje\/wp-json\/wp\/v2\/pages\/26"}],"collection":[{"href":"https:\/\/innovitaskolan.se\/norrtalje\/wp-json\/wp\/v2\/pages"}],"about":[{"href":"https:\/\/innovitaskolan.se\/norrtalje\/wp-json\/wp\/v2\/types\/page"}],"author":[{"embeddable":true,"href":"https:\/\/innovitaskolan.se\/norrtalje\/wp-json\/wp\/v2\/users\/1"}],"replies":[{"embeddable":true,"href":"https:\/\/innovitaskolan.se\/norrtalje\/wp-json\/wp\/v2\/comments?post=26"}],"version-history":[{"count":10,"href":"https:\/\/innovitaskolan.se\/norrtalje\/wp-json\/wp\/v2\/pages\/26\/revisions"}],"predecessor-version":[{"id":2066,"href":"https:\/\/innovitaskolan.se\/norrtalje\/wp-json\/wp\/v2\/pages\/26\/revisions\/2066"}],"up":[{"embeddable":true,"href":"https:\/\/innovitaskolan.se\/norrtalje\/wp-json\/wp\/v2\/pages\/20"}],"wp:attachment":[{"href":"https:\/\/innovitaskolan.se\/norrtalje\/wp-json\/wp\/v2\/media?parent=26"}],"curies":[{"name":"wp","href":"https:\/\/api.w.org\/{rel}","templated":true}]}}