{"id":24,"date":"2021-03-04T11:29:47","date_gmt":"2021-03-04T10:29:47","guid":{"rendered":"https:\/\/innovitaskolan.se\/myrangen\/?page_id=24"},"modified":"2026-01-07T15:11:14","modified_gmt":"2026-01-07T14:11:14","slug":"grundskola","status":"publish","type":"page","link":"https:\/\/innovitaskolan.se\/myrangen\/om\/grundskola\/","title":{"rendered":"Grundskola"},"content":{"rendered":"\n\t\n\t\n\t\n\n\t\n\t\n\t\t\n<section  class=\"c-block l-stacked  \" data-color-scheme=\"\">\n\t<div class=\"ams-fifty ams-fifty--container ams-fifty--right ams-fifty--bottom l-container u-pt-fluid-2xl-4xl u-pb-fluid-md-xl\">\n\t\t<div class=\"ams-fifty__content l-stack l-stack-xl is-left is-left@lg\">\n\t\t\t<div class=\"ams-fifty__text l-stack l-stack-lg\">\n\t\t\t\t\t\n\t<h1\n\tclass=\"c-heading u-font-title-1 \"\n\tstyle=\"\">\n\t\t\n\t\t\t\t\t\t\t\t\tGrundskola p\u00e5 Innovitaskolan Myr\u00e4ngen\n\t\t\t\t<span class=\"c-heading__sub is-below u-font-title-3\">\n\t\t\t\t\tEn grundskola d\u00e4r eleverna utvecklas genom kreativitet och l\u00e4rande f\u00f6r varje framtid.\n\t\t\t\t<\/span>\n\t\t\t\t\t\t\t\n\t<\/h1>\n\n\t\t\t\t\t\t\t\t\t<div class=\"text l-stack u-font-body\">\n\t\t\t\t\t\t<p><!-- wp:heading --><\/p>\n<h2 class=\"wp-block-heading\">F\u00f6rskoleklass till \u00e5rskurs 3<\/h2>\n<p class=\"is-style-container-full\">P\u00e5 v\u00e5r skola g\u00e5r elever i f\u00f6rskoleklass\u2013\u00e5rskurs 3. Skolan \u00e4r bel\u00e4gen i natursk\u00f6na Myr\u00e4ngen och hos oss jobbar ett tjugotal pedagoger tillammans med ca 170 elever. Vi tycker att det \u00e4r viktigt att alla elever k\u00e4nner sig trygga och vi arbetar \u00e5ldersintegrerat f\u00f6r att bygga bra relationer p\u00e5 hela skolan. Vi jobbar tematiskt och med heldagsl\u00e4rande vilket inneb\u00e4r att vi ser skol-, rast- och fritidsverksamheten som lika viktiga komponenter i barnens l\u00e4rande och utveckling.<\/p>\n<p><!-- \/wp:paragraph --><\/p>\n\n\t\t\t\t\t<\/div>\n\t\t\t\t\t\t\t<\/div>\n\n\t\t\t\t\t<\/div>\n\n\t\t <div class=\"ams-fifty__media u-ratio-square\">\n\t\t \t\t\t\t\t<img decoding=\"async\" width=\"600\" height=\"600\" src=\"https:\/\/innovitaskolan.se\/wp-content\/uploads\/sites\/17\/2025\/09\/innovitaskolan-grundskola-segeltorp-202204-3-600x600.png\" class=\"attachment-md size-md\" alt=\"Elever som l\u00e4ser tillsammans.\" sizes=\"(min-width: 64em) 600px, calc(100vw - 160px)\" srcset=\"https:\/\/innovitaskolan.se\/wp-content\/uploads\/sites\/17\/2025\/09\/innovitaskolan-grundskola-segeltorp-202204-3-600x600.png 600w, https:\/\/innovitaskolan.se\/wp-content\/uploads\/sites\/17\/2025\/09\/innovitaskolan-grundskola-segeltorp-202204-3-150x150.png 150w, https:\/\/innovitaskolan.se\/wp-content\/uploads\/sites\/17\/2025\/09\/innovitaskolan-grundskola-segeltorp-202204-3-300x300.png 300w, https:\/\/innovitaskolan.se\/wp-content\/uploads\/sites\/17\/2025\/09\/innovitaskolan-grundskola-segeltorp-202204-3-400x400.png 400w, https:\/\/innovitaskolan.se\/wp-content\/uploads\/sites\/17\/2025\/09\/innovitaskolan-grundskola-segeltorp-202204-3.png 667w\" \/>\n\t\t\t\n\t\t\t\n\t\t\t\t\t<\/div>\n\t<\/div>\n\n\t\t\n\n<\/section>\n\n\n\n\t\n\t\n\t\n\n\t\n\t\n\t\t\n<section  class=\"c-block l-stacked  \" data-color-scheme=\"nyans3_av_p2\">\n\t<div class=\"ams-fifty ams-fifty--container ams-fifty--left ams-fifty--bottom l-container u-pt-fluid-md-xl u-pb-fluid-md-xl\">\n\t\t<div class=\"ams-fifty__content l-stack l-stack-xl is-left is-left@lg\">\n\t\t\t<div class=\"ams-fifty__text l-stack l-stack-lg\">\n\t\t\t\t\t\n\t<h2\n\tclass=\"c-heading u-font-title-1 \"\n\tstyle=\"\">\n\t\t\n\t\t\t\t\tEn vanlig dag p\u00e5 v\u00e5r grundskola\n\t\t\t\t\n\t<\/h2>\n\n\t\t\t\t\t\t\t\t\t<div class=\"text l-stack u-font-body\">\n\t\t\t\t\t\t<h3><span style=\"font-weight: 400;\">Lugn l\u00e4sstund p\u00e5b\u00f6rjar dagen<\/span><\/h3>\n<p><span style=\"font-weight: 400;\">En vanlig skoldag hos oss b\u00f6rjar med en lugn l\u00e4sstund f\u00f6ljt av samling f\u00f6r genomg\u00e5ng av dagen, med tydligt bildst\u00f6d och struktur. D\u00e4refter startar dagens f\u00f6rsta lektion, ledd av klassens mentor. Undervisningen pr\u00e4glas av nyfikenhet, kreativitet och utforskande.\u00a0<\/span><\/p>\n<h3><span style=\"font-weight: 400;\">Varierande undervisningsformer<\/span><\/h3>\n<p><span style=\"font-weight: 400;\">Vi arbetar varierat med par- och grupparbete, praktiska moment och enskilt arbete. Under dagen har eleverna tv\u00e5 raster med gott om r\u00f6relse, lek och samspel. Vid lunchtid serveras eleverna god mat lagad fr\u00e5n grunden i v\u00e5r restaurang Myran. Efter dagens sista lektionspass avslutar vi med gemensamt mellanm\u00e5l.\u00a0<\/span><\/p>\n<h3><span style=\"font-weight: 400;\">Vi prioriterar heldagsl\u00e4rande\u00a0<\/span><\/h3>\n<p><span style=\"font-weight: 400;\">D\u00e4refter tar fritidsverksamheten vid i \u00e5ldersintegrerade grupper med b\u00e5de fria och styrda aktiviteter, som en naturlig del av v\u00e5rt heldagsl\u00e4rande. Trygghet, gl\u00e4dje, l\u00e4rande och goda relationer \u00e4r grunden i varje dag \u2013 vi vill att varje elev g\u00e5r hem med k\u00e4nslan jag kan, jag vill, jag v\u00e5gar.\u00a0<\/span><\/p>\n<h3><span style=\"font-weight: 400;\">M\u00e5nga h\u00f6jdpunkter<\/span><\/h3>\n<p><span style=\"font-weight: 400;\">H\u00f6jdpunkten varierar s\u00e5klart beroende p\u00e5 vem man fr\u00e5gar. M\u00e5nga elever lyfter v\u00e5ra v\u00e4lorganiserade raster med uppskattade aktiviteter och mycket utevistelse d\u00e4r trygghet, gemenskap och samh\u00f6righet m\u00e4rks tydligt. Andra uppskattar lektionerna med praktiskt material, skapande och ett utforskande arbetss\u00e4tt. Den v\u00e4llagade lunchen \u00e4r ocks\u00e5 en favorit. Som liten skola skapar vi en n\u00e4ra milj\u00f6 som eleverna verkligen v\u00e4rdes\u00e4tter.<\/span><\/p>\n\n\t\t\t\t\t<\/div>\n\t\t\t\t\t\t\t<\/div>\n\n\t\t\t\t\t<\/div>\n\n\t\t <div class=\"ams-fifty__media u-ratio-square\">\n\t\t \t\t\t\t\t<img decoding=\"async\" width=\"600\" height=\"600\" src=\"https:\/\/innovitaskolan.se\/wp-content\/uploads\/sites\/17\/2025\/09\/innovitaskolan-grundskola-segeltorp-202204-3-600x600.png\" class=\"attachment-md size-md\" alt=\"Elever som l\u00e4ser tillsammans.\" sizes=\"(min-width: 64em) 600px, calc(100vw - 160px)\" srcset=\"https:\/\/innovitaskolan.se\/wp-content\/uploads\/sites\/17\/2025\/09\/innovitaskolan-grundskola-segeltorp-202204-3-600x600.png 600w, https:\/\/innovitaskolan.se\/wp-content\/uploads\/sites\/17\/2025\/09\/innovitaskolan-grundskola-segeltorp-202204-3-150x150.png 150w, https:\/\/innovitaskolan.se\/wp-content\/uploads\/sites\/17\/2025\/09\/innovitaskolan-grundskola-segeltorp-202204-3-300x300.png 300w, https:\/\/innovitaskolan.se\/wp-content\/uploads\/sites\/17\/2025\/09\/innovitaskolan-grundskola-segeltorp-202204-3-400x400.png 400w, https:\/\/innovitaskolan.se\/wp-content\/uploads\/sites\/17\/2025\/09\/innovitaskolan-grundskola-segeltorp-202204-3.png 667w\" \/>\n\t\t\t\n\t\t\t\n\t\t\t\t\t<\/div>\n\t<\/div>\n\n\t\t\n\n<\/section>\n\n\n\n\t<div class=\"module_wrapper ams_remote_pages_module \">\n\t\t\t\t\t\t\t<div class=\"container core-columns\">\n\t\t\t\t\t\t<div class=\"row\">\n\t\t\t\t\t\t\t<div class=\"col-12\">\n\t\t\t\t\t\t\t\t\n<div class=\"wp-block-columns is-layout-flex wp-container-core-columns-layout-1 wp-block-columns-is-layout-flex\">\n<div class=\"wp-block-column is-layout-flow wp-block-column-is-layout-flow\">\n<h2 class=\"wp-block-heading\">Moderna verktyg och metoder<\/h2>\n\n\n\n<p>Som komplement till den traditionella undervisningen f\u00e5r v\u00e5ra barn och elever tillg\u00e5ng till moderna verktyg och metoder. Det inneb\u00e4r anv\u00e4ndning av digitala hj\u00e4lpmedel s\u00e5v\u00e4l som att vi g\u00e5r utanf\u00f6r skolans v\u00e4ggar. Vi provar nytt, utv\u00e4rderar och delar v\u00e5r kunskap med varandra.<\/p>\n\n\n\n<h2 class=\"wp-block-heading\">Framtidens kompetenser<\/h2>\n\n\n\n<p>Barnen och eleverna f\u00e5r r\u00e4tt f\u00f6ruts\u00e4ttningar att lyckas tack vare skolans fokus p\u00e5 framtidens kompetenser. Vi st\u00e4rker deras praktiska och teoretiska kompetens genom att arbeta med probleml\u00f6sning, ledarskap, n\u00e4tverkande, entrepren\u00f6rskap, kommunikation samt h\u00e4lsa och v\u00e4lbefinnande. Omr\u00e5den som blir allt viktigare.<\/p>\n\n\n\n<h2 class=\"wp-block-heading\">Engagera varje elev<\/h2>\n\n\n\n<p>Genom att skapa intresse f\u00f6r hur kunskapen anv\u00e4nds engagerar vi varje elev. Att g\u00f6ra undervisningen sp\u00e4nnande och engagerande \u00e4r viktigt enligt modern forskning. Det \u00e4r ocks\u00e5 nyckeln till motivation och framg\u00e5ng. Framtiden \u00e4r sp\u00e4nnande och det ska v\u00e5r undervisning ocks\u00e5 vara. F\u00f6r alla.<\/p>\n<\/div>\n\n\n\n<div class=\"wp-block-column is-layout-flow wp-block-column-is-layout-flow\">\n\t<style>\n\t\t.inner {\n\n\t\t\tmargin: 0 auto;\n\n\n\t\t}\n\t<\/style>\n\t<div\n\t\t class=\"container images-module\" >\n\t\t<div class=\"row images_module__slideshow\">\n\n\t\t\t<div\n\t\t\t\t\tclass=\"col-md-12 p-0 position-relative images_module__slideshow images_module__slideshow-container  \">\n\t\t\t\t<div class=\"images_module__slide\" data-slide=\"\"\n\t\t\t\t\t data-duration=\"\"><\/div>\n\t\t\t\t\t\t\t\t\t<div\n\t\t\t\t\t\t class=\"images_module__slides\n\n\t\t\t\t\t   \"\n\t\t\t\t\t>\n\n\t\t\t\t\t\t<div class=\"images__wrapper\" style=\"aspect-ratio: 851 \/ 851;\">\n\t\t\t\t\t\t\t<img decoding=\"async\" width=\"1080\" height=\"1080\" src=\"https:\/\/innovitaskolan.se\/wp-content\/uploads\/2021\/04\/innovitaskolan-om-skolan-grundskola-segeltorp-202204.jpg\" class=\"images__image_ratio   images-module-image-mask image-module-mask-medium-shape1 \" alt=\"Elev p\u00e5 Innovitaskolan sitter vid sin b\u00e4nk i klassrummet.\" style=\"aspect-ratio: 851 \/ 851;object-position: center center;\" srcset=\"https:\/\/innovitaskolan.se\/wp-content\/uploads\/2021\/04\/innovitaskolan-om-skolan-grundskola-segeltorp-202204.jpg 1080w, https:\/\/innovitaskolan.se\/wp-content\/uploads\/2021\/04\/innovitaskolan-om-skolan-grundskola-segeltorp-202204-150x150.jpg 150w, https:\/\/innovitaskolan.se\/wp-content\/uploads\/2021\/04\/innovitaskolan-om-skolan-grundskola-segeltorp-202204-300x300.jpg 300w, https:\/\/innovitaskolan.se\/wp-content\/uploads\/2021\/04\/innovitaskolan-om-skolan-grundskola-segeltorp-202204-400x400.jpg 400w, https:\/\/innovitaskolan.se\/wp-content\/uploads\/2021\/04\/innovitaskolan-om-skolan-grundskola-segeltorp-202204-600x600.jpg 600w, https:\/\/innovitaskolan.se\/wp-content\/uploads\/2021\/04\/innovitaskolan-om-skolan-grundskola-segeltorp-202204-800x800.jpg 800w, https:\/\/innovitaskolan.se\/wp-content\/uploads\/2021\/04\/innovitaskolan-om-skolan-grundskola-segeltorp-202204-1024x1024.jpg 1024w\" sizes=\"(max-width: 1080px) 100vw, 1080px\" \/>\t\t\t\t\t\t<\/div>\n\t\t\t\t\t\t\n\n\t\t\t\t\t\t\t\t\t\t\t<\/div>\n\t\t\t\t\n\t\t\t\t<div class=\"images_module__container_dot\">\n\t\t\t\t\t<div style=\"text-align:center\">\n\n\n\t\t\t\t\t\t\t\t\t\t\t\t\t<span   data-i=\"0\"\n\t\t\t\t\t\t\t\t  class=\"\n\t\t\t\t\t\t\timages_module__dot\n\t\t\t\t\t\t\t\t\t\t\t\t\t\t\"\n\t\t\t\t\t\t\t><\/span>\n\t\t\t\t\t\t\t\t\t\t\t<\/div>\n\t\t\t\t<\/div>\n\n\n\t\t\t<\/div>\n\t\t<\/div>\n\t<\/div>\n\n\t\n\n\n<script>\n\tvar images_display_descriptive_text = \"\";\n<\/script>\n<\/div>\n<\/div>\n\t\t\t\t\t\t\t<\/div>\n\t\t\t\t\t\t<\/div>\n\t\t\t\t\t<\/div>\n\t\t\t\t\t\t<\/div>\n\n\t\n\n\n\n<section  class=\"ams-cta ams-cta--stacked c-block l-stacked\" data-color-scheme=\"beige\">\n\t<div class=\"l-container-narrow l-stack l-stack-fluid-2xl u-pt-fluid-3xl-6xl u-pb-fluid-3xl-6xl is-center is-center@md\">\n\t\t\t\t\t<div class=\"ams-cta__intro l-stack l-stack-lg\">\n\t\t\t\t\t\n\t<h2\n\tclass=\"c-heading u-font-title-1 \"\n\tstyle=\"\">\n\t\t\n\t\t\t\t\tS\u00f6ka skola\n\t\t\t\t\n\t<\/h2>\n\n\t\t\t\t\t\t\t\t\t<div class=\"c-text l-stack u-cs-xl u-font-body\">\n\t\t\t\t\t\t<p>Vad roligt att du vill st\u00e4lla ditt barn i k\u00f6 till v\u00e5r grundskola.<br \/>\nKlicka p\u00e5 knappen nedan f\u00f6r att komma till k\u00f6anm\u00e4lan.<\/p>\n\n\t\t\t\t\t<\/div>\n\t\t\t\t\t\t\t<\/div>\n\t\t\n\t\t\n\t\t\t<div class=\"ams-cta__action u-inline-items\">\n\t\t\t\t\t\t\t\n\n\n<a href=\"https:\/\/innovitaskolan.se\/myrangen\/koanmalan\/\"\n\t\n\tclass=\"c-btn \"\n\tdata-style=\"round\"\n\tdata-size=\"md\"\n\tdata-width=\"full-mobile\"\n\tdata-variant=\"default\"\n\ttarget=\"_self\">\n\t\t\t<span class=\"label\"> Till k\u00f6anm\u00e4lan<\/span>\n\t\t\t<\/a>\n\t\t\t<\/div>\n\t<\/div>\n\n\t\t\n\n<\/section>\n\n\n<div   id=\"page-relative-menu\" class=\"site__font-monospace   container_width--full_width_conIcon   d-lg-none  \">\n\n\t\t\t\n<\/div>\n","protected":false},"excerpt":{"rendered":"","protected":false},"author":1,"featured_media":0,"parent":20,"menu_order":0,"comment_status":"closed","ping_status":"closed","template":"","meta":{"footnotes":""},"yoast_head":"<!-- This site is optimized with the Yoast SEO plugin v22.0 - https:\/\/yoast.com\/wordpress\/plugins\/seo\/ -->\n<title>V\u00e5r grundskola | Innovitaskolan Myr\u00e4ngen | Om skolan<\/title>\n<meta name=\"description\" content=\"P\u00e5 Innovitaskolan Myr\u00e4ngens grundskola g\u00e5r elever fr\u00e5n f\u00f6rskoleklass\u2013\u00e5k 3. Vi vill att v\u00e5ra elever ska bli trygga &amp; nyfikna individer.\" \/>\n<meta name=\"robots\" content=\"index, follow, max-snippet:-1, max-image-preview:large, max-video-preview:-1\" \/>\n<link rel=\"canonical\" href=\"https:\/\/innovitaskolan.se\/myrangen\/om\/grundskola\/\" \/>\n<meta property=\"og:locale\" content=\"sv_SE\" \/>\n<meta property=\"og:type\" content=\"article\" \/>\n<meta property=\"og:title\" content=\"V\u00e5r grundskola | Innovitaskolan Myr\u00e4ngen | Om skolan\" \/>\n<meta property=\"og:description\" content=\"P\u00e5 Innovitaskolan Myr\u00e4ngens grundskola g\u00e5r elever fr\u00e5n f\u00f6rskoleklass\u2013\u00e5k 3. Vi vill att v\u00e5ra elever ska bli trygga &amp; nyfikna individer.\" \/>\n<meta property=\"og:url\" content=\"https:\/\/innovitaskolan.se\/myrangen\/om\/grundskola\/\" \/>\n<meta property=\"og:site_name\" content=\"Myr\u00e4ngen\" \/>\n<meta property=\"article:modified_time\" content=\"2026-01-07T14:11:14+00:00\" \/>\n<meta name=\"twitter:card\" content=\"summary_large_image\" \/>\n<meta name=\"twitter:title\" content=\"V\u00e5r grundskola | Innovitaskolan Myr\u00e4ngen | Om skolan\" \/>\n<meta name=\"twitter:description\" content=\"P\u00e5 Innovitaskolan Myr\u00e4ngens grundskola g\u00e5r elever fr\u00e5n f\u00f6rskoleklass\u2013\u00e5k 3. Vi vill att v\u00e5ra elever ska bli trygga &amp; nyfikna individer.\" \/>\n<meta name=\"twitter:label1\" content=\"Ber\u00e4knad l\u00e4stid\" \/>\n\t<meta name=\"twitter:data1\" content=\"3 minuter\" \/>\n<script type=\"application\/ld+json\" class=\"yoast-schema-graph\">{\"@context\":\"https:\/\/schema.org\",\"@graph\":[{\"@type\":\"WebPage\",\"@id\":\"https:\/\/innovitaskolan.se\/myrangen\/om\/grundskola\/\",\"url\":\"https:\/\/innovitaskolan.se\/myrangen\/om\/grundskola\/\",\"name\":\"V\u00e5r grundskola | Innovitaskolan Myr\u00e4ngen | Om skolan\",\"isPartOf\":{\"@id\":\"https:\/\/innovitaskolan.se\/myrangen\/#website\"},\"datePublished\":\"2021-03-04T10:29:47+00:00\",\"dateModified\":\"2026-01-07T14:11:14+00:00\",\"description\":\"P\u00e5 Innovitaskolan Myr\u00e4ngens grundskola g\u00e5r elever fr\u00e5n f\u00f6rskoleklass\u2013\u00e5k 3. Vi vill att v\u00e5ra elever ska bli trygga & nyfikna individer.\",\"breadcrumb\":{\"@id\":\"https:\/\/innovitaskolan.se\/myrangen\/om\/grundskola\/#breadcrumb\"},\"inLanguage\":\"sv-SE\",\"potentialAction\":[{\"@type\":\"ReadAction\",\"target\":[\"https:\/\/innovitaskolan.se\/myrangen\/om\/grundskola\/\"]}]},{\"@type\":\"BreadcrumbList\",\"@id\":\"https:\/\/innovitaskolan.se\/myrangen\/om\/grundskola\/#breadcrumb\",\"itemListElement\":[{\"@type\":\"ListItem\",\"position\":1,\"name\":\"Start\",\"item\":\"https:\/\/innovitaskolan.se\/myrangen\/\"},{\"@type\":\"ListItem\",\"position\":2,\"name\":\"Om skolan\",\"item\":\"https:\/\/innovitaskolan.se\/myrangen\/om\/\"},{\"@type\":\"ListItem\",\"position\":3,\"name\":\"Grundskola\"}]},{\"@type\":\"WebSite\",\"@id\":\"https:\/\/innovitaskolan.se\/myrangen\/#website\",\"url\":\"https:\/\/innovitaskolan.se\/myrangen\/\",\"name\":\"Myr\u00e4ngen\",\"description\":\"En del av AcadeMedia\",\"potentialAction\":[{\"@type\":\"SearchAction\",\"target\":{\"@type\":\"EntryPoint\",\"urlTemplate\":\"https:\/\/innovitaskolan.se\/myrangen\/?s={search_term_string}\"},\"query-input\":\"required name=search_term_string\"}],\"inLanguage\":\"sv-SE\"}]}<\/script>\n<!-- \/ Yoast SEO plugin. -->","yoast_head_json":{"title":"V\u00e5r grundskola | Innovitaskolan Myr\u00e4ngen | Om skolan","description":"P\u00e5 Innovitaskolan Myr\u00e4ngens grundskola g\u00e5r elever fr\u00e5n f\u00f6rskoleklass\u2013\u00e5k 3. Vi vill att v\u00e5ra elever ska bli trygga & nyfikna individer.","robots":{"index":"index","follow":"follow","max-snippet":"max-snippet:-1","max-image-preview":"max-image-preview:large","max-video-preview":"max-video-preview:-1"},"canonical":"https:\/\/innovitaskolan.se\/myrangen\/om\/grundskola\/","og_locale":"sv_SE","og_type":"article","og_title":"V\u00e5r grundskola | Innovitaskolan Myr\u00e4ngen | Om skolan","og_description":"P\u00e5 Innovitaskolan Myr\u00e4ngens grundskola g\u00e5r elever fr\u00e5n f\u00f6rskoleklass\u2013\u00e5k 3. Vi vill att v\u00e5ra elever ska bli trygga & nyfikna individer.","og_url":"https:\/\/innovitaskolan.se\/myrangen\/om\/grundskola\/","og_site_name":"Myr\u00e4ngen","article_modified_time":"2026-01-07T14:11:14+00:00","twitter_card":"summary_large_image","twitter_title":"V\u00e5r grundskola | Innovitaskolan Myr\u00e4ngen | Om skolan","twitter_description":"P\u00e5 Innovitaskolan Myr\u00e4ngens grundskola g\u00e5r elever fr\u00e5n f\u00f6rskoleklass\u2013\u00e5k 3. Vi vill att v\u00e5ra elever ska bli trygga & nyfikna individer.","twitter_misc":{"Ber\u00e4knad l\u00e4stid":"3 minuter"},"schema":{"@context":"https:\/\/schema.org","@graph":[{"@type":"WebPage","@id":"https:\/\/innovitaskolan.se\/myrangen\/om\/grundskola\/","url":"https:\/\/innovitaskolan.se\/myrangen\/om\/grundskola\/","name":"V\u00e5r grundskola | Innovitaskolan Myr\u00e4ngen | Om skolan","isPartOf":{"@id":"https:\/\/innovitaskolan.se\/myrangen\/#website"},"datePublished":"2021-03-04T10:29:47+00:00","dateModified":"2026-01-07T14:11:14+00:00","description":"P\u00e5 Innovitaskolan Myr\u00e4ngens grundskola g\u00e5r elever fr\u00e5n f\u00f6rskoleklass\u2013\u00e5k 3. Vi vill att v\u00e5ra elever ska bli trygga & nyfikna individer.","breadcrumb":{"@id":"https:\/\/innovitaskolan.se\/myrangen\/om\/grundskola\/#breadcrumb"},"inLanguage":"sv-SE","potentialAction":[{"@type":"ReadAction","target":["https:\/\/innovitaskolan.se\/myrangen\/om\/grundskola\/"]}]},{"@type":"BreadcrumbList","@id":"https:\/\/innovitaskolan.se\/myrangen\/om\/grundskola\/#breadcrumb","itemListElement":[{"@type":"ListItem","position":1,"name":"Start","item":"https:\/\/innovitaskolan.se\/myrangen\/"},{"@type":"ListItem","position":2,"name":"Om skolan","item":"https:\/\/innovitaskolan.se\/myrangen\/om\/"},{"@type":"ListItem","position":3,"name":"Grundskola"}]},{"@type":"WebSite","@id":"https:\/\/innovitaskolan.se\/myrangen\/#website","url":"https:\/\/innovitaskolan.se\/myrangen\/","name":"Myr\u00e4ngen","description":"En del av AcadeMedia","potentialAction":[{"@type":"SearchAction","target":{"@type":"EntryPoint","urlTemplate":"https:\/\/innovitaskolan.se\/myrangen\/?s={search_term_string}"},"query-input":"required name=search_term_string"}],"inLanguage":"sv-SE"}]}},"_links":{"self":[{"href":"https:\/\/innovitaskolan.se\/myrangen\/wp-json\/wp\/v2\/pages\/24"}],"collection":[{"href":"https:\/\/innovitaskolan.se\/myrangen\/wp-json\/wp\/v2\/pages"}],"about":[{"href":"https:\/\/innovitaskolan.se\/myrangen\/wp-json\/wp\/v2\/types\/page"}],"author":[{"embeddable":true,"href":"https:\/\/innovitaskolan.se\/myrangen\/wp-json\/wp\/v2\/users\/1"}],"replies":[{"embeddable":true,"href":"https:\/\/innovitaskolan.se\/myrangen\/wp-json\/wp\/v2\/comments?post=24"}],"version-history":[{"count":9,"href":"https:\/\/innovitaskolan.se\/myrangen\/wp-json\/wp\/v2\/pages\/24\/revisions"}],"predecessor-version":[{"id":2092,"href":"https:\/\/innovitaskolan.se\/myrangen\/wp-json\/wp\/v2\/pages\/24\/revisions\/2092"}],"up":[{"embeddable":true,"href":"https:\/\/innovitaskolan.se\/myrangen\/wp-json\/wp\/v2\/pages\/20"}],"wp:attachment":[{"href":"https:\/\/innovitaskolan.se\/myrangen\/wp-json\/wp\/v2\/media?parent=24"}],"curies":[{"name":"wp","href":"https:\/\/api.w.org\/{rel}","templated":true}]}}