{"id":20,"date":"2021-03-04T11:29:29","date_gmt":"2021-03-04T10:29:29","guid":{"rendered":"https:\/\/innovitaskolan.se\/myrangen\/?page_id=20"},"modified":"2025-09-11T14:07:59","modified_gmt":"2025-09-11T12:07:59","slug":"om","status":"publish","type":"page","link":"https:\/\/innovitaskolan.se\/myrangen\/om\/","title":{"rendered":"Om skolan"},"content":{"rendered":"\n\t\n\t\n\t\n\n\t\n\t\n\t\t\n<section  class=\"c-block l-stacked  \" data-color-scheme=\"\">\n\t<div class=\"ams-fifty ams-fifty--container ams-fifty--right ams-fifty--bottom l-container u-pt-fluid-2xl-4xl u-pb-fluid-md-xl\">\n\t\t<div class=\"ams-fifty__content l-stack l-stack-xl is-left is-left@lg\">\n\t\t\t<div class=\"ams-fifty__text l-stack l-stack-lg\">\n\t\t\t\t\t\n\t<h1\n\tclass=\"c-heading u-font-title-1 \"\n\tstyle=\"\">\n\t\t\n\t\t\t\t\t\t\t\t\tOm Innovita\u00adskolan Myr\u00e4ngen\n\t\t\t\t<span class=\"c-heading__sub is-below u-font-title-3\">\n\t\t\t\t\tVi \u00e4r en grundskola med f\u00f6rskoleklass till \u00e5rskurs 3, d\u00e4r elever f\u00e5r kunskap och verktyg att forma sin framtid.\n\t\t\t\t<\/span>\n\t\t\t\t\t\t\t\n\t<\/h1>\n\n\t\t\t\t\t\t\t\t\t<div class=\"text l-stack u-font-body\">\n\t\t\t\t\t\t<p><!-- wp:heading --><\/p>\n<h2 class=\"wp-block-heading\"><!-- wp:heading --><\/h2>\n<h2 class=\"wp-block-heading\">Ett heldagsl\u00e4rande<\/h2>\n<p>P\u00e5 Innovitaskolan Myr\u00e4ngen arbetar vi utifr\u00e5n ett heldagsl\u00e4rande. Det inneb\u00e4r att vi ser skol-, rast- och fritidsverksamheten som lika viktiga komponenter i barnens l\u00e4rande och utveckling. Det st\u00e4ller h\u00f6ga krav p\u00e5 v\u00e5ra olika kompetenser och uppdrag. I praktiken inneb\u00e4r ett heldagsl\u00e4rande att barnen m\u00f6ter en planerad, dokumenterad och undervisande verksamhet \u2013 oavsett om de har lektion, rast eller \u00e4r p\u00e5 fritids.<\/p>\n<h2><!-- \/wp:paragraph -->Om oss som jobbar h\u00e4r<\/h2>\n<p>Hos oss p\u00e5 Innovitaskolan Myr\u00e4ngen ser vi till att barnen k\u00e4nner sig sedda och omh\u00e4ndertagna. H\u00e4r \u00e4r all personal lika engagerade och delaktiga i den utbildning som barn och eleverna ges under sin tid p\u00e5 skolan. Vi anv\u00e4nder oss av samplanering, skol- och fritidsutveckling samt kollegialt l\u00e4rande f\u00f6r att tillsammans ge eleverna en likv\u00e4rdig utbildning.<\/p>\n<p>Vi arbetar aktivt f\u00f6r att h\u00e5lla oss uppdaterade med den senaste forskningen och tror p\u00e5 att st\u00e4ndigt kompetensutvecklas. Ett kvitto p\u00e5 v\u00e5r pedagogiska skicklighet \u00e4r v\u00e5r h\u00f6ga m\u00e5luppfyllelse. Vi tror p\u00e5 ett gemensamt pedagogiskt ledarskap som s\u00e4tter barnens b\u00e4sta i fokus.<!-- \/wp:paragraph --><\/p>\n<h2 class=\"wp-block-heading\"><!-- wp:heading --><\/h2>\n<p><!-- \/wp:paragraph --><\/p>\n\n\t\t\t\t\t<\/div>\n\t\t\t\t\t\t\t<\/div>\n\n\t\t\t\t\t<\/div>\n\n\t\t <div class=\"ams-fifty__media u-ratio-square\">\n\t\t \t\t\t\t\t<img decoding=\"async\" width=\"600\" height=\"600\" src=\"https:\/\/innovitaskolan.se\/wp-content\/uploads\/sites\/17\/2025\/09\/innovitaskolan-explore-molndal-202405-600x600.png\" class=\"attachment-md size-md\" alt=\"Elev som unders\u00f6ker en v\u00e4xt.\" sizes=\"(min-width: 64em) 600px, calc(100vw - 160px)\" srcset=\"https:\/\/innovitaskolan.se\/wp-content\/uploads\/sites\/17\/2025\/09\/innovitaskolan-explore-molndal-202405-600x600.png 600w, https:\/\/innovitaskolan.se\/wp-content\/uploads\/sites\/17\/2025\/09\/innovitaskolan-explore-molndal-202405-150x150.png 150w, https:\/\/innovitaskolan.se\/wp-content\/uploads\/sites\/17\/2025\/09\/innovitaskolan-explore-molndal-202405-300x300.png 300w, https:\/\/innovitaskolan.se\/wp-content\/uploads\/sites\/17\/2025\/09\/innovitaskolan-explore-molndal-202405-400x400.png 400w, https:\/\/innovitaskolan.se\/wp-content\/uploads\/sites\/17\/2025\/09\/innovitaskolan-explore-molndal-202405.png 667w\" \/>\n\t\t\t\n\t\t\t\n\t\t\t\t\t<\/div>\n\t<\/div>\n\n\t\t\n\n<\/section>\n\n\n\n\t\n\t\n\t\n\n\t\n\t\n\t\t\n<section  class=\"c-block l-stacked  \" data-color-scheme=\"\">\n\t<div class=\"ams-fifty ams-fifty--container ams-fifty--left ams-fifty--bottom l-container u-pt-fluid-md-xl u-pb-fluid-md-xl\">\n\t\t<div class=\"ams-fifty__content l-stack l-stack-xl is-left is-left@lg\">\n\t\t\t<div class=\"ams-fifty__text l-stack l-stack-lg\">\n\t\t\t\t\n\t\t\t\t\t\t\t\t\t<div class=\"text l-stack u-font-body\">\n\t\t\t\t\t\t<p><!-- wp:heading --><\/p>\n<h2 class=\"wp-block-heading\"><!-- wp:heading --><\/h2>\n<h2 class=\"wp-block-heading\">V\u00e5ra lokaler<\/h2>\n<p>Vi har ljusa och rymliga lokaler som vi utnyttjar b\u00e5de under skoltid och p\u00e5 fritids. Lokalerna \u00e4r en del av elevernas arbetsmilj\u00f6 och f\u00f6ruts\u00e4ttningen f\u00f6r att skapa ett gynnsamt arbetsklimat \u00e4r att det \u00e4r ordning och reda i lokalerna. En del av undervisningen bedrivs i v\u00e5r vackra omgivning som bjuder p\u00e5 ett rikt v\u00e4xt- och djurliv.<\/p>\n<p>P\u00e5 \u00f6verv\u00e5ningen finns fyra grupper som g\u00e5r under namnet F\u00e4rgl\u00e5dan- R\u00f6d, Gr\u00f6n, Rosa och Bl\u00e5. P\u00e5 bottenplan hittar du Regnb\u00e5gen med v\u00e5ra barn i f\u00f6rskoleklass och f\u00f6rstaklass. \u00c4ven regnb\u00e5gen \u00e4r indelade i fyra grupper; Orange, Gul, Turkos och Lila.<\/p>\n<h2><!-- \/wp:paragraph -->Samarbeten p\u00e5 skolan<\/h2>\n<p>Vi kombinerar h\u00f6ga \u00e4mneskunskaper med samarbeten inom n\u00e4rings- och f\u00f6reningslivet. Barnen och eleverna f\u00e5r jobba i projekt kopplade till bland annat Generation Pep, som tillsammans med oss som skola ser till att h\u00e4lsa och r\u00f6relse \u00e4r en naturlig del av skoldagen.<\/p>\n<p>Innovitaskolan Myr\u00e4ngen \u00e4r k\u00e4nd f\u00f6r sin goda st\u00e4mning och samarbete mellan barn, elever, l\u00e4rare och v\u00e5rdnadshavare som vi h\u00e5ller kontakt med. Det \u00e5ldersintegrerade arbetet bidrar till trygghet och samh\u00f6righet.<\/p>\n<p>&nbsp;<\/p>\n<p><!-- \/wp:paragraph --><\/p>\n\n\t\t\t\t\t<\/div>\n\t\t\t\t\t\t\t<\/div>\n\n\t\t\t\t\t<\/div>\n\n\t\t <div class=\"ams-fifty__media u-ratio-square\">\n\t\t \t\t\t\t\t<img decoding=\"async\" width=\"600\" height=\"600\" src=\"https:\/\/innovitaskolan.se\/wp-content\/uploads\/sites\/17\/2025\/09\/innovitaskolan-pedagog-segeltorp-202303-600x600.png\" class=\"attachment-md size-md\" alt=\"Elever som r\u00e4cker upp handen inf\u00f6r l\u00e4rare.\" sizes=\"(min-width: 64em) 600px, calc(100vw - 160px)\" srcset=\"https:\/\/innovitaskolan.se\/wp-content\/uploads\/sites\/17\/2025\/09\/innovitaskolan-pedagog-segeltorp-202303-600x600.png 600w, https:\/\/innovitaskolan.se\/wp-content\/uploads\/sites\/17\/2025\/09\/innovitaskolan-pedagog-segeltorp-202303-150x150.png 150w, https:\/\/innovitaskolan.se\/wp-content\/uploads\/sites\/17\/2025\/09\/innovitaskolan-pedagog-segeltorp-202303-300x300.png 300w, https:\/\/innovitaskolan.se\/wp-content\/uploads\/sites\/17\/2025\/09\/innovitaskolan-pedagog-segeltorp-202303-400x400.png 400w, https:\/\/innovitaskolan.se\/wp-content\/uploads\/sites\/17\/2025\/09\/innovitaskolan-pedagog-segeltorp-202303.png 667w\" \/>\n\t\t\t\n\t\t\t\n\t\t\t\t\t<\/div>\n\t<\/div>\n\n\t\t\n\n<\/section>\n\n\n\n\t\n\t\n\t\n\n\t\n\t\n\t\t\n<section  class=\"c-block l-stacked  \" data-color-scheme=\"\">\n\t<div class=\"ams-fifty ams-fifty--container ams-fifty--right ams-fifty--bottom l-container u-pt-fluid-md-xl u-pb-fluid-md-xl\">\n\t\t<div class=\"ams-fifty__content l-stack l-stack-xl is-left is-left@lg\">\n\t\t\t<div class=\"ams-fifty__text l-stack l-stack-lg\">\n\t\t\t\t\n\t\t\t\t\t\t\t\t\t<div class=\"text l-stack u-font-body\">\n\t\t\t\t\t\t<h2>\u00d6kad r\u00f6relse p\u00e5 skolan<\/h2>\n<p>P\u00e5 v\u00e5r skola skapar vi m\u00f6jlighet f\u00f6r \u00f6kad aktivitet och trivsel p\u00e5 rasterna. Vi har styrda rastaktiviteter och rastv\u00e4rdar som finns tillg\u00e4ngliga f\u00f6r eleverna. Aktiviteterna kan vara allt fr\u00e5n kullekar och utebandy till att kasta prick m.m. Dessa aktiviteter styrs upp av personalen varje dag och eleverna f\u00e5r m\u00f6jlighet att vara med n\u00e4r de vill.<\/p>\n<p>Syftet med organiserad rastverksamhet \u00e4r att\u00a0bygga goda v\u00e4nskapsrelationer och fr\u00e4mja v\u00e4rderingar som inkludering, v\u00e4nlighet och respekt samt\u00a0f\u00f6rebygga kon\ufb02ikter och mobbning. Genom organiserad rastverksamhet \u00f6kar vi ocks\u00e5 tryggheten och gemenskapen f\u00f6r eleverna.<\/p>\n\n\t\t\t\t\t<\/div>\n\t\t\t\t\t\t\t<\/div>\n\n\t\t\t\t\t<\/div>\n\n\t\t <div class=\"ams-fifty__media u-ratio-square\">\n\t\t \t\t\t\t\t<img decoding=\"async\" width=\"600\" height=\"600\" src=\"https:\/\/innovitaskolan.se\/wp-content\/uploads\/sites\/17\/2025\/09\/innovitaskolan-mellanstadie-molndal-202405-1-600x600.png\" class=\"attachment-md size-md\" alt=\"Elever och l\u00e4rare som leker utomhus.\" sizes=\"(min-width: 64em) 600px, calc(100vw - 160px)\" srcset=\"https:\/\/innovitaskolan.se\/wp-content\/uploads\/sites\/17\/2025\/09\/innovitaskolan-mellanstadie-molndal-202405-1-600x600.png 600w, https:\/\/innovitaskolan.se\/wp-content\/uploads\/sites\/17\/2025\/09\/innovitaskolan-mellanstadie-molndal-202405-1-150x150.png 150w, https:\/\/innovitaskolan.se\/wp-content\/uploads\/sites\/17\/2025\/09\/innovitaskolan-mellanstadie-molndal-202405-1-300x300.png 300w, https:\/\/innovitaskolan.se\/wp-content\/uploads\/sites\/17\/2025\/09\/innovitaskolan-mellanstadie-molndal-202405-1-400x400.png 400w, https:\/\/innovitaskolan.se\/wp-content\/uploads\/sites\/17\/2025\/09\/innovitaskolan-mellanstadie-molndal-202405-1.png 667w\" \/>\n\t\t\t\n\t\t\t\n\t\t\t\t\t<\/div>\n\t<\/div>\n\n\t\t\n\n<\/section>\n\n\n\n\n<section  class=\"ams-cta ams-cta--stacked c-block l-stacked\" data-color-scheme=\"rod\">\n\t<div class=\"l-container-narrow l-stack l-stack-fluid-2xl u-pt-fluid-3xl-6xl u-pb-fluid-3xl-6xl is-center is-center@md\">\n\t\t\t\t\t<div class=\"ams-cta__intro l-stack l-stack-lg\">\n\t\t\t\t\t\n\t<h2\n\tclass=\"c-heading u-font-title-1 \"\n\tstyle=\"\">\n\t\t\n\t\t\t\t\tSt\u00e4ll ditt barn i k\u00f6 till oss\n\t\t\t\t\n\t<\/h2>\n\n\t\t\t\t\t\t\t\t\t<div class=\"c-text l-stack u-cs-xl u-font-body\">\n\t\t\t\t\t\t<p>Vad roligt att du \u00e4r intresserad av v\u00e5r skola! St\u00e4ll ditt barn i k\u00f6 redan idag d\u00e5 vi antar efter anm\u00e4lningsdatum.<\/p>\n\n\t\t\t\t\t<\/div>\n\t\t\t\t\t\t\t<\/div>\n\t\t\n\t\t\n\t\t\t<div class=\"ams-cta__action u-inline-items\">\n\t\t\t\t\t\t\t\n\n\n<a href=\"https:\/\/innovitaskolan.se\/myrangen\/koanmalan\/\"\n\t\n\tclass=\"c-btn \"\n\tdata-style=\"round\"\n\tdata-size=\"md\"\n\tdata-width=\"full-mobile\"\n\tdata-variant=\"default\"\n\ttarget=\"_self\">\n\t\t\t<span class=\"label\"> Till k\u00f6anm\u00e4lan<\/span>\n\t\t\t<\/a>\n\t\t\t<\/div>\n\t<\/div>\n\n\t\t\n\n<\/section>\n\n\n\n\n<section  class=\"ams-usp c-block l-stacked\" data-color-scheme=\"artikelkort-i-artikel\">\n\t<div class=\"l-container l-stack l-stack-fluid-2xl u-pt-fluid-2xl-4xl u-pb-fluid-2xl-4xl is-center is-center@md\">\n\t\t\t\t\t<div class=\"ams-usp__intro l-stack l-stack-lg\">\n\t\t\t\t\t\n\t<h2\n\tclass=\"c-heading u-font-title-1 \"\n\tstyle=\"\">\n\t\t\n\t\t\t\t\tDet h\u00e4r \u00e4r Innovita&shy;skolan\n\t\t\t\t\n\t<\/h2>\n\n\t\t\t\t\t\t\t<\/div>\n\t\t\n\t\t\t<ul class=\"ams-usp__list l-grid u-justify-center u-gap-fluid-2xl-4xl\">\n\t\t\t\t\t<li class=\"l-col-6@md l-col-4@lg\">\n\t\t\t\t<article\n\t\t\t\t\tclass=\"\n\t\t\t\t\tc-card\n\t\t\t\t\thas-media-zoom\n\t\t\t\t\t\n\t\t\t\t\t\n\t\t\t\t\t\"\n\t\t\t\t\tdata-variant=\"neutral\"\n\t\t\t\t\tdata-style=\"square\"\n\t\t\t\t\t\n\t\t\t\t\t>\n\t\t\t\t\t\t\t\t\t\t\t<div class=\"c-card__content l-stack l-stack-sm u-text-center\">\n\t\t\t\t\t\t\t\t\t\t\t\t\t\t\t<h3 class=\"c-card__title u-font-title-3\">\n\t\t\t\t\t\t\t\t\t\t\t\t\t\t\t\t\t\t\t\t\t\t\t\t\t\t\t\t\t\tExplore\n\t\t\t\t\t\t\t\t\t\t\t\t\t\t\t\t\t\t\t\t\t\t\t\t\t\t\t<\/h3>\n\t\t\t\t\t\t\t\n\t\t\t\t\t\t\t\t\t\t\t\t\t\t\t<div class=\"c-card__text l-stack-xs u-font-body\">\n\t\t\t\t\t\t\t\t\t<p>Vi \u00e4r nyfikna och utforskar morgondagen.<\/p>\n\n\t\t\t\t\t\t\t\t<\/div>\n\t\t\t\t\t\t\t\t\t\t\t\t\t<\/div>\n\t\t\t\t\t\n\t\t\t\t\t<div class=\"c-card__media\">\n\t\t\t\t\t\t\t\t\t\t\t\t\t<img decoding=\"async\" width=\"400\" height=\"293\" src=\"https:\/\/innovitaskolan.se\/wp-content\/uploads\/sites\/17\/2025\/08\/innovitaskolansegeltorp202305mellanstadie7webbformusp-400x293.png\" class=\"u-radius-rounded u-ratio-landscape  ams_icon_size_default\" alt=\"Elev i mellanstadiet kollar genom f\u00f6rstoringsglas.\" srcset=\"https:\/\/innovitaskolan.se\/wp-content\/uploads\/sites\/17\/2025\/08\/innovitaskolansegeltorp202305mellanstadie7webbformusp-400x293.png 400w, https:\/\/innovitaskolan.se\/wp-content\/uploads\/sites\/17\/2025\/08\/innovitaskolansegeltorp202305mellanstadie7webbformusp-300x220.png 300w, https:\/\/innovitaskolan.se\/wp-content\/uploads\/sites\/17\/2025\/08\/innovitaskolansegeltorp202305mellanstadie7webbformusp-600x440.png 600w, https:\/\/innovitaskolan.se\/wp-content\/uploads\/sites\/17\/2025\/08\/innovitaskolansegeltorp202305mellanstadie7webbformusp.png 667w\" sizes=\"(max-width: 400px) 100vw, 400px\" \/>\n\t\t\t\t\t\t\t\t\t\t\t<\/div>\n\t\t\t\t<\/article>\n\t\t\t<\/li>\n\n\t\t\t\t\t<li class=\"l-col-6@md l-col-4@lg\">\n\t\t\t\t<article\n\t\t\t\t\tclass=\"\n\t\t\t\t\tc-card\n\t\t\t\t\thas-media-zoom\n\t\t\t\t\t\n\t\t\t\t\t\n\t\t\t\t\t\"\n\t\t\t\t\tdata-variant=\"neutral\"\n\t\t\t\t\tdata-style=\"square\"\n\t\t\t\t\t\n\t\t\t\t\t>\n\t\t\t\t\t\t\t\t\t\t\t<div class=\"c-card__content l-stack l-stack-sm u-text-center\">\n\t\t\t\t\t\t\t\t\t\t\t\t\t\t\t<h3 class=\"c-card__title u-font-title-3\">\n\t\t\t\t\t\t\t\t\t\t\t\t\t\t\t\t\t\t\t\t\t\t\t\t\t\t\t\t\t\tInnovate\n\t\t\t\t\t\t\t\t\t\t\t\t\t\t\t\t\t\t\t\t\t\t\t\t\t\t\t<\/h3>\n\t\t\t\t\t\t\t\n\t\t\t\t\t\t\t\t\t\t\t\t\t\t\t<div class=\"c-card__text l-stack-xs u-font-body\">\n\t\t\t\t\t\t\t\t\t<p>Vi prototypar, testar och jobbar kreativt.<\/p>\n\n\t\t\t\t\t\t\t\t<\/div>\n\t\t\t\t\t\t\t\t\t\t\t\t\t<\/div>\n\t\t\t\t\t\n\t\t\t\t\t<div class=\"c-card__media\">\n\t\t\t\t\t\t\t\t\t\t\t\t\t<img decoding=\"async\" width=\"400\" height=\"293\" src=\"https:\/\/innovitaskolan.se\/wp-content\/uploads\/sites\/17\/2025\/08\/innovitaskolansegeltorp202204forskoleklass-lagstadie6webbformusp-400x293.png\" class=\"u-radius-rounded u-ratio-landscape  ams_icon_size_default\" alt=\"Tv\u00e5 glada flickor st\u00e5r framme vid tavlan och presenterar sitt arbete.\" srcset=\"https:\/\/innovitaskolan.se\/wp-content\/uploads\/sites\/17\/2025\/08\/innovitaskolansegeltorp202204forskoleklass-lagstadie6webbformusp-400x293.png 400w, https:\/\/innovitaskolan.se\/wp-content\/uploads\/sites\/17\/2025\/08\/innovitaskolansegeltorp202204forskoleklass-lagstadie6webbformusp-300x220.png 300w, https:\/\/innovitaskolan.se\/wp-content\/uploads\/sites\/17\/2025\/08\/innovitaskolansegeltorp202204forskoleklass-lagstadie6webbformusp-600x440.png 600w, https:\/\/innovitaskolan.se\/wp-content\/uploads\/sites\/17\/2025\/08\/innovitaskolansegeltorp202204forskoleklass-lagstadie6webbformusp.png 667w\" sizes=\"(max-width: 400px) 100vw, 400px\" \/>\n\t\t\t\t\t\t\t\t\t\t\t<\/div>\n\t\t\t\t<\/article>\n\t\t\t<\/li>\n\n\t\t\t\t\t<li class=\"l-col-6@md l-col-4@lg\">\n\t\t\t\t<article\n\t\t\t\t\tclass=\"\n\t\t\t\t\tc-card\n\t\t\t\t\thas-media-zoom\n\t\t\t\t\t\n\t\t\t\t\t\n\t\t\t\t\t\"\n\t\t\t\t\tdata-variant=\"neutral\"\n\t\t\t\t\tdata-style=\"square\"\n\t\t\t\t\t\n\t\t\t\t\t>\n\t\t\t\t\t\t\t\t\t\t\t<div class=\"c-card__content l-stack l-stack-sm u-text-center\">\n\t\t\t\t\t\t\t\t\t\t\t\t\t\t\t<h3 class=\"c-card__title u-font-title-3\">\n\t\t\t\t\t\t\t\t\t\t\t\t\t\t\t\t\t\t\t\t\t\t\t\t\t\t\t\t\t\tBalance\n\t\t\t\t\t\t\t\t\t\t\t\t\t\t\t\t\t\t\t\t\t\t\t\t\t\t\t<\/h3>\n\t\t\t\t\t\t\t\n\t\t\t\t\t\t\t\t\t\t\t\t\t\t\t<div class=\"c-card__text l-stack-xs u-font-body\">\n\t\t\t\t\t\t\t\t\t<div class=\"TypographyPresentation TypographyPresentation--medium RichText3-paragraph--withVSpacingNormal RichText3-paragraph HighlightSol HighlightSol--buildingBlock\">Med fokus p\u00e5 fysiskt, mentalt och socialt v\u00e4lbefinnande.<\/div>\n\n\t\t\t\t\t\t\t\t<\/div>\n\t\t\t\t\t\t\t\t\t\t\t\t\t<\/div>\n\t\t\t\t\t\n\t\t\t\t\t<div class=\"c-card__media\">\n\t\t\t\t\t\t\t\t\t\t\t\t\t<img decoding=\"async\" width=\"400\" height=\"293\" src=\"https:\/\/innovitaskolan.se\/wp-content\/uploads\/sites\/17\/2025\/08\/innovitaskolansegeltorp202305forskoleklass-lagstadie3webbformusp-400x293.png\" class=\"u-radius-rounded u-ratio-landscape  ams_icon_size_default\" alt=\"Elev p\u00e5 Innovitaskolan h\u00e5ller i en bok.\" srcset=\"https:\/\/innovitaskolan.se\/wp-content\/uploads\/sites\/17\/2025\/08\/innovitaskolansegeltorp202305forskoleklass-lagstadie3webbformusp-400x293.png 400w, https:\/\/innovitaskolan.se\/wp-content\/uploads\/sites\/17\/2025\/08\/innovitaskolansegeltorp202305forskoleklass-lagstadie3webbformusp-300x220.png 300w, https:\/\/innovitaskolan.se\/wp-content\/uploads\/sites\/17\/2025\/08\/innovitaskolansegeltorp202305forskoleklass-lagstadie3webbformusp-600x440.png 600w, https:\/\/innovitaskolan.se\/wp-content\/uploads\/sites\/17\/2025\/08\/innovitaskolansegeltorp202305forskoleklass-lagstadie3webbformusp.png 667w\" sizes=\"(max-width: 400px) 100vw, 400px\" \/>\n\t\t\t\t\t\t\t\t\t\t\t<\/div>\n\t\t\t\t<\/article>\n\t\t\t<\/li>\n\n\t\t\t<\/ul>\n\n\t\t\t<div class=\"ams-usp__action u-inline-items\">\n\t\t\t\t\t\t\t\n\n\n<a href=\"https:\/\/innovitaskolan.se\/myrangen\/pedagogiskt-koncept\/\"\n\t\n\tclass=\"c-btn \"\n\tdata-style=\"round\"\n\tdata-size=\"md\"\n\tdata-width=\"full-mobile\"\n\tdata-variant=\"default\"\n\ttarget=\"_self\">\n\t\t\t<span class=\"label\"> V\u00e5rt pedagogiska koncept<\/span>\n\t\t\t<\/a>\n\t\t\t<\/div>\n\t<\/div>\n\n\t\t\n\n<\/section>\n\n\n\n<section \n\t\t class=\"\n\t\t ams-contact\n\t\t \n\t\t c-block l-stacked\n\t\t \n\t\t \n\t\t js-load-more\n\t\t \"\n\t\t data-color-scheme=\"kontakt-ljus\"\n\t\t\t\t\tdata-count=\"3\"\n\t\t\t\t\t\t\tdata-count-mobile=\"2\"\n\t\t\t\t>\n\t<div\n\t\t class=\"\n\t\t l-container\n\t\t l-stack l-stack-fluid-2xl\n\t\t u-pt-fluid-3xl-6xl\n\t\t u-pb-fluid-3xl-6xl\n\t\t is-center\n\t\t is-center@md\n\t\t \">\n\t\t\t\t\t<div class=\"ams-contact__intro l-stack l-stack-lg\">\n\t\t\t\t\t\n\t<h2\n\tclass=\"c-heading u-font-title-1 \"\n\tstyle=\"\">\n\t\t\n\t\t\t\t\tKvalitets\u00adrapport\n\t\t\t\t\n\t<\/h2>\n\n\t\t\t\t\t\t\t\t\t<div class=\"c-text l-stack u-cs-xl u-font-body\">\n\t\t\t\t\t\t<p>Vill du ta del av v\u00e5r kvalitetsrapport? Kontakta skolans administrat\u00f6r eller rektor.<\/p>\n\n\t\t\t\t\t<\/div>\n\t\t\t\t\t\t\t<\/div>\n\t\t\n\t\t\n\t\t    \t\n\t\t\n\t\t<ul\n\t\t\tid=\"contact-grid-69f293d91fe62\"\n\t\t\tclass=\"ams-contact__list l-grid u-gap-fluid-2xl-4xl u-justify-center js-results \"\n\t\t\taria-label=\"Kontakter\"\n\t\t\tdata-filter-animation=\"off\"\n\t\t\t>\n\t\t\t\t\t\t\t\t\t\t\t\n\t\t\t\t\n\t\t\t\t<li class=\"l-col-6@md \" data-filter=\"b\">\n\t\t\t\t\t<article class=\"c-card \" data-variant=\"neutral\">\n\t\t\t\t\t\t<div class=\"c-card__content u-text-center\">\n\t\t\t\t\t\t\t\t\t\t\t\t\t\t\t<h3 class=\"c-card__title u-font-title-3\">\n\t\t\t\t\t\t\t\t\tAnna-Carin S\u00f6derstr\u00f6m\n\t\t\t\t\t\t\t\t<\/h3>\n\t\t\t\t\t\t\t\n\t\t\t\t\t\t\t\t\t\t\t\t\t\t\t<p class=\"position u-font-body\">Administrat\u00f6r (m\u00e5ndagar &amp; onsdagar)<\/p>\n\t\t\t\t\t\t\t\n\t\t\t\t\t\t\t\t\t\t\t\t\t\t\t<div class=\"contact-info u-font-body\">\n\t\t\t\t\t\t\t\t\t\t\t\t\t\t\t\t\t\t\t\t\t\t\t\t\t\t\t\t\t\t<p class=\"phone\"><a\n\t\t\t\t\t\t\t\t\t\t\t\t\thref=\"tel:086083458\"\n\t\t\t\t\t\t\t\t\t\t\t\t\tclass=\"u-text-link\">08-608 34 58<\/a>\n\t\t\t\t\t\t\t\t\t\t\t<\/p>\n\t\t\t\t\t\t\t\t\t\t\t\t\t\t\t\t\t\t\t\n\t\t\t\t\t\t\t\t\t\t\t\t\t\t\t\t\t\t\t\t\t\t\t\t\t\t\t\t\t\t<p class=\"email\"><a\n\t\t\t\t\t\t\t\t\t\t\t\t\thref=\"m&#097;&#105;&#108;t&#111;&#058;&#109;y&#114;a&#110;&#103;e&#110;&#064;inn&#111;&#118;&#105;&#116;&#097;sk&#111;&#108;an&#046;&#115;&#101;\"\n\t\t\t\t\t\t\t\t\t\t\t\t\tclass=\"u-text-link\">&#109;yr&#097;&#110;&#103;&#101;&#110;&#064;i&#110;n&#111;&#118;&#105;t&#097;sk&#111;&#108;an.se<\/a>\n\t\t\t\t\t\t\t\t\t\t\t<\/p>\n\t\t\t\t\t\t\t\t\t\t\t\t\t\t\t\t\t\t\t\t\t\t\t\t\t\t\t<\/div>\n\t\t\t\t\t\t\t\n\t\t\t\t\t\t\t\t\t\t\t\t\t<\/div>\n\t\t\t\t\t\t<div class=\"c-card__media\">\n\t\t\t\t\t\t\t\t\t\t\t\t\t\t\t\t\t\t\t\t\t\t\t\t\t\t\t\t\t\t\t\t\t\t\t\t\t\t\t\t\t\t\t\t\t\t\t\t\t<img decoding=\"async\" width=\"150\" height=\"150\" src=\"https:\/\/innovitaskolan.se\/wp-content\/uploads\/sites\/17\/2021\/06\/anna-carin-soderstrom-150x150-1.jpg\" class=\"u-radius-rounded u-ratio-landscape card-image-mask-shape2 \" alt=\"\" sizes=\"(max-width: 300px) 100vw, 300px\" \/>\n\t\t\t\t\t\t<\/div>\n\t\t\t\t\t<\/article>\n\t\t\t\t<\/li>\n\t\t\t\t\t\t\t\t\t\t\t\n\t\t\t\t\n\t\t\t\t<li class=\"l-col-6@md \" data-filter=\"a\">\n\t\t\t\t\t<article class=\"c-card \" data-variant=\"neutral\">\n\t\t\t\t\t\t<div class=\"c-card__content u-text-center\">\n\t\t\t\t\t\t\t\t\t\t\t\t\t\t\t<h3 class=\"c-card__title u-font-title-3\">\n\t\t\t\t\t\t\t\t\tTommy Lundkvist\n\t\t\t\t\t\t\t\t<\/h3>\n\t\t\t\t\t\t\t\n\t\t\t\t\t\t\t\t\t\t\t\t\t\t\t<p class=\"position u-font-body\">TF. Rektor<\/p>\n\t\t\t\t\t\t\t\n\t\t\t\t\t\t\t\t\t\t\t\t\t\t\t<div class=\"contact-info u-font-body\">\n\t\t\t\t\t\t\t\t\t\t\t\t\t\t\t\t\t\t\t\t\t\t\t\t\t\t\t\t\t\t<p class=\"phone\"><a\n\t\t\t\t\t\t\t\t\t\t\t\t\thref=\"tel:0703201121\"\n\t\t\t\t\t\t\t\t\t\t\t\t\tclass=\"u-text-link\">070-320 11 21<\/a>\n\t\t\t\t\t\t\t\t\t\t\t<\/p>\n\t\t\t\t\t\t\t\t\t\t\t\t\t\t\t\t\t\t\t\n\t\t\t\t\t\t\t\t\t\t\t\t\t\t\t\t\t\t\t\t\t\t\t\t\t\t\t\t\t\t<p class=\"email\"><a\n\t\t\t\t\t\t\t\t\t\t\t\t\thref=\"&#109;ai&#108;&#116;&#111;:to&#109;&#109;&#121;.lundk&#118;&#105;s&#116;&#064;&#105;&#110;&#110;&#111;v&#105;t&#097;&#115;k&#111;&#108;&#097;n.&#115;e\"\n\t\t\t\t\t\t\t\t\t\t\t\t\tclass=\"u-text-link\">t&#111;m&#109;&#121;.lu&#110;&#100;kvis&#116;&#064;in&#110;o&#118;itask&#111;&#108;an.&#115;e<\/a>\n\t\t\t\t\t\t\t\t\t\t\t<\/p>\n\t\t\t\t\t\t\t\t\t\t\t\t\t\t\t\t\t\t\t\t\t\t\t\t\t\t\t<\/div>\n\t\t\t\t\t\t\t\n\t\t\t\t\t\t\t\t\t\t\t\t\t<\/div>\n\t\t\t\t\t\t<div class=\"c-card__media\">\n\t\t\t\t\t\t\t\t\t\t\t\t\t\t\t\t\t\t\t\t\t\t\t\t\t\t\t\t\t\t\t\t\t\t\t\t\t\t\t\t\t\t\t\t\t\t\t\t\t<img decoding=\"async\" src=\"https:\/\/innovitaskolan.se\/wp-content\/uploads\/2021\/09\/innovitaskolanwebbavatarprimarfarg2.svg\" class=\"u-radius-rounded u-ratio-landscape card-image-mask-shape3 \" alt=\"Avatarbild.\" sizes=\"(max-width: 300px) 100vw, 300px\" height=\"242\" width=\"330\" \/>\n\t\t\t\t\t\t<\/div>\n\t\t\t\t\t<\/article>\n\t\t\t\t<\/li>\n\t\t\t\t\t<\/ul>\n\n\t\t\n\t\t\n\t\t\t<\/div>\n\n\t\t\n\n<\/section>\n\n\n<div   id=\"page-relative-menu\" class=\"site__font-monospace   container_width--full_width_conIcon   d-lg-none  \">\n\n\t\t\t\n<\/div>\n","protected":false},"excerpt":{"rendered":"","protected":false},"author":1,"featured_media":0,"parent":0,"menu_order":10,"comment_status":"closed","ping_status":"closed","template":"","meta":{"footnotes":""},"yoast_head":"<!-- This site is optimized with the Yoast SEO plugin v22.0 - https:\/\/yoast.com\/wordpress\/plugins\/seo\/ -->\n<title>Innovitaskolan Myr\u00e4ngen | Om skolan | Grundskola i Huddinge<\/title>\n<meta name=\"description\" content=\"Innovitaskolan Myr\u00e4ngen \u00e4r skolan med framtidsfokus. H\u00e4r jobbar vi utifr\u00e5n individens behov och applicerar ett heldagsl\u00e4rande. L\u00e4s mer om oss!\" \/>\n<meta name=\"robots\" content=\"index, follow, max-snippet:-1, max-image-preview:large, max-video-preview:-1\" \/>\n<link rel=\"canonical\" href=\"https:\/\/innovitaskolan.se\/myrangen\/om\/\" \/>\n<meta property=\"og:locale\" content=\"sv_SE\" \/>\n<meta property=\"og:type\" content=\"article\" \/>\n<meta property=\"og:title\" content=\"Innovitaskolan Myr\u00e4ngen | Om skolan | Grundskola i Huddinge\" \/>\n<meta property=\"og:description\" content=\"Innovitaskolan Myr\u00e4ngen \u00e4r skolan med framtidsfokus. H\u00e4r jobbar vi utifr\u00e5n individens behov och applicerar ett heldagsl\u00e4rande. L\u00e4s mer om oss!\" \/>\n<meta property=\"og:url\" content=\"https:\/\/innovitaskolan.se\/myrangen\/om\/\" \/>\n<meta property=\"og:site_name\" content=\"Myr\u00e4ngen\" \/>\n<meta property=\"article:modified_time\" content=\"2025-09-11T12:07:59+00:00\" \/>\n<meta name=\"twitter:card\" content=\"summary_large_image\" \/>\n<meta name=\"twitter:title\" content=\"Innovitaskolan Myr\u00e4ngen | Om skolan | Grundskola i Huddinge\" \/>\n<meta name=\"twitter:description\" content=\"Innovitaskolan Myr\u00e4ngen \u00e4r skolan med framtidsfokus. H\u00e4r jobbar vi utifr\u00e5n individens behov och applicerar ett heldagsl\u00e4rande. L\u00e4s mer om oss!\" \/>\n<meta name=\"twitter:label1\" content=\"Ber\u00e4knad l\u00e4stid\" \/>\n\t<meta name=\"twitter:data1\" content=\"4 minuter\" \/>\n<script type=\"application\/ld+json\" class=\"yoast-schema-graph\">{\"@context\":\"https:\/\/schema.org\",\"@graph\":[{\"@type\":\"WebPage\",\"@id\":\"https:\/\/innovitaskolan.se\/myrangen\/om\/\",\"url\":\"https:\/\/innovitaskolan.se\/myrangen\/om\/\",\"name\":\"Innovitaskolan Myr\u00e4ngen | Om skolan | Grundskola i Huddinge\",\"isPartOf\":{\"@id\":\"https:\/\/innovitaskolan.se\/myrangen\/#website\"},\"datePublished\":\"2021-03-04T10:29:29+00:00\",\"dateModified\":\"2025-09-11T12:07:59+00:00\",\"description\":\"Innovitaskolan Myr\u00e4ngen \u00e4r skolan med framtidsfokus. H\u00e4r jobbar vi utifr\u00e5n individens behov och applicerar ett heldagsl\u00e4rande. L\u00e4s mer om oss!\",\"breadcrumb\":{\"@id\":\"https:\/\/innovitaskolan.se\/myrangen\/om\/#breadcrumb\"},\"inLanguage\":\"sv-SE\",\"potentialAction\":[{\"@type\":\"ReadAction\",\"target\":[\"https:\/\/innovitaskolan.se\/myrangen\/om\/\"]}]},{\"@type\":\"BreadcrumbList\",\"@id\":\"https:\/\/innovitaskolan.se\/myrangen\/om\/#breadcrumb\",\"itemListElement\":[{\"@type\":\"ListItem\",\"position\":1,\"name\":\"Start\",\"item\":\"https:\/\/innovitaskolan.se\/myrangen\/\"},{\"@type\":\"ListItem\",\"position\":2,\"name\":\"Om skolan\"}]},{\"@type\":\"WebSite\",\"@id\":\"https:\/\/innovitaskolan.se\/myrangen\/#website\",\"url\":\"https:\/\/innovitaskolan.se\/myrangen\/\",\"name\":\"Myr\u00e4ngen\",\"description\":\"En del av AcadeMedia\",\"potentialAction\":[{\"@type\":\"SearchAction\",\"target\":{\"@type\":\"EntryPoint\",\"urlTemplate\":\"https:\/\/innovitaskolan.se\/myrangen\/?s={search_term_string}\"},\"query-input\":\"required name=search_term_string\"}],\"inLanguage\":\"sv-SE\"}]}<\/script>\n<!-- \/ Yoast SEO plugin. -->","yoast_head_json":{"title":"Innovitaskolan Myr\u00e4ngen | Om skolan | Grundskola i Huddinge","description":"Innovitaskolan Myr\u00e4ngen \u00e4r skolan med framtidsfokus. H\u00e4r jobbar vi utifr\u00e5n individens behov och applicerar ett heldagsl\u00e4rande. L\u00e4s mer om oss!","robots":{"index":"index","follow":"follow","max-snippet":"max-snippet:-1","max-image-preview":"max-image-preview:large","max-video-preview":"max-video-preview:-1"},"canonical":"https:\/\/innovitaskolan.se\/myrangen\/om\/","og_locale":"sv_SE","og_type":"article","og_title":"Innovitaskolan Myr\u00e4ngen | Om skolan | Grundskola i Huddinge","og_description":"Innovitaskolan Myr\u00e4ngen \u00e4r skolan med framtidsfokus. H\u00e4r jobbar vi utifr\u00e5n individens behov och applicerar ett heldagsl\u00e4rande. L\u00e4s mer om oss!","og_url":"https:\/\/innovitaskolan.se\/myrangen\/om\/","og_site_name":"Myr\u00e4ngen","article_modified_time":"2025-09-11T12:07:59+00:00","twitter_card":"summary_large_image","twitter_title":"Innovitaskolan Myr\u00e4ngen | Om skolan | Grundskola i Huddinge","twitter_description":"Innovitaskolan Myr\u00e4ngen \u00e4r skolan med framtidsfokus. H\u00e4r jobbar vi utifr\u00e5n individens behov och applicerar ett heldagsl\u00e4rande. L\u00e4s mer om oss!","twitter_misc":{"Ber\u00e4knad l\u00e4stid":"4 minuter"},"schema":{"@context":"https:\/\/schema.org","@graph":[{"@type":"WebPage","@id":"https:\/\/innovitaskolan.se\/myrangen\/om\/","url":"https:\/\/innovitaskolan.se\/myrangen\/om\/","name":"Innovitaskolan Myr\u00e4ngen | Om skolan | Grundskola i Huddinge","isPartOf":{"@id":"https:\/\/innovitaskolan.se\/myrangen\/#website"},"datePublished":"2021-03-04T10:29:29+00:00","dateModified":"2025-09-11T12:07:59+00:00","description":"Innovitaskolan Myr\u00e4ngen \u00e4r skolan med framtidsfokus. H\u00e4r jobbar vi utifr\u00e5n individens behov och applicerar ett heldagsl\u00e4rande. L\u00e4s mer om oss!","breadcrumb":{"@id":"https:\/\/innovitaskolan.se\/myrangen\/om\/#breadcrumb"},"inLanguage":"sv-SE","potentialAction":[{"@type":"ReadAction","target":["https:\/\/innovitaskolan.se\/myrangen\/om\/"]}]},{"@type":"BreadcrumbList","@id":"https:\/\/innovitaskolan.se\/myrangen\/om\/#breadcrumb","itemListElement":[{"@type":"ListItem","position":1,"name":"Start","item":"https:\/\/innovitaskolan.se\/myrangen\/"},{"@type":"ListItem","position":2,"name":"Om skolan"}]},{"@type":"WebSite","@id":"https:\/\/innovitaskolan.se\/myrangen\/#website","url":"https:\/\/innovitaskolan.se\/myrangen\/","name":"Myr\u00e4ngen","description":"En del av AcadeMedia","potentialAction":[{"@type":"SearchAction","target":{"@type":"EntryPoint","urlTemplate":"https:\/\/innovitaskolan.se\/myrangen\/?s={search_term_string}"},"query-input":"required name=search_term_string"}],"inLanguage":"sv-SE"}]}},"_links":{"self":[{"href":"https:\/\/innovitaskolan.se\/myrangen\/wp-json\/wp\/v2\/pages\/20"}],"collection":[{"href":"https:\/\/innovitaskolan.se\/myrangen\/wp-json\/wp\/v2\/pages"}],"about":[{"href":"https:\/\/innovitaskolan.se\/myrangen\/wp-json\/wp\/v2\/types\/page"}],"author":[{"embeddable":true,"href":"https:\/\/innovitaskolan.se\/myrangen\/wp-json\/wp\/v2\/users\/1"}],"replies":[{"embeddable":true,"href":"https:\/\/innovitaskolan.se\/myrangen\/wp-json\/wp\/v2\/comments?post=20"}],"version-history":[{"count":9,"href":"https:\/\/innovitaskolan.se\/myrangen\/wp-json\/wp\/v2\/pages\/20\/revisions"}],"predecessor-version":[{"id":2002,"href":"https:\/\/innovitaskolan.se\/myrangen\/wp-json\/wp\/v2\/pages\/20\/revisions\/2002"}],"wp:attachment":[{"href":"https:\/\/innovitaskolan.se\/myrangen\/wp-json\/wp\/v2\/media?parent=20"}],"curies":[{"name":"wp","href":"https:\/\/api.w.org\/{rel}","templated":true}]}}