{"id":34,"date":"2021-03-04T11:30:41","date_gmt":"2021-03-04T10:30:41","guid":{"rendered":"https:\/\/innovitaskolan.se\/kalix\/?page_id=34"},"modified":"2025-09-30T12:55:39","modified_gmt":"2025-09-30T10:55:39","slug":"skolmat","status":"publish","type":"page","link":"https:\/\/innovitaskolan.se\/kalix\/om\/skolmat\/","title":{"rendered":"V\u00e5r mat"},"content":{"rendered":"\n\t\n\t\n\t\n\n\t\n\t\n\t\t\n<section  class=\"c-block l-stacked  \" data-color-scheme=\"\">\n\t<div class=\"ams-fifty ams-fifty--container ams-fifty--right ams-fifty--bottom l-container u-pt-fluid-2xl-4xl u-pb-fluid-Ingen\">\n\t\t<div class=\"ams-fifty__content l-stack l-stack-xl is-left is-left@lg\">\n\t\t\t<div class=\"ams-fifty__text l-stack l-stack-lg\">\n\t\t\t\t\t\n\t<h1\n\tclass=\"c-heading u-font-title-1 \"\n\tstyle=\"\">\n\t\t\n\t\t\t\t\t\t\t\t\tV\u00e5r mat p\u00e5 Innovitaskolan Kalix\n\t\t\t\t<span class=\"c-heading__sub is-below u-font-title-3\">\n\t\t\t\t\tVi serverar v\u00e5ra elever mat som ger r\u00e4tt energi f\u00f6r skoldagen. Matsedeln hittar du p\u00e5 Schoolsoft.\n\t\t\t\t<\/span>\n\t\t\t\t\t\t\t\n\t<\/h1>\n\n\t\t\t\t\t\t\t\t\t<div class=\"text l-stack u-font-body\">\n\t\t\t\t\t\t<h2>Energi hela dagen<\/h2>\n<p>Vi serverar god och n\u00e4ringsrik skollunch som \u00e4r tillagad i Folkh\u00f6gskolans restaurang.<\/p>\n<h2>Ekologisk och n\u00e4ringsrik mat<\/h2>\n<p>Maten i skolan \u00e4r en av de viktigaste faktorerna f\u00f6r att eleverna ska m\u00e5 bra och f\u00e5 ut det mesta av skoldagen. Vi f\u00f6ljer Livsmedelsverkets riktlinjer och siktar p\u00e5 att erbjuda ekologiska r\u00e5varor, och anv\u00e4nder bara MSC-m\u00e4rkt fisk.<\/p>\n\n\t\t\t\t\t<\/div>\n\t\t\t\t\t\t\t<\/div>\n\n\t\t\t\t\t<\/div>\n\n\t\t <div class=\"ams-fifty__media u-ratio-square\">\n\t\t \t\t\t\t\t<img decoding=\"async\" width=\"600\" height=\"600\" src=\"https:\/\/innovitaskolan.se\/wp-content\/uploads\/sites\/10\/2025\/09\/innovitaskolan-forskola-segeltorp-202204-1-600x600.png\" class=\"attachment-md size-md\" alt=\"Barn och elev som leker i skogen.\" sizes=\"(min-width: 64em) 600px, calc(100vw - 160px)\" srcset=\"https:\/\/innovitaskolan.se\/wp-content\/uploads\/sites\/10\/2025\/09\/innovitaskolan-forskola-segeltorp-202204-1-600x600.png 600w, https:\/\/innovitaskolan.se\/wp-content\/uploads\/sites\/10\/2025\/09\/innovitaskolan-forskola-segeltorp-202204-1-150x150.png 150w, https:\/\/innovitaskolan.se\/wp-content\/uploads\/sites\/10\/2025\/09\/innovitaskolan-forskola-segeltorp-202204-1-300x300.png 300w, https:\/\/innovitaskolan.se\/wp-content\/uploads\/sites\/10\/2025\/09\/innovitaskolan-forskola-segeltorp-202204-1-400x400.png 400w, https:\/\/innovitaskolan.se\/wp-content\/uploads\/sites\/10\/2025\/09\/innovitaskolan-forskola-segeltorp-202204-1.png 667w\" \/>\n\t\t\t\n\t\t\t\n\t\t\t\t\t<\/div>\n\t<\/div>\n\n\t\t\n\n<\/section>\n\n\n\n\t\n\t\n\t\n\n\t\n\t\n\t\t\n<section  class=\"c-block l-stacked  \" data-color-scheme=\"\">\n\t<div class=\"ams-fifty ams-fifty--container ams-fifty--left ams-fifty--bottom l-container u-pt-fluid-md-xl u-pb-fluid-Ingen\">\n\t\t<div class=\"ams-fifty__content l-stack l-stack-xl is-left is-left@lg\">\n\t\t\t<div class=\"ams-fifty__text l-stack l-stack-lg\">\n\t\t\t\t\n\t\t\t\t\t\t\t\t\t<div class=\"text l-stack u-font-body\">\n\t\t\t\t\t\t<h2>Temaveckor som v\u00e4cker nyfikenhet<\/h2>\n<p>Temaveckor \u00e4r \u00e5terkommande i skolrestaurangerna f\u00f6r att vi ska l\u00e4ra oss att utforska med alla sinnen. Vi vill att eleverna ska k\u00e4nna sig energifyllda och lite gladare efter en m\u00e5ltid i skolrestaurangen. F\u00f6r att eleverna ska kunna vara med och p\u00e5verka har vi ett matr\u00e5d d\u00e4r de kan g\u00f6ra sina r\u00f6ster h\u00f6rda.<\/p>\n<h2>Specialkost<\/h2>\n<p>Om du \u00e4r i behov av specialkost anm\u00e4ler du det till respektive mentor.<\/p>\n\n\t\t\t\t\t<\/div>\n\t\t\t\t\t\t\t<\/div>\n\n\t\t\t\t\t<\/div>\n\n\t\t <div class=\"ams-fifty__media u-ratio-square\">\n\t\t \t\t\t\t\t<img decoding=\"async\" width=\"600\" height=\"600\" src=\"https:\/\/innovitaskolan.se\/wp-content\/uploads\/sites\/10\/2025\/09\/innovitaskolan-mellanstadiet-segeltorp-202303-4-600x600.png\" class=\"attachment-md size-md\" alt=\"Elever som spelar basketboll.\" sizes=\"(min-width: 64em) 600px, calc(100vw - 160px)\" srcset=\"https:\/\/innovitaskolan.se\/wp-content\/uploads\/sites\/10\/2025\/09\/innovitaskolan-mellanstadiet-segeltorp-202303-4-600x600.png 600w, https:\/\/innovitaskolan.se\/wp-content\/uploads\/sites\/10\/2025\/09\/innovitaskolan-mellanstadiet-segeltorp-202303-4-150x150.png 150w, https:\/\/innovitaskolan.se\/wp-content\/uploads\/sites\/10\/2025\/09\/innovitaskolan-mellanstadiet-segeltorp-202303-4-300x300.png 300w, https:\/\/innovitaskolan.se\/wp-content\/uploads\/sites\/10\/2025\/09\/innovitaskolan-mellanstadiet-segeltorp-202303-4-400x400.png 400w, https:\/\/innovitaskolan.se\/wp-content\/uploads\/sites\/10\/2025\/09\/innovitaskolan-mellanstadiet-segeltorp-202303-4.png 667w\" \/>\n\t\t\t\n\t\t\t\n\t\t\t\t\t<\/div>\n\t<\/div>\n\n\t\t\n\n<\/section>\n\n\n\n<div class=\"wp-block-columns is-layout-flex wp-container-core-columns-layout-1 wp-block-columns-is-layout-flex\">\n<div class=\"wp-block-column is-layout-flow wp-block-column-is-layout-flow\" style=\"flex-basis:50%\">\n<p><img decoding=\"async\" class=\"wp-image-716\" style=\"width: 150px;\" src=\"https:\/\/vittra.se\/wp-content\/uploads\/sites\/23\/2021\/09\/eu-logo-skolmjolk.jpeg\" alt=\"\"><\/p>\n<\/div>\n\n\n\n<div class=\"wp-block-column is-layout-flow wp-block-column-is-layout-flow\" style=\"flex-basis:30%\">\n<p><\/p>\n<\/div>\n<\/div>\n\n\n<div   id=\"page-relative-menu\" class=\"site__font-monospace   container_width--full_width_conIcon   d-lg-none  \">\n\n\t\t\t\n<\/div>\n","protected":false},"excerpt":{"rendered":"","protected":false},"author":1,"featured_media":0,"parent":20,"menu_order":0,"comment_status":"closed","ping_status":"closed","template":"","meta":{"footnotes":""},"yoast_head":"<!-- This site is optimized with the Yoast SEO plugin v22.0 - https:\/\/yoast.com\/wordpress\/plugins\/seo\/ -->\n<title>Innovitaskolan Kalix | Om skolan | Om v\u00e5r mat | Skolmat<\/title>\n<meta name=\"description\" content=\"Innovitaskolan Kalix skolmat \u00e4r en del av det pedagogiska arbetet som gynnar elevh\u00e4lsa och milj\u00f6 med en varierad matsedel. L\u00e4s mer h\u00e4r!\" \/>\n<meta name=\"robots\" content=\"index, follow, max-snippet:-1, max-image-preview:large, max-video-preview:-1\" \/>\n<link rel=\"canonical\" href=\"https:\/\/innovitaskolan.se\/kalix\/om\/skolmat\/\" \/>\n<meta property=\"og:locale\" content=\"sv_SE\" \/>\n<meta property=\"og:type\" content=\"article\" \/>\n<meta property=\"og:title\" content=\"Innovitaskolan Kalix | Om skolan | Om v\u00e5r mat | Skolmat\" \/>\n<meta property=\"og:description\" content=\"Innovitaskolan Kalix skolmat \u00e4r en del av det pedagogiska arbetet som gynnar elevh\u00e4lsa och milj\u00f6 med en varierad matsedel. L\u00e4s mer h\u00e4r!\" \/>\n<meta property=\"og:url\" content=\"https:\/\/innovitaskolan.se\/kalix\/om\/skolmat\/\" \/>\n<meta property=\"og:site_name\" content=\"Kalix\" \/>\n<meta property=\"article:modified_time\" content=\"2025-09-30T10:55:39+00:00\" \/>\n<meta property=\"og:image\" content=\"https:\/\/vittra.se\/wp-content\/uploads\/sites\/23\/2021\/09\/eu-logo-skolmjolk.jpeg\" \/>\n<meta name=\"twitter:card\" content=\"summary_large_image\" \/>\n<meta name=\"twitter:title\" content=\"Innovitaskolan Kalix | Om skolan | Om v\u00e5r mat | Skolmat\" \/>\n<meta name=\"twitter:description\" content=\"Innovitaskolan Kalix skolmat \u00e4r en del av det pedagogiska arbetet som gynnar elevh\u00e4lsa och milj\u00f6 med en varierad matsedel. L\u00e4s mer h\u00e4r!\" \/>\n<meta name=\"twitter:label1\" content=\"Ber\u00e4knad l\u00e4stid\" \/>\n\t<meta name=\"twitter:data1\" content=\"2 minuter\" \/>\n<script type=\"application\/ld+json\" class=\"yoast-schema-graph\">{\"@context\":\"https:\/\/schema.org\",\"@graph\":[{\"@type\":\"WebPage\",\"@id\":\"https:\/\/innovitaskolan.se\/kalix\/om\/skolmat\/\",\"url\":\"https:\/\/innovitaskolan.se\/kalix\/om\/skolmat\/\",\"name\":\"Innovitaskolan Kalix | Om skolan | Om v\u00e5r mat | Skolmat\",\"isPartOf\":{\"@id\":\"https:\/\/innovitaskolan.se\/kalix\/#website\"},\"datePublished\":\"2021-03-04T10:30:41+00:00\",\"dateModified\":\"2025-09-30T10:55:39+00:00\",\"description\":\"Innovitaskolan Kalix skolmat \u00e4r en del av det pedagogiska arbetet som gynnar elevh\u00e4lsa och milj\u00f6 med en varierad matsedel. L\u00e4s mer h\u00e4r!\",\"breadcrumb\":{\"@id\":\"https:\/\/innovitaskolan.se\/kalix\/om\/skolmat\/#breadcrumb\"},\"inLanguage\":\"sv-SE\",\"potentialAction\":[{\"@type\":\"ReadAction\",\"target\":[\"https:\/\/innovitaskolan.se\/kalix\/om\/skolmat\/\"]}]},{\"@type\":\"BreadcrumbList\",\"@id\":\"https:\/\/innovitaskolan.se\/kalix\/om\/skolmat\/#breadcrumb\",\"itemListElement\":[{\"@type\":\"ListItem\",\"position\":1,\"name\":\"Start\",\"item\":\"https:\/\/innovitaskolan.se\/kalix\/\"},{\"@type\":\"ListItem\",\"position\":2,\"name\":\"Om oss\",\"item\":\"https:\/\/innovitaskolan.se\/kalix\/om\/\"},{\"@type\":\"ListItem\",\"position\":3,\"name\":\"V\u00e5r mat\"}]},{\"@type\":\"WebSite\",\"@id\":\"https:\/\/innovitaskolan.se\/kalix\/#website\",\"url\":\"https:\/\/innovitaskolan.se\/kalix\/\",\"name\":\"Kalix\",\"description\":\"En del av AcadeMedia\",\"potentialAction\":[{\"@type\":\"SearchAction\",\"target\":{\"@type\":\"EntryPoint\",\"urlTemplate\":\"https:\/\/innovitaskolan.se\/kalix\/?s={search_term_string}\"},\"query-input\":\"required name=search_term_string\"}],\"inLanguage\":\"sv-SE\"}]}<\/script>\n<!-- \/ Yoast SEO plugin. -->","yoast_head_json":{"title":"Innovitaskolan Kalix | Om skolan | Om v\u00e5r mat | Skolmat","description":"Innovitaskolan Kalix skolmat \u00e4r en del av det pedagogiska arbetet som gynnar elevh\u00e4lsa och milj\u00f6 med en varierad matsedel. L\u00e4s mer h\u00e4r!","robots":{"index":"index","follow":"follow","max-snippet":"max-snippet:-1","max-image-preview":"max-image-preview:large","max-video-preview":"max-video-preview:-1"},"canonical":"https:\/\/innovitaskolan.se\/kalix\/om\/skolmat\/","og_locale":"sv_SE","og_type":"article","og_title":"Innovitaskolan Kalix | Om skolan | Om v\u00e5r mat | Skolmat","og_description":"Innovitaskolan Kalix skolmat \u00e4r en del av det pedagogiska arbetet som gynnar elevh\u00e4lsa och milj\u00f6 med en varierad matsedel. L\u00e4s mer h\u00e4r!","og_url":"https:\/\/innovitaskolan.se\/kalix\/om\/skolmat\/","og_site_name":"Kalix","article_modified_time":"2025-09-30T10:55:39+00:00","og_image":[{"url":"https:\/\/vittra.se\/wp-content\/uploads\/sites\/23\/2021\/09\/eu-logo-skolmjolk.jpeg"}],"twitter_card":"summary_large_image","twitter_title":"Innovitaskolan Kalix | Om skolan | Om v\u00e5r mat | Skolmat","twitter_description":"Innovitaskolan Kalix skolmat \u00e4r en del av det pedagogiska arbetet som gynnar elevh\u00e4lsa och milj\u00f6 med en varierad matsedel. L\u00e4s mer h\u00e4r!","twitter_misc":{"Ber\u00e4knad l\u00e4stid":"2 minuter"},"schema":{"@context":"https:\/\/schema.org","@graph":[{"@type":"WebPage","@id":"https:\/\/innovitaskolan.se\/kalix\/om\/skolmat\/","url":"https:\/\/innovitaskolan.se\/kalix\/om\/skolmat\/","name":"Innovitaskolan Kalix | Om skolan | Om v\u00e5r mat | Skolmat","isPartOf":{"@id":"https:\/\/innovitaskolan.se\/kalix\/#website"},"datePublished":"2021-03-04T10:30:41+00:00","dateModified":"2025-09-30T10:55:39+00:00","description":"Innovitaskolan Kalix skolmat \u00e4r en del av det pedagogiska arbetet som gynnar elevh\u00e4lsa och milj\u00f6 med en varierad matsedel. L\u00e4s mer h\u00e4r!","breadcrumb":{"@id":"https:\/\/innovitaskolan.se\/kalix\/om\/skolmat\/#breadcrumb"},"inLanguage":"sv-SE","potentialAction":[{"@type":"ReadAction","target":["https:\/\/innovitaskolan.se\/kalix\/om\/skolmat\/"]}]},{"@type":"BreadcrumbList","@id":"https:\/\/innovitaskolan.se\/kalix\/om\/skolmat\/#breadcrumb","itemListElement":[{"@type":"ListItem","position":1,"name":"Start","item":"https:\/\/innovitaskolan.se\/kalix\/"},{"@type":"ListItem","position":2,"name":"Om oss","item":"https:\/\/innovitaskolan.se\/kalix\/om\/"},{"@type":"ListItem","position":3,"name":"V\u00e5r mat"}]},{"@type":"WebSite","@id":"https:\/\/innovitaskolan.se\/kalix\/#website","url":"https:\/\/innovitaskolan.se\/kalix\/","name":"Kalix","description":"En del av AcadeMedia","potentialAction":[{"@type":"SearchAction","target":{"@type":"EntryPoint","urlTemplate":"https:\/\/innovitaskolan.se\/kalix\/?s={search_term_string}"},"query-input":"required name=search_term_string"}],"inLanguage":"sv-SE"}]}},"_links":{"self":[{"href":"https:\/\/innovitaskolan.se\/kalix\/wp-json\/wp\/v2\/pages\/34"}],"collection":[{"href":"https:\/\/innovitaskolan.se\/kalix\/wp-json\/wp\/v2\/pages"}],"about":[{"href":"https:\/\/innovitaskolan.se\/kalix\/wp-json\/wp\/v2\/types\/page"}],"author":[{"embeddable":true,"href":"https:\/\/innovitaskolan.se\/kalix\/wp-json\/wp\/v2\/users\/1"}],"replies":[{"embeddable":true,"href":"https:\/\/innovitaskolan.se\/kalix\/wp-json\/wp\/v2\/comments?post=34"}],"version-history":[{"count":10,"href":"https:\/\/innovitaskolan.se\/kalix\/wp-json\/wp\/v2\/pages\/34\/revisions"}],"predecessor-version":[{"id":2063,"href":"https:\/\/innovitaskolan.se\/kalix\/wp-json\/wp\/v2\/pages\/34\/revisions\/2063"}],"up":[{"embeddable":true,"href":"https:\/\/innovitaskolan.se\/kalix\/wp-json\/wp\/v2\/pages\/20"}],"wp:attachment":[{"href":"https:\/\/innovitaskolan.se\/kalix\/wp-json\/wp\/v2\/media?parent=34"}],"curies":[{"name":"wp","href":"https:\/\/api.w.org\/{rel}","templated":true}]}}