{"id":51,"date":"2021-03-04T11:33:43","date_gmt":"2021-03-04T10:33:43","guid":{"rendered":"https:\/\/innovitaskolan.se\/joriel\/?page_id=51"},"modified":"2025-11-24T13:29:47","modified_gmt":"2025-11-24T12:29:47","slug":"antagning","status":"publish","type":"page","link":"https:\/\/innovitaskolan.se\/joriel\/antagning\/","title":{"rendered":"Antagningsprocess"},"content":{"rendered":"\n\t\n\t\n\t\n\n\t\n\t\n\t\t\n<section  class=\"c-block l-stacked  \" data-color-scheme=\"\">\n\t<div class=\"ams-fifty ams-fifty--container ams-fifty--right ams-fifty--bottom l-container u-pt-fluid-md-xl u-pb-fluid-md-xl\">\n\t\t<div class=\"ams-fifty__content l-stack l-stack-xl is-left is-left@lg\">\n\t\t\t<div class=\"ams-fifty__text l-stack l-stack-lg\">\n\t\t\t\t\t\n\t<h1\n\tclass=\"c-heading u-font-title-1 \"\n\tstyle=\"\">\n\t\t\n\t\t\t\t\t\t\t\t\tOm antagningen\n\t\t\t\t<span class=\"c-heading__sub is-below u-font-title-3\">\n\t\t\t\t\tH\u00e4r f\u00e5r du en guide om hur du ans\u00f6ker till oss \u2013 steg f\u00f6r steg.\n\t\t\t\t<\/span>\n\t\t\t\t\t\t\t\n\t<\/h1>\n\n\t\t\t\t\t\t\t\t\t<div class=\"text l-stack u-font-body\">\n\t\t\t\t\t\t<h2 class=\"p1\">Att v\u00e4lja skola<\/h2>\n<p class=\"p1\">Det fria skolvalet g\u00f6r det m\u00f6jligt f\u00f6r er att v\u00e4lja den skola som passar ditt barn och dig b\u00e4st. Det g\u00e5r bra att s\u00f6ka till en skola som inte ligger i samma kommun som ni bor i.<\/p>\n\n\t\t\t\t\t<\/div>\n\t\t\t\t\t\t\t<\/div>\n\n\t\t\t\t\t<\/div>\n\n\t\t <div class=\"ams-fifty__media u-ratio-square\">\n\t\t \t\t\t\t\t<img decoding=\"async\" width=\"600\" height=\"600\" src=\"https:\/\/innovitaskolan.se\/wp-content\/uploads\/sites\/9\/2025\/09\/innovitaskolan-elev-grundskola-joriel-202405-1-600x600.png\" class=\"attachment-md size-md\" alt=\"Elev som ler mot kameran.\" sizes=\"(min-width: 64em) 600px, calc(100vw - 160px)\" srcset=\"https:\/\/innovitaskolan.se\/wp-content\/uploads\/sites\/9\/2025\/09\/innovitaskolan-elev-grundskola-joriel-202405-1-600x600.png 600w, https:\/\/innovitaskolan.se\/wp-content\/uploads\/sites\/9\/2025\/09\/innovitaskolan-elev-grundskola-joriel-202405-1-150x150.png 150w, https:\/\/innovitaskolan.se\/wp-content\/uploads\/sites\/9\/2025\/09\/innovitaskolan-elev-grundskola-joriel-202405-1-300x300.png 300w, https:\/\/innovitaskolan.se\/wp-content\/uploads\/sites\/9\/2025\/09\/innovitaskolan-elev-grundskola-joriel-202405-1-400x400.png 400w, https:\/\/innovitaskolan.se\/wp-content\/uploads\/sites\/9\/2025\/09\/innovitaskolan-elev-grundskola-joriel-202405-1.png 667w\" \/>\n\t\t\t\n\t\t\t\n\t\t\t\t\t<\/div>\n\t<\/div>\n\n\t\t\n\n<\/section>\n\n\n\n\n<section  class=\"ams-timeline c-block l-stacked\" data-color-scheme=\"primar2-card-primar1-hover-standard_standard\">\n\t<div class=\"l-container l-stack l-stack-fluid-2xl u-pt-fluid-3xl-6xl u-pb-fluid-3xl-6xl is-center is-center@md\">\n\t\t\t\t\t<div class=\"ams-timeline__intro l-stack l-stack-lg\">\n\t\t\t\t\t\n\t<h2\n\tclass=\"c-heading u-font-title-1 \"\n\tstyle=\"\">\n\t\t\n\t\t\t\t\tS\u00e5 h\u00e4r l\u00e4tt ans\u00f6ker du till oss\n\t\t\t\t\n\t<\/h2>\n\n\t\t\t\t\t\t\t<\/div>\n\t\t\n\t\t\t\t\t\n<ol class=\"c-steps\" data-variant=\"vertical\" data-size=\"md\" data-columns=\"2\">\n\t\t\t<li class=\"c-steps__item\"\n\t\t\t\n\t\t>\n\t\t\t<div class=\"c-steps__circle u-radius-round\">\n\t\t\t\t\t\t\t\t\t<img decoding=\"async\" src=\"https:\/\/innovitaskolan.se\/wp-content\/uploads\/2021\/05\/innovitaskolanikonsiffra1beige.svg\" class=\"\" alt=\"Siffran 1.\" height=\"176\" width=\"77\" \/>\n\t\t\t\t\t\t\t<\/div>\n\n\t\t\t\t\t\t\t<div class=\"c-steps__content l-stack-xs\">\n\t\t\t\t\t\t\t\t\t\t\t<h3 class=\"c-steps__title u-font-title-3\">\n\t\t\t\t\t\t\t\t\t\t\t\t\t\t\tL\u00e4s p\u00e5 om skolan\n\t\t\t\t\t\t\t\t\t\t\t\t\t<\/h3>\n\t\t\t\t\t\n\t\t\t\t\t\t\t\t\t\t\t<div class=\"c-steps__text l-stack-sm u-font-body\">\n\t\t\t\t\t\t\t<p>Du och ditt barn vet b\u00e4st vad som motiverar just er. B\u00f6rja med att l\u00e4sa p\u00e5 om Innovitaskolan Joriel, hur vi jobbar och om det passar er. Det kan du g\u00f6ra <a href=\"https:\/\/innovitaskolan.se\/joriel\/om\/\">h\u00e4r<\/a>!<\/p>\n\n\t\t\t\t\t\t<\/div>\n\t\t\t\t\t\t\t\t\t<\/div>\n\t\t\t\t\t<\/li>\n\t\t\t<li class=\"c-steps__item\"\n\t\t\t\n\t\t>\n\t\t\t<div class=\"c-steps__circle u-radius-round\">\n\t\t\t\t\t\t\t\t\t<img decoding=\"async\" src=\"https:\/\/innovitaskolan.se\/wp-content\/uploads\/2021\/05\/innovitaskolanikonsiffra2beige.svg\" class=\"\" alt=\"Siffran 2.\" height=\"176\" width=\"128\" \/>\n\t\t\t\t\t\t\t<\/div>\n\n\t\t\t\t\t\t\t<div class=\"c-steps__content l-stack-xs\">\n\t\t\t\t\t\t\t\t\t\t\t<h3 class=\"c-steps__title u-font-title-3\">\n\t\t\t\t\t\t\t\t\t\t\t\t\t\t\tBes\u00f6k oss\n\t\t\t\t\t\t\t\t\t\t\t\t\t<\/h3>\n\t\t\t\t\t\n\t\t\t\t\t\t\t\t\t\t\t<div class=\"c-steps__text l-stack-sm u-font-body\">\n\t\t\t\t\t\t\t<p>Vill ni uppleva skolan och se hur vi arbetar? <a href=\"https:\/\/innovitaskolan.se\/joriel\/besok\/\">Kom p\u00e5 bes\u00f6k<\/a>! Ni kan antingen komma p\u00e5 \u00f6ppet hus eller boka en personlig visning.<\/p>\n\n\t\t\t\t\t\t<\/div>\n\t\t\t\t\t\t\t\t\t<\/div>\n\t\t\t\t\t<\/li>\n\t\t\t<li class=\"c-steps__item\"\n\t\t\t\n\t\t>\n\t\t\t<div class=\"c-steps__circle u-radius-round\">\n\t\t\t\t\t\t\t\t\t<img decoding=\"async\" src=\"https:\/\/innovitaskolan.se\/wp-content\/uploads\/2021\/05\/innovitaskolanikonsiffra3beige.svg\" class=\"\" alt=\"Siffran 3.\" height=\"176\" width=\"114\" \/>\n\t\t\t\t\t\t\t<\/div>\n\n\t\t\t\t\t\t\t<div class=\"c-steps__content l-stack-xs\">\n\t\t\t\t\t\t\t\t\t\t\t<h3 class=\"c-steps__title u-font-title-3\">\n\t\t\t\t\t\t\t\t\t\t\t\t\t\t\tSt\u00e4ll dig i k\u00f6\n\t\t\t\t\t\t\t\t\t\t\t\t\t<\/h3>\n\t\t\t\t\t\n\t\t\t\t\t\t\t\t\t\t\t<div class=\"c-steps__text l-stack-sm u-font-body\">\n\t\t\t\t\t\t\t<p>N\u00e4r ni best\u00e4mt er fyller du i v\u00e5rt <a href=\"https:\/\/sms.schoolsoft.se\/academediagrundskolor\/jsp\/public\/right_public_studentqueue.jsp?school=jorielskolan\" target=\"_blank\" rel=\"noopener\">ans\u00f6kningsformul\u00e4r<\/a>, eller tar kontakt med oss via mail. Nu samlar ni k\u00f6dagar!<\/p>\n\n\t\t\t\t\t\t<\/div>\n\t\t\t\t\t\t\t\t\t<\/div>\n\t\t\t\t\t<\/li>\n\t\t\t<li class=\"c-steps__item\"\n\t\t\t\n\t\t>\n\t\t\t<div class=\"c-steps__circle u-radius-round\">\n\t\t\t\t\t\t\t\t\t<img decoding=\"async\" src=\"https:\/\/innovitaskolan.se\/wp-content\/uploads\/2021\/05\/innovitaskolanikonsiffra4beige.svg\" class=\"\" alt=\"Siffran 4.\" height=\"176\" width=\"128\" \/>\n\t\t\t\t\t\t\t<\/div>\n\n\t\t\t\t\t\t\t<div class=\"c-steps__content l-stack-xs\">\n\t\t\t\t\t\t\t\t\t\t\t<h3 class=\"c-steps__title u-font-title-3\">\n\t\t\t\t\t\t\t\t\t\t\t\t\t\t\tAntagningsbesked\n\t\t\t\t\t\t\t\t\t\t\t\t\t<\/h3>\n\t\t\t\t\t\n\t\t\t\t\t\t\t\t\t\t\t<div class=\"c-steps__text l-stack-sm u-font-body\">\n\t\t\t\t\t\t\t<p>N\u00e4r det \u00e4r er tur i k\u00f6n f\u00e5r ni ett erbjudande om plats och har d\u00e5 en viss tid p\u00e5 er att tacka ja. Har du fler funderingar \u2013 l\u00e4s under <a href=\"https:\/\/innovitaskolan.se\/joriel\/om\/vanliga-fragor\/\">vanliga fr\u00e5gor<\/a> eller <a href=\"https:\/\/innovitaskolan.se\/joriel\/kontakt\/\">kontakta oss<\/a>.<\/p>\n\n\t\t\t\t\t\t<\/div>\n\t\t\t\t\t\t\t\t\t<\/div>\n\t\t\t\t\t<\/li>\n\t<\/ol>\n\t\n\t\t\t<div class=\"ams-timeline__action u-inline-items\">\n\t\t\t\t\t\t\t\n\n\n<a href=\"https:\/\/innovitaskolan.se\/joriel\/koanmalan\/\"\n\t\n\tclass=\"c-btn \"\n\tdata-style=\"round\"\n\tdata-size=\"md\"\n\tdata-width=\"full-mobile\"\n\tdata-variant=\"default\"\n\ttarget=\"_self\">\n\t\t\t<span class=\"label\"> Till K\u00f6anm\u00e4lan<\/span>\n\t\t\t<\/a>\n\t\t\t<\/div>\n\t<\/div>\n\n\t\t\n\n<\/section>\n\n\n\n<p><\/p>\n\n\n\n\t\n\t\n\t\n\n\t\n\t\n\t\t\n<section  class=\"c-block l-stacked  \" data-color-scheme=\"\">\n\t<div class=\"ams-fifty ams-fifty--container ams-fifty--right ams-fifty--bottom l-container u-pt-fluid-md-xl u-pb-fluid-md-xl\">\n\t\t<div class=\"ams-fifty__content l-stack l-stack-xl is-left is-left@lg\">\n\t\t\t<div class=\"ams-fifty__text l-stack l-stack-lg\">\n\t\t\t\t\t\n\t<h2\n\tclass=\"c-heading u-font-title-1 \"\n\tstyle=\"\">\n\t\t\n\t\t\t\t\tV\u00e5ra urvalskriterier\u00a0\n\t\t\t\t\n\t<\/h2>\n\n\t\t\t\t\t\t\t\t\t<div class=\"text l-stack u-font-body\">\n\t\t\t\t\t\t<p>Vi g\u00e5r efter f\u00f6ljande urvalskriterier i antagningen till v\u00e5r skola:<\/p>\n<h3 class=\"site__h-tag-3 site__text-color wp-block-heading\">1.\u00a0 \u00a0 \u00a0Organisatoriskt samband<\/h3>\n<p>Barn som redan g\u00e5r i Innovitaskolan Joriels f\u00f6rskoleklass har f\u00f6rtur till v\u00e5r \u00e5rskurs 1. Elever antas i inb\u00f6rdes ordning efter anm\u00e4lningsdatum. Detta inneb\u00e4r att bland alla som s\u00f6ker och redan g\u00e5r i v\u00e5r f\u00f6rskoleklass f\u00e5r de med l\u00e4ngst k\u00f6tid plats f\u00f6rst.<\/p>\n<h3 class=\"site__h-tag-3 site__text-color wp-block-heading\">2.\u00a0 \u00a0 \u00a0Anm\u00e4lningsdatum (k\u00f6datum)<\/h3>\n<p>V\u00e5rdnadshavare kan st\u00e4lla sina barn i k\u00f6 l\u00f6pande under \u00e5ret. Skolan till\u00e4mpar anm\u00e4lningsdatum som k\u00f6plats. Om v\u00e5rdnadshavare tackar nej till erbjuden plats f\u00f6rloras k\u00f6platsen.<\/p>\n\n\t\t\t\t\t<\/div>\n\t\t\t\t\t\t\t<\/div>\n\n\t\t\t\t\t<\/div>\n\n\t\t <div class=\"ams-fifty__media u-ratio-square\">\n\t\t \t\t\t\t\t<img decoding=\"async\" width=\"600\" height=\"600\" src=\"https:\/\/innovitaskolan.se\/wp-content\/uploads\/sites\/9\/2025\/11\/innovitaskolan-elev-joriel-202405-600x600.png\" class=\"attachment-md size-md\" alt=\"Elev p\u00e5 Innovitaskolan Joriel h\u00e5ller i ett papper.\" sizes=\"(min-width: 64em) 600px, calc(100vw - 160px)\" srcset=\"https:\/\/innovitaskolan.se\/wp-content\/uploads\/sites\/9\/2025\/11\/innovitaskolan-elev-joriel-202405-600x600.png 600w, https:\/\/innovitaskolan.se\/wp-content\/uploads\/sites\/9\/2025\/11\/innovitaskolan-elev-joriel-202405-150x150.png 150w, https:\/\/innovitaskolan.se\/wp-content\/uploads\/sites\/9\/2025\/11\/innovitaskolan-elev-joriel-202405-300x300.png 300w, https:\/\/innovitaskolan.se\/wp-content\/uploads\/sites\/9\/2025\/11\/innovitaskolan-elev-joriel-202405-400x400.png 400w, https:\/\/innovitaskolan.se\/wp-content\/uploads\/sites\/9\/2025\/11\/innovitaskolan-elev-joriel-202405.png 667w\" \/>\n\t\t\t\n\t\t\t\n\t\t\t\t\t<\/div>\n\t<\/div>\n\n\t\t\n\n<\/section>\n\n\n\n\t\n\t\n\t\n\n\t\n\t\n\t\t\n<section  class=\"c-block l-stacked  \" data-color-scheme=\"\">\n\t<div class=\"ams-fifty ams-fifty--container ams-fifty--left ams-fifty--bottom l-container u-pt-fluid-md-xl u-pb-fluid-md-xl\">\n\t\t<div class=\"ams-fifty__content l-stack l-stack-xl is-left is-left@lg\">\n\t\t\t<div class=\"ams-fifty__text l-stack l-stack-lg\">\n\t\t\t\t\t\n\t<h2\n\tclass=\"c-heading u-font-title-1 \"\n\tstyle=\"\">\n\t\t\n\t\t\t\t\tAntagningsprocessen till Innovitaskolan Joriel\n\t\t\t\t\n\t<\/h2>\n\n\t\t\t\t\t\t\t\t\t<div class=\"text l-stack u-font-body\">\n\t\t\t\t\t\t<p><!-- wp:heading --><\/p>\n<p>Vi tar emot elever l\u00f6pande under hela \u00e5ret, du kan ans\u00f6ka fr\u00e5n hela Stockholm med dess kringliggande kommuner. N\u00e4r du anm\u00e4lt ditt intresse tar vi kontakt med dig och bokar in ett bes\u00f6k.<\/p>\n<p>Om du inte f\u00e5r plats till \u00f6nskad \u00e5rskurs flyttas k\u00f6platsen \u00e5rligen upp till aktuell \u00e5rskurs, tills du sj\u00e4lv v\u00e4ljer att kliva ur k\u00f6n.<\/p>\n<h2 class=\"wp-block-heading\">St\u00e4ll ditt barn i k\u00f6<\/h2>\n<p>N\u00e4r du k\u00e4nner dig redo f\u00f6r att ans\u00f6ka till oss g\u00f6r du det genom att klicka dig vidare p\u00e5 knappen nedan och fylla i v\u00e5rt ans\u00f6kningsformul\u00e4r. Du kan ocks\u00e5 ta kontakt med oss via mail s\u00e5 hj\u00e4lper vi dig. Elever med r\u00f6relsehinder har f\u00f6rtur till v\u00e5r skola, ut\u00f6ver detta g\u00e4ller antal k\u00f6dagar. Vi \u00e5terkommer med erbjudande om plats, som du sedan f\u00e5r tacka ja till.<\/p>\n<p><!-- \/wp:paragraph --><\/p>\n\n\t\t\t\t\t<\/div>\n\t\t\t\t\t\t\t<\/div>\n\n\t\t\t\t<div class=\"ams-fifty__action u-inline-items\">\n\t\t\t\t\t\t\t\n\n\n<a href=\"https:\/\/innovitaskolan.se\/joriel\/koanmalan\/ \"\n\t\n\tclass=\"c-btn \"\n\tdata-style=\"round\"\n\tdata-size=\"md\"\n\tdata-width=\"full-mobile\"\n\tdata-variant=\"default\"\n\ttarget=\"_self\">\n\t\t\t<span class=\"label\"> St\u00e4ll ditt barn i k\u00f6<\/span>\n\t\t\t<\/a>\n\t\t\t<\/div>\n\t\t<\/div>\n\n\t\t <div class=\"ams-fifty__media u-ratio-square\">\n\t\t \t\t\t\t\t<img decoding=\"async\" width=\"600\" height=\"600\" src=\"https:\/\/innovitaskolan.se\/wp-content\/uploads\/sites\/9\/2025\/09\/innovitaskolan-pedagog-joriel-202405-3-600x600.png\" class=\"attachment-md size-md\" alt=\"L\u00e4rare och elev som skrattar.\" sizes=\"(min-width: 64em) 600px, calc(100vw - 160px)\" srcset=\"https:\/\/innovitaskolan.se\/wp-content\/uploads\/sites\/9\/2025\/09\/innovitaskolan-pedagog-joriel-202405-3-600x600.png 600w, https:\/\/innovitaskolan.se\/wp-content\/uploads\/sites\/9\/2025\/09\/innovitaskolan-pedagog-joriel-202405-3-150x150.png 150w, https:\/\/innovitaskolan.se\/wp-content\/uploads\/sites\/9\/2025\/09\/innovitaskolan-pedagog-joriel-202405-3-300x300.png 300w, https:\/\/innovitaskolan.se\/wp-content\/uploads\/sites\/9\/2025\/09\/innovitaskolan-pedagog-joriel-202405-3-400x400.png 400w, https:\/\/innovitaskolan.se\/wp-content\/uploads\/sites\/9\/2025\/09\/innovitaskolan-pedagog-joriel-202405-3.png 667w\" \/>\n\t\t\t\n\t\t\t\n\t\t\t\t\t<\/div>\n\t<\/div>\n\n\t\t\n\n<\/section>\n\n\n\n\n\n<section  class=\"ams-faq ams_event_module c-block l-stacked js-load-more\" data-color-scheme=\"primar2-hover-faq\" data-count=\"9\" data-count-mobile=\"2\">\n\t<div class=\"l-container l-stack l-stack-fluid-2xl u-pt-fluid-3xl-6xl u-pb-fluid-3xl-6xl is-center is-center@md\">\n\t\t\t\t\t<div class=\"ams-faq__intro l-stack l-stack-lg\">\n\t\t\t\t\t\n\t<h2\n\tclass=\"c-heading u-font-title-1 \"\n\tstyle=\"\">\n\t\t\n\t\t\t\t\tVanliga fr\u00e5gor om antagningen\n\t\t\t\t\n\t<\/h2>\n\n\t\t\t\t\t\t\t<\/div>\n\t\t\n\t\t\n\t\n\t    \n\t\n\t<ul\n\t\tid=\"ams-faq-list-69f378abc023c\"\n\t\tclass=\"ams-faq__ac ams-accordion_module c-accordion js-results \"\n\t\taria-label=\"Vanliga fr\u00e5gor\"\n\t\tdata-variant=\"border-between\"\n\t\tdata-ajax-action=\"log_faq_view\"\n\t\tdata-ajax-url=\"https:\/\/innovitaskolan.se\/joriel\/wp-admin\/admin-ajax.php\"\n\t\tdata-ajax-nonce=\"fab4ed7604\"\n\t\tdata-filter-animation=\"off\">\n\n\t\t\n\t\t\t\t\t\t\t\t\t\t\t\t\t\t\t\n\t\t\t\n\t\t\t<li data-ajax-id=\"349\" class=\"c-accordion__item \"\n\t\t\tdata-filter=\"antagningsprocessen kosystem lediga-platser april-2021\"\n\t\t\t>\n\t\t\t\t<h3 class=\"c-accordion__header\">\n\t\t\t\t\t\t\t\t\t\t<button class=\"c-accordion__trigger u-py-sm u-px-fluid-md-xl u-font-title-4\">\n\t\t\t\t\t\t<span>Hur ser skolans k\u00f6system ut?<\/span>\n\t\t\t\t\t\t<svg class=\"ams-icon ams-icon__arrow-down\" width=\"24\" height=\"24\" viewbox=\"0 0 24 24\" fill=\"currentColor\" aria-hidden=\"true\" xmlns=\"http:\/\/www.w3.org\/2000\/svg\">\n\t\t\t\t\t\t\t\t\t\t\t\t\t<path d=\"m11.2033 18.4294-10.872894-10.67584c-.440539-.42594-.440539-1.1147 0-1.54065l.665495-.64345c.440539-.42595 1.152899-.42595 1.593439 0l9.41066 9.27114 9.4107-9.26207c.4405-.42595 1.1529-.42595 1.5934 0l.6655.64345c.4405.42594.4405 1.1147 0 1.54065l-10.8729 10.67587c-.4405.4168-1.1529.4168-1.5934-.0091z\"\/>\n\t\t\t\t\t\n\t\t\t\t\t\t<\/svg>\n\t\t\t\t\t<\/button>\n\t\t\t\t<\/h3>\n\t\t\t\t<div class=\"c-accordion__body l-stack u-font-body\">\n\t\t\t\t\t<div class=\"c-accordion__body__inner u-p-fluid-md-xl l-stack\">\n\t\t\t\t\t\t<p>Elever med r\u00f6relsehinder har f\u00f6rtur till v\u00e5r skola. D\u00e4refter tar vi emot ans\u00f6kande efter antal k\u00f6dagar, det barn som d\u00e5 st\u00e5tt i k\u00f6 l\u00e4ngst i varje \u00e5ldersgrupp erbjuds plats f\u00f6rst. K\u00f6dagarna b\u00f6rjar r\u00e4knas fr\u00e5n den dag du g\u00f6r en k\u00f6anm\u00e4lan till oss.<\/p>\n\n\t\t\t\t\t<\/div>\n\t\t\t\t<\/div>\n\t\t\t<\/li>\n\t\t\n\t\t\t\t\t\t\t\t\t\t\t\t\t\t\t\n\t\t\t\n\t\t\t<li data-ajax-id=\"346\" class=\"c-accordion__item \"\n\t\t\tdata-filter=\"antagningsprocessen kosystem april-2021\"\n\t\t\t>\n\t\t\t\t<h3 class=\"c-accordion__header\">\n\t\t\t\t\t\t\t\t\t\t<button class=\"c-accordion__trigger u-py-sm u-px-fluid-md-xl u-font-title-4\">\n\t\t\t\t\t\t<span>N\u00e4r tar ni emot nya elever?<\/span>\n\t\t\t\t\t\t<svg class=\"ams-icon ams-icon__arrow-down\" width=\"24\" height=\"24\" viewbox=\"0 0 24 24\" fill=\"currentColor\" aria-hidden=\"true\" xmlns=\"http:\/\/www.w3.org\/2000\/svg\">\n\t\t\t\t\t\t\t\t\t\t\t\t\t<path d=\"m11.2033 18.4294-10.872894-10.67584c-.440539-.42594-.440539-1.1147 0-1.54065l.665495-.64345c.440539-.42595 1.152899-.42595 1.593439 0l9.41066 9.27114 9.4107-9.26207c.4405-.42595 1.1529-.42595 1.5934 0l.6655.64345c.4405.42594.4405 1.1147 0 1.54065l-10.8729 10.67587c-.4405.4168-1.1529.4168-1.5934-.0091z\"\/>\n\t\t\t\t\t\n\t\t\t\t\t\t<\/svg>\n\t\t\t\t\t<\/button>\n\t\t\t\t<\/h3>\n\t\t\t\t<div class=\"c-accordion__body l-stack u-font-body\">\n\t\t\t\t\t<div class=\"c-accordion__body__inner u-p-fluid-md-xl l-stack\">\n\t\t\t\t\t\t<p>Skolan har fortl\u00f6pande intagning. Planeringen startar ig\u00e5ng direkt efter \u00e5rsskiftet.<\/p>\n\n\t\t\t\t\t<\/div>\n\t\t\t\t<\/div>\n\t\t\t<\/li>\n\t\t\n\t\t\t\t\t\t\t\t\t\t\t\t\t\t\t\n\t\t\t\n\t\t\t<li data-ajax-id=\"345\" class=\"c-accordion__item \"\n\t\t\tdata-filter=\"antagningsprocessen kosystem april-2021\"\n\t\t\t>\n\t\t\t\t<h3 class=\"c-accordion__header\">\n\t\t\t\t\t\t\t\t\t\t<button class=\"c-accordion__trigger u-py-sm u-px-fluid-md-xl u-font-title-4\">\n\t\t\t\t\t\t<span>Till\u00e4mpar ni urval baserat p\u00e5 k\u00f6dagar?<\/span>\n\t\t\t\t\t\t<svg class=\"ams-icon ams-icon__arrow-down\" width=\"24\" height=\"24\" viewbox=\"0 0 24 24\" fill=\"currentColor\" aria-hidden=\"true\" xmlns=\"http:\/\/www.w3.org\/2000\/svg\">\n\t\t\t\t\t\t\t\t\t\t\t\t\t<path d=\"m11.2033 18.4294-10.872894-10.67584c-.440539-.42594-.440539-1.1147 0-1.54065l.665495-.64345c.440539-.42595 1.152899-.42595 1.593439 0l9.41066 9.27114 9.4107-9.26207c.4405-.42595 1.1529-.42595 1.5934 0l.6655.64345c.4405.42594.4405 1.1147 0 1.54065l-10.8729 10.67587c-.4405.4168-1.1529.4168-1.5934-.0091z\"\/>\n\t\t\t\t\t\n\t\t\t\t\t\t<\/svg>\n\t\t\t\t\t<\/button>\n\t\t\t\t<\/h3>\n\t\t\t\t<div class=\"c-accordion__body l-stack u-font-body\">\n\t\t\t\t\t<div class=\"c-accordion__body__inner u-p-fluid-md-xl l-stack\">\n\t\t\t\t\t\t<p>Ja, skolan g\u00e5r efter en rak tidsk\u00f6. Vi r\u00e4knar efter ans\u00f6kningsdatum d\u00e4r den elev som st\u00e5r i k\u00f6 l\u00e4ngst i varje \u00e5ldersgrupp erbjuds plats f\u00f6rst.<\/p>\n\n\t\t\t\t\t<\/div>\n\t\t\t\t<\/div>\n\t\t\t<\/li>\n\t\t\t<\/ul>\n\n\t<div class=\"no-results u-mt-0 u-hide\" data-filter-fallback-id=\"ams-faq-list-69f378abc023c\">\n\t<p>Det finns inga resultat som matchar din filtrering.<\/p>\n<\/div>\n\n\t\n\n\t\t\n\t\t\t<\/div>\n\n\t\t\n\n<\/section>\n\n\n\n<section \n\t\t class=\"\n\t\t ams-contact\n\t\t \n\t\t c-block l-stacked\n\t\t \n\t\t \n\t\t js-load-more\n\t\t \"\n\t\t data-color-scheme=\"kontakt-ljus\"\n\t\t\t\t\tdata-count=\"3\"\n\t\t\t\t\t\t\tdata-count-mobile=\"2\"\n\t\t\t\t>\n\t<div\n\t\t class=\"\n\t\t l-container\n\t\t l-stack l-stack-fluid-2xl\n\t\t u-pt-fluid-3xl-6xl\n\t\t u-pb-fluid-3xl-6xl\n\t\t is-center\n\t\t is-center@md\n\t\t \">\n\t\t\t\t\t<div class=\"ams-contact__intro l-stack l-stack-lg\">\n\t\t\t\t\t\n\t<h2\n\tclass=\"c-heading u-font-title-1 \"\n\tstyle=\"\">\n\t\t\n\t\t\t\t\tHar du fr\u00e5gor om antagnings&shy;processen?\n\t\t\t\t\n\t<\/h2>\n\n\t\t\t\t\t\t\t\t\t<div class=\"c-text l-stack u-cs-xl u-font-body\">\n\t\t\t\t\t\t<p>Kontakta g\u00e4rna v\u00e5r administration om du har n\u00e5gra fr\u00e5gor eller beh\u00f6ver hj\u00e4lp med antagningsprocessen.<\/p>\n\n\t\t\t\t\t<\/div>\n\t\t\t\t\t\t\t<\/div>\n\t\t\n\t\t\n\t\t    \t\n\t\t\n\t\t<ul\n\t\t\tid=\"contact-grid-69f378abce5cf\"\n\t\t\tclass=\"ams-contact__list l-grid u-gap-fluid-2xl-4xl u-justify-center js-results \"\n\t\t\taria-label=\"Kontakter\"\n\t\t\tdata-filter-animation=\"off\"\n\t\t\t>\n\t\t\t\t\t\t\t\t\t\t\t\n\t\t\t\t\n\t\t\t\t<li class=\"l-col-6@md l-col-4@lg \" data-filter=\"b\">\n\t\t\t\t\t<article class=\"c-card \" data-variant=\"neutral\">\n\t\t\t\t\t\t<div class=\"c-card__content u-text-center\">\n\t\t\t\t\t\t\t\t\t\t\t\t\t\t\t<h3 class=\"c-card__title u-font-title-3\">\n\t\t\t\t\t\t\t\t\tSofia Jarekrans\n\t\t\t\t\t\t\t\t<\/h3>\n\t\t\t\t\t\t\t\n\t\t\t\t\t\t\t\t\t\t\t\t\t\t\t<p class=\"position u-font-body\">Administrat\u00f6r<\/p>\n\t\t\t\t\t\t\t\n\t\t\t\t\t\t\t\t\t\t\t\t\t\t\t<div class=\"contact-info u-font-body\">\n\t\t\t\t\t\t\t\t\t\t\t\t\t\t\t\t\t\t\t\t\t\t\t\t\t\t\t\t\t\t<p class=\"phone\"><a\n\t\t\t\t\t\t\t\t\t\t\t\t\thref=\"tel:084646631\"\n\t\t\t\t\t\t\t\t\t\t\t\t\tclass=\"u-text-link\">08-464 66 31<\/a>\n\t\t\t\t\t\t\t\t\t\t\t<\/p>\n\t\t\t\t\t\t\t\t\t\t\t\t\t\t\t\t\t\t\t\n\t\t\t\t\t\t\t\t\t\t\t\t\t\t\t\t\t\t\t\t\t\t\t\t\t\t\t\t\t\t<p class=\"email\"><a\n\t\t\t\t\t\t\t\t\t\t\t\t\thref=\"&#109;a&#105;&#108;&#116;o&#058;&#106;&#111;&#114;iel&#064;i&#110;&#110;ovi&#116;a&#115;ko&#108;a&#110;&#046;&#115;&#101;\"\n\t\t\t\t\t\t\t\t\t\t\t\t\tclass=\"u-text-link\">&#106;&#111;&#114;&#105;el&#064;&#105;nnovitas&#107;&#111;la&#110;&#046;&#115;e<\/a>\n\t\t\t\t\t\t\t\t\t\t\t<\/p>\n\t\t\t\t\t\t\t\t\t\t\t\t\t\t\t\t\t\t\t\t\t\t\t\t\t\t\t<\/div>\n\t\t\t\t\t\t\t\n\t\t\t\t\t\t\t\t\t\t\t\t\t<\/div>\n\t\t\t\t\t\t<div class=\"c-card__media\">\n\t\t\t\t\t\t\t\t\t\t\t\t\t\t\t\t\t\t\t\t\t\t\t\t\t\t\t\t\t\t\t\t\t\t\t\t\t\t\t\t\t\t\t\t\t\t\t\t\t<img decoding=\"async\" width=\"400\" height=\"497\" src=\"https:\/\/innovitaskolan.se\/wp-content\/uploads\/sites\/9\/2021\/06\/skarmavbild-2024-09-18-kl-120725-400x497.png\" class=\"u-radius-rounded u-ratio-landscape card-image-mask-shape1 \" alt=\"Personportr\u00e4tt.\" sizes=\"(max-width: 300px) 100vw, 300px\" srcset=\"https:\/\/innovitaskolan.se\/wp-content\/uploads\/sites\/9\/2021\/06\/skarmavbild-2024-09-18-kl-120725-400x497.png 400w, https:\/\/innovitaskolan.se\/wp-content\/uploads\/sites\/9\/2021\/06\/skarmavbild-2024-09-18-kl-120725-300x373.png 300w, https:\/\/innovitaskolan.se\/wp-content\/uploads\/sites\/9\/2021\/06\/skarmavbild-2024-09-18-kl-120725-600x745.png 600w, https:\/\/innovitaskolan.se\/wp-content\/uploads\/sites\/9\/2021\/06\/skarmavbild-2024-09-18-kl-120725-800x993.png 800w, https:\/\/innovitaskolan.se\/wp-content\/uploads\/sites\/9\/2021\/06\/skarmavbild-2024-09-18-kl-120725.png 844w\" \/>\n\t\t\t\t\t\t<\/div>\n\t\t\t\t\t<\/article>\n\t\t\t\t<\/li>\n\t\t\t\t\t<\/ul>\n\n\t\t\n\t\t    <div class=\"ams-contact__more u-inline-items js-load-more-btn\">\n        <button href=\"#\"\n                class=\"c-btn\"\n                data-style=\"round\"\n                data-size=\"md\"\n                data-width=\"full-mobile\"\n                data-variant=\"outline\">\n        \tVisa mer\n        <\/button>\n    <\/div>\n\n\t\t\t<\/div>\n\n\t\t\n\n<\/section>\n","protected":false},"excerpt":{"rendered":"","protected":false},"author":1,"featured_media":0,"parent":0,"menu_order":40,"comment_status":"closed","ping_status":"closed","template":"","meta":{"footnotes":""},"yoast_head":"<!-- This site is optimized with the Yoast SEO plugin v22.0 - https:\/\/yoast.com\/wordpress\/plugins\/seo\/ -->\n<title>Innovitaskolan Joriel | Hur du ans\u00f6ker till oss<\/title>\n<meta name=\"description\" content=\"Hur ser antagningsprocessen ut p\u00e5 Innovitaskolan Joriel? Vi guidar dig steg f\u00f6r steg vid din ans\u00f6kan till v\u00e5r grundskola. L\u00e4s mer h\u00e4r!\" \/>\n<meta name=\"robots\" content=\"index, follow, max-snippet:-1, max-image-preview:large, max-video-preview:-1\" \/>\n<link rel=\"canonical\" href=\"https:\/\/innovitaskolan.se\/joriel\/antagning\/\" \/>\n<meta property=\"og:locale\" content=\"sv_SE\" \/>\n<meta property=\"og:type\" content=\"article\" \/>\n<meta property=\"og:title\" content=\"Innovitaskolan Joriel | Hur du ans\u00f6ker till oss\" \/>\n<meta property=\"og:description\" content=\"Hur ser antagningsprocessen ut p\u00e5 Innovitaskolan Joriel? Vi guidar dig steg f\u00f6r steg vid din ans\u00f6kan till v\u00e5r grundskola. L\u00e4s mer h\u00e4r!\" \/>\n<meta property=\"og:url\" content=\"https:\/\/innovitaskolan.se\/joriel\/antagning\/\" \/>\n<meta property=\"og:site_name\" content=\"Joriel\" \/>\n<meta property=\"article:modified_time\" content=\"2025-11-24T12:29:47+00:00\" \/>\n<meta name=\"twitter:card\" content=\"summary_large_image\" \/>\n<meta name=\"twitter:title\" content=\"Innovitaskolan Joriel | Hur du ans\u00f6ker till oss\" \/>\n<meta name=\"twitter:description\" content=\"Hur ser antagningsprocessen ut p\u00e5 Innovitaskolan Joriel? Vi guidar dig steg f\u00f6r steg vid din ans\u00f6kan till v\u00e5r grundskola. L\u00e4s mer h\u00e4r!\" \/>\n<meta name=\"twitter:label1\" content=\"Ber\u00e4knad l\u00e4stid\" \/>\n\t<meta name=\"twitter:data1\" content=\"3 minuter\" \/>\n<script type=\"application\/ld+json\" class=\"yoast-schema-graph\">{\"@context\":\"https:\/\/schema.org\",\"@graph\":[{\"@type\":\"WebPage\",\"@id\":\"https:\/\/innovitaskolan.se\/joriel\/antagning\/\",\"url\":\"https:\/\/innovitaskolan.se\/joriel\/antagning\/\",\"name\":\"Innovitaskolan Joriel | Hur du ans\u00f6ker till oss\",\"isPartOf\":{\"@id\":\"https:\/\/innovitaskolan.se\/joriel\/#website\"},\"datePublished\":\"2021-03-04T10:33:43+00:00\",\"dateModified\":\"2025-11-24T12:29:47+00:00\",\"description\":\"Hur ser antagningsprocessen ut p\u00e5 Innovitaskolan Joriel? Vi guidar dig steg f\u00f6r steg vid din ans\u00f6kan till v\u00e5r grundskola. L\u00e4s mer h\u00e4r!\",\"breadcrumb\":{\"@id\":\"https:\/\/innovitaskolan.se\/joriel\/antagning\/#breadcrumb\"},\"inLanguage\":\"sv-SE\",\"potentialAction\":[{\"@type\":\"ReadAction\",\"target\":[\"https:\/\/innovitaskolan.se\/joriel\/antagning\/\"]}]},{\"@type\":\"BreadcrumbList\",\"@id\":\"https:\/\/innovitaskolan.se\/joriel\/antagning\/#breadcrumb\",\"itemListElement\":[{\"@type\":\"ListItem\",\"position\":1,\"name\":\"Start\",\"item\":\"https:\/\/innovitaskolan.se\/joriel\/\"},{\"@type\":\"ListItem\",\"position\":2,\"name\":\"Antagningsprocess\"}]},{\"@type\":\"WebSite\",\"@id\":\"https:\/\/innovitaskolan.se\/joriel\/#website\",\"url\":\"https:\/\/innovitaskolan.se\/joriel\/\",\"name\":\"Joriel\",\"description\":\"En del av AcadeMedia\",\"potentialAction\":[{\"@type\":\"SearchAction\",\"target\":{\"@type\":\"EntryPoint\",\"urlTemplate\":\"https:\/\/innovitaskolan.se\/joriel\/?s={search_term_string}\"},\"query-input\":\"required name=search_term_string\"}],\"inLanguage\":\"sv-SE\"}]}<\/script>\n<!-- \/ Yoast SEO plugin. -->","yoast_head_json":{"title":"Innovitaskolan Joriel | Hur du ans\u00f6ker till oss","description":"Hur ser antagningsprocessen ut p\u00e5 Innovitaskolan Joriel? Vi guidar dig steg f\u00f6r steg vid din ans\u00f6kan till v\u00e5r grundskola. L\u00e4s mer h\u00e4r!","robots":{"index":"index","follow":"follow","max-snippet":"max-snippet:-1","max-image-preview":"max-image-preview:large","max-video-preview":"max-video-preview:-1"},"canonical":"https:\/\/innovitaskolan.se\/joriel\/antagning\/","og_locale":"sv_SE","og_type":"article","og_title":"Innovitaskolan Joriel | Hur du ans\u00f6ker till oss","og_description":"Hur ser antagningsprocessen ut p\u00e5 Innovitaskolan Joriel? Vi guidar dig steg f\u00f6r steg vid din ans\u00f6kan till v\u00e5r grundskola. L\u00e4s mer h\u00e4r!","og_url":"https:\/\/innovitaskolan.se\/joriel\/antagning\/","og_site_name":"Joriel","article_modified_time":"2025-11-24T12:29:47+00:00","twitter_card":"summary_large_image","twitter_title":"Innovitaskolan Joriel | Hur du ans\u00f6ker till oss","twitter_description":"Hur ser antagningsprocessen ut p\u00e5 Innovitaskolan Joriel? Vi guidar dig steg f\u00f6r steg vid din ans\u00f6kan till v\u00e5r grundskola. L\u00e4s mer h\u00e4r!","twitter_misc":{"Ber\u00e4knad l\u00e4stid":"3 minuter"},"schema":{"@context":"https:\/\/schema.org","@graph":[{"@type":"WebPage","@id":"https:\/\/innovitaskolan.se\/joriel\/antagning\/","url":"https:\/\/innovitaskolan.se\/joriel\/antagning\/","name":"Innovitaskolan Joriel | Hur du ans\u00f6ker till oss","isPartOf":{"@id":"https:\/\/innovitaskolan.se\/joriel\/#website"},"datePublished":"2021-03-04T10:33:43+00:00","dateModified":"2025-11-24T12:29:47+00:00","description":"Hur ser antagningsprocessen ut p\u00e5 Innovitaskolan Joriel? Vi guidar dig steg f\u00f6r steg vid din ans\u00f6kan till v\u00e5r grundskola. L\u00e4s mer h\u00e4r!","breadcrumb":{"@id":"https:\/\/innovitaskolan.se\/joriel\/antagning\/#breadcrumb"},"inLanguage":"sv-SE","potentialAction":[{"@type":"ReadAction","target":["https:\/\/innovitaskolan.se\/joriel\/antagning\/"]}]},{"@type":"BreadcrumbList","@id":"https:\/\/innovitaskolan.se\/joriel\/antagning\/#breadcrumb","itemListElement":[{"@type":"ListItem","position":1,"name":"Start","item":"https:\/\/innovitaskolan.se\/joriel\/"},{"@type":"ListItem","position":2,"name":"Antagningsprocess"}]},{"@type":"WebSite","@id":"https:\/\/innovitaskolan.se\/joriel\/#website","url":"https:\/\/innovitaskolan.se\/joriel\/","name":"Joriel","description":"En del av AcadeMedia","potentialAction":[{"@type":"SearchAction","target":{"@type":"EntryPoint","urlTemplate":"https:\/\/innovitaskolan.se\/joriel\/?s={search_term_string}"},"query-input":"required name=search_term_string"}],"inLanguage":"sv-SE"}]}},"_links":{"self":[{"href":"https:\/\/innovitaskolan.se\/joriel\/wp-json\/wp\/v2\/pages\/51"}],"collection":[{"href":"https:\/\/innovitaskolan.se\/joriel\/wp-json\/wp\/v2\/pages"}],"about":[{"href":"https:\/\/innovitaskolan.se\/joriel\/wp-json\/wp\/v2\/types\/page"}],"author":[{"embeddable":true,"href":"https:\/\/innovitaskolan.se\/joriel\/wp-json\/wp\/v2\/users\/1"}],"replies":[{"embeddable":true,"href":"https:\/\/innovitaskolan.se\/joriel\/wp-json\/wp\/v2\/comments?post=51"}],"version-history":[{"count":10,"href":"https:\/\/innovitaskolan.se\/joriel\/wp-json\/wp\/v2\/pages\/51\/revisions"}],"predecessor-version":[{"id":2507,"href":"https:\/\/innovitaskolan.se\/joriel\/wp-json\/wp\/v2\/pages\/51\/revisions\/2507"}],"wp:attachment":[{"href":"https:\/\/innovitaskolan.se\/joriel\/wp-json\/wp\/v2\/media?parent=51"}],"curies":[{"name":"wp","href":"https:\/\/api.w.org\/{rel}","templated":true}]}}