{"id":26,"date":"2021-03-04T11:29:56","date_gmt":"2021-03-04T10:29:56","guid":{"rendered":"https:\/\/innovitaskolan.se\/banerporten\/?page_id=26"},"modified":"2025-09-30T12:28:22","modified_gmt":"2025-09-30T10:28:22","slug":"fritidshem","status":"publish","type":"page","link":"https:\/\/innovitaskolan.se\/banerporten\/om\/fritidshem\/","title":{"rendered":"Fritids"},"content":{"rendered":"\n\t\n\t\n\t\n\n\t\n\t\n\t\t\n<section  class=\"c-block l-stacked  \" data-color-scheme=\"\">\n\t<div class=\"ams-fifty ams-fifty--container ams-fifty--right ams-fifty--bottom l-container u-pt-fluid-2xl-4xl u-pb-fluid-md-xl\">\n\t\t<div class=\"ams-fifty__content l-stack l-stack-xl is-left is-left@lg\">\n\t\t\t<div class=\"ams-fifty__text l-stack l-stack-lg\">\n\t\t\t\t\t\n\t<h1\n\tclass=\"c-heading u-font-title-1 \"\n\tstyle=\"\">\n\t\t\n\t\t\t\t\t\t\t\t\tFritids p\u00e5 Innovita\u00adskolan Ban\u00e9rporten\n\t\t\t\t<span class=\"c-heading__sub is-below u-font-title-3\">\n\t\t\t\t\tH\u00e4r f\u00e5r barn och elever utforska och v\u00e4xa genom ett verklighetsbaserat l\u00e4rande.\n\t\t\t\t<\/span>\n\t\t\t\t\t\t\t\n\t<\/h1>\n\n\t\t\t\t\t\t\t\t\t<div class=\"text l-stack u-font-body\">\n\t\t\t\t\t\t<p><!-- wp:heading --><\/p>\n<h2 class=\"wp-block-heading\">Ett fritidshem med aktiviteter f\u00f6r alla<\/h2>\n<p>Vi tar emot barn till fritids fr\u00e5n f\u00f6rskoleklass till \u00e5rskurs 3. F\u00f6r elever mellan \u00e5rskurs 4\u20136 har vi en fritidsklubb. Vi har en rad olika aktiviteter p\u00e5 v\u00e5rt fritids s\u00e5som r\u00f6relse, idrott, natur, skapande, drama, musik och lek. Personalen leder aktiviteterna i rymliga och v\u00e4lplanerade lokaler p\u00e5 Gyllenstiernsgatan p\u00e5 \u00d6stermalm.<\/p>\n<p><!-- \/wp:paragraph --> <!-- wp:heading --><\/p>\n<h2 class=\"wp-block-heading\">Individanpassat heldagsl\u00e4rande<\/h2>\n<p>Vi erbjuder barnen ett flertal aktiviteter med det lokala f\u00f6reningslivet. Detta ger oss m\u00f6jlighet att forma en verksamhet som utg\u00e5r fr\u00e5n barnens individuella behov. Vi ser att det gynnar b\u00e5de barn och v\u00e5rdnadshavare att eleverna i s\u00e5 stor utstr\u00e4ckning som m\u00f6jligt kan ut\u00f6va sina fritidssyssels\u00e4ttningar p\u00e5 tidig eftermiddag ist\u00e4llet f\u00f6r p\u00e5 kv\u00e4llstid.<\/p>\n<p><!-- \/wp:paragraph --><\/p>\n\n\t\t\t\t\t<\/div>\n\t\t\t\t\t\t\t<\/div>\n\n\t\t\t\t\t<\/div>\n\n\t\t <div class=\"ams-fifty__media u-ratio-square\">\n\t\t \t\t\t\t\t<img decoding=\"async\" width=\"600\" height=\"600\" src=\"https:\/\/innovitaskolan.se\/wp-content\/uploads\/sites\/3\/2025\/06\/innovitaskolanmolndal202405lagstadie-mellanstadie7webbform-600x600.png\" class=\"attachment-md size-md\" alt=\"Elev hjular utomhus och andra elever tittar p\u00e5 i gr\u00e4set.\" sizes=\"(min-width: 64em) 600px, calc(100vw - 160px)\" srcset=\"https:\/\/innovitaskolan.se\/wp-content\/uploads\/sites\/3\/2025\/06\/innovitaskolanmolndal202405lagstadie-mellanstadie7webbform-600x600.png 600w, https:\/\/innovitaskolan.se\/wp-content\/uploads\/sites\/3\/2025\/06\/innovitaskolanmolndal202405lagstadie-mellanstadie7webbform-150x150.png 150w, https:\/\/innovitaskolan.se\/wp-content\/uploads\/sites\/3\/2025\/06\/innovitaskolanmolndal202405lagstadie-mellanstadie7webbform-300x300.png 300w, https:\/\/innovitaskolan.se\/wp-content\/uploads\/sites\/3\/2025\/06\/innovitaskolanmolndal202405lagstadie-mellanstadie7webbform-400x400.png 400w, https:\/\/innovitaskolan.se\/wp-content\/uploads\/sites\/3\/2025\/06\/innovitaskolanmolndal202405lagstadie-mellanstadie7webbform.png 667w\" \/>\n\t\t\t\n\t\t\t\n\t\t\t\t\t<\/div>\n\t<\/div>\n\n\t\t\n\n<\/section>\n\n\n\n\t\n\t\n\t\n\n\t\n\t\n\t\t\n<section  class=\"c-block l-stacked  \" data-color-scheme=\"\">\n\t<div class=\"ams-fifty ams-fifty--container ams-fifty--left ams-fifty--bottom l-container u-pt-fluid-md-xl u-pb-fluid-md-xl\">\n\t\t<div class=\"ams-fifty__content l-stack l-stack-xl is-left is-left@lg\">\n\t\t\t<div class=\"ams-fifty__text l-stack l-stack-lg\">\n\t\t\t\t\n\t\t\t\t\t\t\t\t\t<div class=\"text l-stack u-font-body\">\n\t\t\t\t\t\t<p><!-- wp:heading --><\/p>\n<h2 class=\"wp-block-heading\"><!-- wp:heading --><\/h2>\n<h2 class=\"wp-block-heading\">Aktiviter att minnas med gl\u00e4dje<\/h2>\n<p>Vi har en fritidsklubb f\u00f6r eleverna i \u00e5rskurs 4\u20136 med basverksamhet och fortsatt m\u00f6jlighet att delta i f\u00f6reningsaktiviteter. M\u00e5let \u00e4r att alla barn ska l\u00e4mna v\u00e5rt fritidshem som trygga, l\u00e4rande och sj\u00e4lvst\u00e4ndiga individer med nyvunna fritidsintressen, och minnas sitt fritidshem med gl\u00e4dje.<\/p>\n<h2 class=\"wp-block-heading\">Verklighetsbaserat l\u00e4rande<\/h2>\n<p><span style=\"font-size: 1rem;\">V\u00e5rt fritids \u00e4r platsen d\u00e4r ny kunskap kommer till liv genom upplevelsebaserade, lustfyllda och utmanande aktiviteter. Hos oss f\u00e5r eleverna ta del av \u00e4mnes\u00f6vergripande temaarbeten tillsammans med organisationer och f\u00f6reningar.<\/span><\/p>\n<p><span style=\"font-size: 1rem;\">Genom att arbeta praktiskt skapas meningsfulla sammanhang d\u00e4r eleverna har inflytande \u00f6ver sin fritidstid. H\u00e4r uppmuntrar vi v\u00e5ra elever att f\u00f6rverkliga sina id\u00e9er.<\/span><\/p>\n<p><!-- \/wp:paragraph --><\/p>\n\n\t\t\t\t\t<\/div>\n\t\t\t\t\t\t\t<\/div>\n\n\t\t\t\t\t<\/div>\n\n\t\t <div class=\"ams-fifty__media u-ratio-square\">\n\t\t \t\t\t\t\t<img decoding=\"async\" width=\"600\" height=\"600\" src=\"https:\/\/innovitaskolan.se\/wp-content\/uploads\/sites\/3\/2025\/06\/innovitaskolanmolndal202405lagstadie-mellanstadie6webbform-600x600.png\" class=\"attachment-md size-md\" alt=\"Elever spelar schack utomhus.\" sizes=\"(min-width: 64em) 600px, calc(100vw - 160px)\" srcset=\"https:\/\/innovitaskolan.se\/wp-content\/uploads\/sites\/3\/2025\/06\/innovitaskolanmolndal202405lagstadie-mellanstadie6webbform-600x600.png 600w, https:\/\/innovitaskolan.se\/wp-content\/uploads\/sites\/3\/2025\/06\/innovitaskolanmolndal202405lagstadie-mellanstadie6webbform-150x150.png 150w, https:\/\/innovitaskolan.se\/wp-content\/uploads\/sites\/3\/2025\/06\/innovitaskolanmolndal202405lagstadie-mellanstadie6webbform-300x300.png 300w, https:\/\/innovitaskolan.se\/wp-content\/uploads\/sites\/3\/2025\/06\/innovitaskolanmolndal202405lagstadie-mellanstadie6webbform-400x400.png 400w, https:\/\/innovitaskolan.se\/wp-content\/uploads\/sites\/3\/2025\/06\/innovitaskolanmolndal202405lagstadie-mellanstadie6webbform.png 667w\" \/>\n\t\t\t\n\t\t\t\n\t\t\t\t\t<\/div>\n\t<\/div>\n\n\t\t\n\n<\/section>\n\n\n\n\t\n\t\n\t\n\n\t\n\t\n\t\t\n<section  class=\"c-block l-stacked  \" data-color-scheme=\"beige\">\n\t<div class=\"ams-fifty ams-fifty--container ams-fifty--right ams-fifty--bottom l-container u-pt-fluid-md-xl u-pb-fluid-md-xl\">\n\t\t<div class=\"ams-fifty__content l-stack l-stack-xl is-left is-left@lg\">\n\t\t\t<div class=\"ams-fifty__text l-stack l-stack-lg\">\n\t\t\t\t\t\n\t<h2\n\tclass=\"c-heading u-font-title-1 \"\n\tstyle=\"\">\n\t\t\n\t\t\t\t\tEn vanlig dag p\u00e5 v\u00e5rt fritids\n\t\t\t\t\n\t<\/h2>\n\n\t\t\t\t\t\t\t\t\t<div class=\"text l-stack u-font-body\">\n\t\t\t\t\t\t<h3 data-start=\"344\" data-end=\"390\">Dagar fyllda av r\u00f6relse och valm\u00f6jligheter<\/h3>\n<p data-start=\"392\" data-end=\"734\">Fritidsdagen startar ofta ute i h\u00e4rliga Gustav Adolfsparken, d\u00e4r barnen f\u00e5r r\u00f6ra p\u00e5 sig och leka. Efter mellanm\u00e5let, som kan avnjutas b\u00e5de inne och ute, drar ett rikt utbud av valbara f\u00f6reningsaktiviteter ig\u00e5ng. Det g\u00f6r att grupperna p\u00e5 avdelningarna h\u00e5lls mindre och ger alla barn m\u00f6jlighet att hitta n\u00e5got som passar just deras intressen.<\/p>\n<h3 data-start=\"741\" data-end=\"777\">Projekt, teman och barnens id\u00e9er<\/h3>\n<p data-start=\"779\" data-end=\"1057\">Vid cirka kl. 15 b\u00f6rjar den verksamhet som fritidspedagogerna sj\u00e4lva planerat. Den \u00e4r ofta projektinriktad och best\u00e5r av aktiviteter som bygger gemenskap. I planeringen v\u00e4vs g\u00e4rna skolans aktuella teman in, samtidigt som barnens egna id\u00e9er och nyfikenhet f\u00e5r styra inneh\u00e5llet.<\/p>\n\n\t\t\t\t\t<\/div>\n\t\t\t\t\t\t\t<\/div>\n\n\t\t\t\t\t<\/div>\n\n\t\t <div class=\"ams-fifty__media u-ratio-square\">\n\t\t \t\t\t\t\t<img decoding=\"async\" width=\"600\" height=\"600\" src=\"https:\/\/innovitaskolan.se\/wp-content\/uploads\/sites\/3\/2025\/07\/innovitaskolansegeltorp202305mellanstadie10webbform-600x600.png\" class=\"attachment-md size-md\" alt=\"Elever spelar basket p\u00e5 skolg\u00e5rden.\" sizes=\"(min-width: 64em) 600px, calc(100vw - 160px)\" srcset=\"https:\/\/innovitaskolan.se\/wp-content\/uploads\/sites\/3\/2025\/07\/innovitaskolansegeltorp202305mellanstadie10webbform-600x600.png 600w, https:\/\/innovitaskolan.se\/wp-content\/uploads\/sites\/3\/2025\/07\/innovitaskolansegeltorp202305mellanstadie10webbform-150x150.png 150w, https:\/\/innovitaskolan.se\/wp-content\/uploads\/sites\/3\/2025\/07\/innovitaskolansegeltorp202305mellanstadie10webbform-300x300.png 300w, https:\/\/innovitaskolan.se\/wp-content\/uploads\/sites\/3\/2025\/07\/innovitaskolansegeltorp202305mellanstadie10webbform-400x400.png 400w, https:\/\/innovitaskolan.se\/wp-content\/uploads\/sites\/3\/2025\/07\/innovitaskolansegeltorp202305mellanstadie10webbform.png 667w\" \/>\n\t\t\t\n\t\t\t\n\t\t\t\t\t<\/div>\n\t<\/div>\n\n\t\t\n\n<\/section>\n\n\n\n\t<div class=\"module_wrapper ams_remote_pages_module \">\n\t\t\n<div class=\"module_wrapper ams_background_module  site__secondary-bg--8   site__text-color--dark  cp-120\" >\n<div class=\"container_width--full_width_conIcon\">\n\t\n\n<div class=\"wp-block-columns is-layout-flex wp-container-core-columns-layout-1 wp-block-columns-is-layout-flex\">\n<div class=\"wp-block-column is-layout-flow wp-block-column-is-layout-flow\" style=\"flex-basis:25%\"><\/div>\n\n\n\n<div class=\"wp-block-column is-layout-flow wp-block-column-is-layout-flow\" style=\"flex-basis:50%\">\n\n<section  class=\"ams-timeline c-block l-stacked\" data-color-scheme=\"timeline-beige\">\n\t<div class=\"l-container l-stack l-stack-fluid-2xl u-pt-fluid-Ingen u-pb-fluid-Ingen is-center is-center@md\">\n\t\t\t\t\t<div class=\"ams-timeline__intro l-stack l-stack-lg\">\n\t\t\t\t\t\n\t<h2\n\tclass=\"c-heading u-font-title-1 \"\n\tstyle=\"\">\n\t\t\n\t\t\t\t\t3 tips p\u00e5 hur man b\u00f6r agera kring rast&shy;verksamheten\n\t\t\t\t\n\t<\/h2>\n\n\t\t\t\t\t\t\t<\/div>\n\t\t\n\t\t\t\t\t\n<ol class=\"c-steps\" data-variant=\"vertical\" data-size=\"md\" data-columns=\"1\">\n\t\t\t<li class=\"c-steps__item\"\n\t\t\t\n\t\t>\n\t\t\t<div class=\"c-steps__circle u-radius-round\">\n\t\t\t\t\t\t\t\t\t<img decoding=\"async\" src=\"https:\/\/innovitaskolan.se\/wp-content\/uploads\/2021\/05\/innovitaskolanikonsiffra1beige.svg\" class=\"\" alt=\"Siffran 1.\" height=\"176\" width=\"77\" \/>\n\t\t\t\t\t\t\t<\/div>\n\n\t\t\t\t\t\t\t<div class=\"c-steps__content l-stack-xs\">\n\t\t\t\t\t\t\t\t\t\t\t<h3 class=\"c-steps__title u-font-title-3\">\n\t\t\t\t\t\t\t\t\t\t\t\t\t\t\tVisa intresse och nyfikenhet\n\t\t\t\t\t\t\t\t\t\t\t\t\t<\/h3>\n\t\t\t\t\t\n\t\t\t\t\t\t\t\t\t\t\t<div class=\"c-steps__text l-stack-sm u-font-body\">\n\t\t\t\t\t\t\t<p>Som v\u00e5rdnadshavare kan du st\u00e4lla fr\u00e5gor till ditt barn kring hela skoldagen. Uttryck intresse och nyfikenhet f\u00f6r rast och fritidsverksamheten. Det st\u00e4rker barnets bild av en balanserad skoldag och att fysiska, psykiska och sociala h\u00e4lsan v\u00e4rderas lika.<\/p>\n\n\t\t\t\t\t\t<\/div>\n\t\t\t\t\t\t\t\t\t<\/div>\n\t\t\t\t\t<\/li>\n\t\t\t<li class=\"c-steps__item\"\n\t\t\t\n\t\t>\n\t\t\t<div class=\"c-steps__circle u-radius-round\">\n\t\t\t\t\t\t\t\t\t<img decoding=\"async\" src=\"https:\/\/innovitaskolan.se\/wp-content\/uploads\/2021\/05\/innovitaskolanikonsiffra2beige.svg\" class=\"\" alt=\"Siffran 2.\" height=\"176\" width=\"128\" \/>\n\t\t\t\t\t\t\t<\/div>\n\n\t\t\t\t\t\t\t<div class=\"c-steps__content l-stack-xs\">\n\t\t\t\t\t\t\t\t\t\t\t<h3 class=\"c-steps__title u-font-title-3\">\n\t\t\t\t\t\t\t\t\t\t\t\t\t\t\tKl\u00e4der efter v\u00e4der\n\t\t\t\t\t\t\t\t\t\t\t\t\t<\/h3>\n\t\t\t\t\t\n\t\t\t\t\t\t\t\t\t\t\t<div class=\"c-steps__text l-stack-sm u-font-body\">\n\t\t\t\t\t\t\t<p>Kl\u00e4der som \u00e4r anpassade efter v\u00e4dret och som t\u00e5l att lekas i bidrar till ditt barns v\u00e4lbefinnande och m\u00f6jligg\u00f6r utveckling. Att enkelt kunna f\u00e5 p\u00e5 sig r\u00e4tt kl\u00e4der som t\u00e5l v\u00e4dret bidrar till att barnet kommer ut p\u00e5 rasten. Det skapar mer tid f\u00f6r lek och r\u00f6relse och mindre tid f\u00f6r tr\u00e4ngsel i kapprum.<\/p>\n\n\t\t\t\t\t\t<\/div>\n\t\t\t\t\t\t\t\t\t<\/div>\n\t\t\t\t\t<\/li>\n\t\t\t<li class=\"c-steps__item\"\n\t\t\t\n\t\t>\n\t\t\t<div class=\"c-steps__circle u-radius-round\">\n\t\t\t\t\t\t\t\t\t<img decoding=\"async\" src=\"https:\/\/innovitaskolan.se\/wp-content\/uploads\/2021\/05\/innovitaskolanikonsiffra3beige.svg\" class=\"\" alt=\"Siffran 3.\" height=\"176\" width=\"114\" \/>\n\t\t\t\t\t\t\t<\/div>\n\n\t\t\t\t\t\t\t<div class=\"c-steps__content l-stack-xs\">\n\t\t\t\t\t\t\t\t\t\t\t<h3 class=\"c-steps__title u-font-title-3\">\n\t\t\t\t\t\t\t\t\t\t\t\t\t\t\tSamverka med personalen\n\t\t\t\t\t\t\t\t\t\t\t\t\t<\/h3>\n\t\t\t\t\t\n\t\t\t\t\t\t\t\t\t\t\t<div class=\"c-steps__text l-stack-sm u-font-body\">\n\t\t\t\t\t\t\t<p>Genom att dela med dig av din bild och ditt barns upplevelser av rast- och fritidsverksamheten bidrar du till att pedagogerna f\u00e5r en samlad bild av barnet och dess upplevelser. Det ger de b\u00e4sta f\u00f6ruts\u00e4ttningarna f\u00f6r fortsatt utveckling och l\u00e4rande!<\/p>\n\n\t\t\t\t\t\t<\/div>\n\t\t\t\t\t\t\t\t\t<\/div>\n\t\t\t\t\t<\/li>\n\t<\/ol>\n\t\n\t\t\t<\/div>\n\n\t\t\n\n<\/section>\n<\/div>\n\n\n\n<div class=\"wp-block-column is-layout-flow wp-block-column-is-layout-flow\" style=\"flex-basis:25%\"><\/div>\n<\/div>\n\n\n\n\t\t\t\t\t\t\t\t\t\t\t\t\t<\/div>\n<\/div>\n\t<\/div>\n\n\t\n\n\n<section \n\t\t class=\"\n\t\t ams-contact\n\t\t \n\t\t c-block l-stacked\n\t\t \n\t\t \n\t\t js-load-more\n\t\t \"\n\t\t data-color-scheme=\"nyans2_av_p2-hover-standard\"\n\t\t\t\t\tdata-count=\"3\"\n\t\t\t\t\t\t\tdata-count-mobile=\"2\"\n\t\t\t\t>\n\t<div\n\t\t class=\"\n\t\t l-container\n\t\t l-stack l-stack-fluid-2xl\n\t\t u-pt-fluid-2xl-4xl\n\t\t u-pb-fluid-2xl-4xl\n\t\t is-center\n\t\t is-center@md\n\t\t \">\n\t\t\t\t\t<div class=\"ams-contact__intro l-stack l-stack-lg\">\n\t\t\t\t\t\n\t<h2\n\tclass=\"c-heading u-font-title-1 \"\n\tstyle=\"\">\n\t\t\n\t\t\t\t\tHar du fr\u00e5gor om v\u00e5rt fritids?\n\t\t\t\t\n\t<\/h2>\n\n\t\t\t\t\t\t\t\t\t<div class=\"c-text l-stack u-cs-xl u-font-body\">\n\t\t\t\t\t\t<p>Kontakta g\u00e4rna oss ifall du har fr\u00e5gor eller vill ha hj\u00e4lp att s\u00f6ka till v\u00e5rt fritids.<\/p>\n\n\t\t\t\t\t<\/div>\n\t\t\t\t\t\t\t<\/div>\n\t\t\n\t\t\n\t\t    \t\n\t\t\n\t\t<ul\n\t\t\tid=\"contact-grid-69f59c2e6c7df\"\n\t\t\tclass=\"ams-contact__list l-grid u-gap-fluid-2xl-4xl u-justify-center js-results \"\n\t\t\taria-label=\"Kontakter\"\n\t\t\tdata-filter-animation=\"off\"\n\t\t\t>\n\t\t\t\t\t\t\t\t\t\t\t\n\t\t\t\t\n\t\t\t\t<li class=\"l-col-6@md l-col-4@lg \" data-filter=\"b d koanmalan\">\n\t\t\t\t\t<article class=\"c-card \" data-variant=\"neutral\">\n\t\t\t\t\t\t<div class=\"c-card__content u-text-center\">\n\t\t\t\t\t\t\t\t\t\t\t\t\t\t\t<h3 class=\"c-card__title u-font-title-3\">\n\t\t\t\t\t\t\t\t\tBj\u00f6rn Persson\n\t\t\t\t\t\t\t\t<\/h3>\n\t\t\t\t\t\t\t\n\t\t\t\t\t\t\t\t\t\t\t\t\t\t\t<p class=\"position u-font-body\">Administrat\u00f6r och fritidshemsansvarig<\/p>\n\t\t\t\t\t\t\t\n\t\t\t\t\t\t\t\t\t\t\t\t\t\t\t<div class=\"contact-info u-font-body\">\n\t\t\t\t\t\t\t\t\t\t\t\t\t\t\t\t\t\t\t\t\t\t\t\t\t\t\t\t\t\t<p class=\"phone\"><a\n\t\t\t\t\t\t\t\t\t\t\t\t\thref=\"tel:0850531122\"\n\t\t\t\t\t\t\t\t\t\t\t\t\tclass=\"u-text-link\">08-505 311 22<\/a>\n\t\t\t\t\t\t\t\t\t\t\t<\/p>\n\t\t\t\t\t\t\t\t\t\t\t\t\t\t\t\t\t\t\t\n\t\t\t\t\t\t\t\t\t\t\t\t\t\t\t\t\t\t\t\t\t\t\t\t\t\t\t\t\t\t<p class=\"email\"><a\n\t\t\t\t\t\t\t\t\t\t\t\t\thref=\"ma&#105;&#108;&#116;o&#058;ba&#110;&#101;rp&#111;r&#116;en&#064;in&#110;ovitas&#107;&#111;lan.&#115;&#101;\"\n\t\t\t\t\t\t\t\t\t\t\t\t\tclass=\"u-text-link\">ba&#110;&#101;rp&#111;&#114;&#116;&#101;&#110;&#064;i&#110;novita&#115;k&#111;&#108;&#097;n.se<\/a>\n\t\t\t\t\t\t\t\t\t\t\t<\/p>\n\t\t\t\t\t\t\t\t\t\t\t\t\t\t\t\t\t\t\t\t\t\t\t\t\t\t\t<\/div>\n\t\t\t\t\t\t\t\n\t\t\t\t\t\t\t\t\t\t\t\t\t<\/div>\n\t\t\t\t\t\t<div class=\"c-card__media\">\n\t\t\t\t\t\t\t\t\t\t\t\t\t\t\t\t\t\t\t\t\t\t\t\t\t\t\t\t\t\t\t\t\t\t\t\t\t\t\t\t\t\t\t\t\t\t\t\t\t<img decoding=\"async\" width=\"400\" height=\"533\" src=\"https:\/\/innovitaskolan.se\/wp-content\/uploads\/sites\/3\/2021\/06\/img0537-400x533.jpg\" class=\"u-radius-rounded u-ratio-landscape card-image-mask-shape4 \" alt=\"Personportr\u00e4tt\" sizes=\"(max-width: 300px) 100vw, 300px\" srcset=\"https:\/\/innovitaskolan.se\/wp-content\/uploads\/sites\/3\/2021\/06\/img0537-400x533.jpg 400w, https:\/\/innovitaskolan.se\/wp-content\/uploads\/sites\/3\/2021\/06\/img0537-300x400.jpg 300w, https:\/\/innovitaskolan.se\/wp-content\/uploads\/sites\/3\/2021\/06\/img0537-600x800.jpg 600w, https:\/\/innovitaskolan.se\/wp-content\/uploads\/sites\/3\/2021\/06\/img0537-800x1067.jpg 800w, https:\/\/innovitaskolan.se\/wp-content\/uploads\/sites\/3\/2021\/06\/img0537-1024x1365.jpg 1024w, https:\/\/innovitaskolan.se\/wp-content\/uploads\/sites\/3\/2021\/06\/img0537.jpg 1158w\" \/>\n\t\t\t\t\t\t<\/div>\n\t\t\t\t\t<\/article>\n\t\t\t\t<\/li>\n\t\t\t\t\t<\/ul>\n\n\t\t\n\t\t    <div class=\"ams-contact__more u-inline-items js-load-more-btn\">\n        <button href=\"#\"\n                class=\"c-btn\"\n                data-style=\"round\"\n                data-size=\"md\"\n                data-width=\"full-mobile\"\n                data-variant=\"outline\">\n        \tVisa mer\n        <\/button>\n    <\/div>\n\n\t\t\t<\/div>\n\n\t\t\n\n<\/section>\n\n\n<div   id=\"page-relative-menu\" class=\"site__font-monospace   container_width--full_width_conIcon   d-lg-none  \">\n\n\t\t\t\n<\/div>\n","protected":false},"excerpt":{"rendered":"","protected":false},"author":2,"featured_media":0,"parent":20,"menu_order":0,"comment_status":"closed","ping_status":"closed","template":"","meta":{"footnotes":""},"yoast_head":"<!-- This site is optimized with the Yoast SEO plugin v22.0 - https:\/\/yoast.com\/wordpress\/plugins\/seo\/ -->\n<title>V\u00e5rt fritids | Innovitaskolan Ban\u00e9rporten | Om skolan<\/title>\n<meta name=\"description\" content=\"P\u00e5 Innovitaskolan Ban\u00e9rportens fritids jobbar vi med ett heldagsl\u00e4rande, genom aktiviteter som stimulerar b\u00e5de kropp och hj\u00e4rna.\" \/>\n<meta name=\"robots\" content=\"index, follow, max-snippet:-1, max-image-preview:large, max-video-preview:-1\" \/>\n<link rel=\"canonical\" href=\"https:\/\/innovitaskolan.se\/banerporten\/om\/fritidshem\/\" \/>\n<meta property=\"og:locale\" content=\"sv_SE\" \/>\n<meta property=\"og:type\" content=\"article\" \/>\n<meta property=\"og:title\" content=\"V\u00e5rt fritids | Innovitaskolan Ban\u00e9rporten | Om skolan\" \/>\n<meta property=\"og:description\" content=\"P\u00e5 Innovitaskolan Ban\u00e9rportens fritids jobbar vi med ett heldagsl\u00e4rande, genom aktiviteter som stimulerar b\u00e5de kropp och hj\u00e4rna.\" \/>\n<meta property=\"og:url\" content=\"https:\/\/innovitaskolan.se\/banerporten\/om\/fritidshem\/\" \/>\n<meta property=\"og:site_name\" content=\"Ban\u00e9rporten\" \/>\n<meta property=\"article:modified_time\" content=\"2025-09-30T10:28:22+00:00\" \/>\n<meta name=\"twitter:card\" content=\"summary_large_image\" \/>\n<meta name=\"twitter:title\" content=\"V\u00e5rt fritids | Innovitaskolan Ban\u00e9rporten | Om skolan\" \/>\n<meta name=\"twitter:description\" content=\"P\u00e5 Innovitaskolan Ban\u00e9rportens fritids jobbar vi med ett heldagsl\u00e4rande, genom aktiviteter som stimulerar b\u00e5de kropp och hj\u00e4rna.\" \/>\n<meta name=\"twitter:label1\" content=\"Ber\u00e4knad l\u00e4stid\" \/>\n\t<meta name=\"twitter:data1\" content=\"3 minuter\" \/>\n<script type=\"application\/ld+json\" class=\"yoast-schema-graph\">{\"@context\":\"https:\/\/schema.org\",\"@graph\":[{\"@type\":\"WebPage\",\"@id\":\"https:\/\/innovitaskolan.se\/banerporten\/om\/fritidshem\/\",\"url\":\"https:\/\/innovitaskolan.se\/banerporten\/om\/fritidshem\/\",\"name\":\"V\u00e5rt fritids | Innovitaskolan Ban\u00e9rporten | Om skolan\",\"isPartOf\":{\"@id\":\"https:\/\/innovitaskolan.se\/banerporten\/#website\"},\"datePublished\":\"2021-03-04T10:29:56+00:00\",\"dateModified\":\"2025-09-30T10:28:22+00:00\",\"description\":\"P\u00e5 Innovitaskolan Ban\u00e9rportens fritids jobbar vi med ett heldagsl\u00e4rande, genom aktiviteter som stimulerar b\u00e5de kropp och hj\u00e4rna.\",\"breadcrumb\":{\"@id\":\"https:\/\/innovitaskolan.se\/banerporten\/om\/fritidshem\/#breadcrumb\"},\"inLanguage\":\"sv-SE\",\"potentialAction\":[{\"@type\":\"ReadAction\",\"target\":[\"https:\/\/innovitaskolan.se\/banerporten\/om\/fritidshem\/\"]}]},{\"@type\":\"BreadcrumbList\",\"@id\":\"https:\/\/innovitaskolan.se\/banerporten\/om\/fritidshem\/#breadcrumb\",\"itemListElement\":[{\"@type\":\"ListItem\",\"position\":1,\"name\":\"Start\",\"item\":\"https:\/\/innovitaskolan.se\/banerporten\/\"},{\"@type\":\"ListItem\",\"position\":2,\"name\":\"Om oss\",\"item\":\"https:\/\/innovitaskolan.se\/banerporten\/om\/\"},{\"@type\":\"ListItem\",\"position\":3,\"name\":\"Fritids\"}]},{\"@type\":\"WebSite\",\"@id\":\"https:\/\/innovitaskolan.se\/banerporten\/#website\",\"url\":\"https:\/\/innovitaskolan.se\/banerporten\/\",\"name\":\"Ban\u00e9rporten\",\"description\":\"En del av AcadeMedia\",\"potentialAction\":[{\"@type\":\"SearchAction\",\"target\":{\"@type\":\"EntryPoint\",\"urlTemplate\":\"https:\/\/innovitaskolan.se\/banerporten\/?s={search_term_string}\"},\"query-input\":\"required name=search_term_string\"}],\"inLanguage\":\"sv-SE\"}]}<\/script>\n<!-- \/ Yoast SEO plugin. -->","yoast_head_json":{"title":"V\u00e5rt fritids | Innovitaskolan Ban\u00e9rporten | Om skolan","description":"P\u00e5 Innovitaskolan Ban\u00e9rportens fritids jobbar vi med ett heldagsl\u00e4rande, genom aktiviteter som stimulerar b\u00e5de kropp och hj\u00e4rna.","robots":{"index":"index","follow":"follow","max-snippet":"max-snippet:-1","max-image-preview":"max-image-preview:large","max-video-preview":"max-video-preview:-1"},"canonical":"https:\/\/innovitaskolan.se\/banerporten\/om\/fritidshem\/","og_locale":"sv_SE","og_type":"article","og_title":"V\u00e5rt fritids | Innovitaskolan Ban\u00e9rporten | Om skolan","og_description":"P\u00e5 Innovitaskolan Ban\u00e9rportens fritids jobbar vi med ett heldagsl\u00e4rande, genom aktiviteter som stimulerar b\u00e5de kropp och hj\u00e4rna.","og_url":"https:\/\/innovitaskolan.se\/banerporten\/om\/fritidshem\/","og_site_name":"Ban\u00e9rporten","article_modified_time":"2025-09-30T10:28:22+00:00","twitter_card":"summary_large_image","twitter_title":"V\u00e5rt fritids | Innovitaskolan Ban\u00e9rporten | Om skolan","twitter_description":"P\u00e5 Innovitaskolan Ban\u00e9rportens fritids jobbar vi med ett heldagsl\u00e4rande, genom aktiviteter som stimulerar b\u00e5de kropp och hj\u00e4rna.","twitter_misc":{"Ber\u00e4knad l\u00e4stid":"3 minuter"},"schema":{"@context":"https:\/\/schema.org","@graph":[{"@type":"WebPage","@id":"https:\/\/innovitaskolan.se\/banerporten\/om\/fritidshem\/","url":"https:\/\/innovitaskolan.se\/banerporten\/om\/fritidshem\/","name":"V\u00e5rt fritids | Innovitaskolan Ban\u00e9rporten | Om skolan","isPartOf":{"@id":"https:\/\/innovitaskolan.se\/banerporten\/#website"},"datePublished":"2021-03-04T10:29:56+00:00","dateModified":"2025-09-30T10:28:22+00:00","description":"P\u00e5 Innovitaskolan Ban\u00e9rportens fritids jobbar vi med ett heldagsl\u00e4rande, genom aktiviteter som stimulerar b\u00e5de kropp och hj\u00e4rna.","breadcrumb":{"@id":"https:\/\/innovitaskolan.se\/banerporten\/om\/fritidshem\/#breadcrumb"},"inLanguage":"sv-SE","potentialAction":[{"@type":"ReadAction","target":["https:\/\/innovitaskolan.se\/banerporten\/om\/fritidshem\/"]}]},{"@type":"BreadcrumbList","@id":"https:\/\/innovitaskolan.se\/banerporten\/om\/fritidshem\/#breadcrumb","itemListElement":[{"@type":"ListItem","position":1,"name":"Start","item":"https:\/\/innovitaskolan.se\/banerporten\/"},{"@type":"ListItem","position":2,"name":"Om oss","item":"https:\/\/innovitaskolan.se\/banerporten\/om\/"},{"@type":"ListItem","position":3,"name":"Fritids"}]},{"@type":"WebSite","@id":"https:\/\/innovitaskolan.se\/banerporten\/#website","url":"https:\/\/innovitaskolan.se\/banerporten\/","name":"Ban\u00e9rporten","description":"En del av AcadeMedia","potentialAction":[{"@type":"SearchAction","target":{"@type":"EntryPoint","urlTemplate":"https:\/\/innovitaskolan.se\/banerporten\/?s={search_term_string}"},"query-input":"required name=search_term_string"}],"inLanguage":"sv-SE"}]}},"_links":{"self":[{"href":"https:\/\/innovitaskolan.se\/banerporten\/wp-json\/wp\/v2\/pages\/26"}],"collection":[{"href":"https:\/\/innovitaskolan.se\/banerporten\/wp-json\/wp\/v2\/pages"}],"about":[{"href":"https:\/\/innovitaskolan.se\/banerporten\/wp-json\/wp\/v2\/types\/page"}],"author":[{"embeddable":true,"href":"https:\/\/innovitaskolan.se\/banerporten\/wp-json\/wp\/v2\/users\/2"}],"replies":[{"embeddable":true,"href":"https:\/\/innovitaskolan.se\/banerporten\/wp-json\/wp\/v2\/comments?post=26"}],"version-history":[{"count":9,"href":"https:\/\/innovitaskolan.se\/banerporten\/wp-json\/wp\/v2\/pages\/26\/revisions"}],"predecessor-version":[{"id":3357,"href":"https:\/\/innovitaskolan.se\/banerporten\/wp-json\/wp\/v2\/pages\/26\/revisions\/3357"}],"up":[{"embeddable":true,"href":"https:\/\/innovitaskolan.se\/banerporten\/wp-json\/wp\/v2\/pages\/20"}],"wp:attachment":[{"href":"https:\/\/innovitaskolan.se\/banerporten\/wp-json\/wp\/v2\/media?parent=26"}],"curies":[{"name":"wp","href":"https:\/\/api.w.org\/{rel}","templated":true}]}}